{"id":1162,"date":"2020-04-23T15:01:35","date_gmt":"2020-04-23T13:01:35","guid":{"rendered":"http:\/\/ludgerusschule-herten.de\/?page_id=1162"},"modified":"2025-10-01T12:06:31","modified_gmt":"2025-10-01T10:06:31","slug":"ludgerusleben","status":"publish","type":"page","link":"https:\/\/ludgerusschule-herten.de\/?page_id=1162","title":{"rendered":"Lud\u00adge\u00adrus\u00adle\u00adben"},"content":{"rendered":"<div id=\"pl-1162\" class=\"panel-layout\"><div id=\"pg-1162-0\" class=\"panel-grid panel-no-style\"><div id=\"pgc-1162-0-0\" class=\"panel-grid-cell\"><div id=\"panel-1162-0-0-0\" class=\"so-panel widget widget_text panel-first-child panel-last-child\" data-index=\"0\">\t\t\t<div class=\"textwidget\"><p>Lie\u00adbe El\u00adtern, an die\u00adser Stel\u00adle er\u00adhal\u00adten Sie ei\u00adnen Ein\u00adblick in un\u00adser Lud\u00adge\u00adrus\u00adle\u00adben, an dem wir Sie ger\u00adne re\u00adgel\u00adm\u00e4\u00ad\u00dfig teil\u00adha\u00adben lassen.<\/p>\n<hr>\n<\/div>\n\t\t<\/div><\/div><\/div><div id=\"pg-1162-1\" class=\"panel-grid panel-no-style\"><div id=\"pgc-1162-1-0\" class=\"panel-grid-cell\"><div id=\"panel-1162-1-0-0\" class=\"so-panel widget widget_media_image panel-first-child panel-last-child\" data-index=\"1\"><img width=\"300\" height=\"200\" src=\"https:\/\/ludgerusschule-herten.de\/wp-content\/uploads\/2021\/08\/back-to-school-2629361_1920-300x200.jpg\" class=\"image wp-image-3599  attachment-medium size-medium\" alt decoding=\"async\" loading=\"lazy\" style=\"max-width: 100%; height: auto;\" srcset=\"https:\/\/ludgerusschule-herten.de\/wp-content\/uploads\/2021\/08\/back-to-school-2629361_1920-300x200.jpg 300w, https:\/\/ludgerusschule-herten.de\/wp-content\/uploads\/2021\/08\/back-to-school-2629361_1920-1024x683.jpg 1024w, https:\/\/ludgerusschule-herten.de\/wp-content\/uploads\/2021\/08\/back-to-school-2629361_1920-768x512.jpg 768w, https:\/\/ludgerusschule-herten.de\/wp-content\/uploads\/2021\/08\/back-to-school-2629361_1920-391x260.jpg 391w, https:\/\/ludgerusschule-herten.de\/wp-content\/uploads\/2021\/08\/back-to-school-2629361_1920-600x400.jpg 600w, https:\/\/ludgerusschule-herten.de\/wp-content\/uploads\/2021\/08\/back-to-school-2629361_1920-1536x1024.jpg 1536w, https:\/\/ludgerusschule-herten.de\/wp-content\/uploads\/2021\/08\/back-to-school-2629361_1920-272x182.jpg 272w, https:\/\/ludgerusschule-herten.de\/wp-content\/uploads\/2021\/08\/back-to-school-2629361_1920.jpg 1920w\" sizes=\"(max-width: 300px) 100vw, 300px\"><\/div><\/div><div id=\"pgc-1162-1-1\" class=\"panel-grid-cell\"><div id=\"panel-1162-1-1-0\" class=\"so-panel widget widget_text panel-first-child panel-last-child\" data-index=\"2\"><h3 class=\"widget-title\">Schul\u00adstart<\/h3>\t\t\t<div class=\"textwidget\"><p>Lie\u00adbe Kin\u00adder, wir w\u00fcn\u00adschen Euch ei\u00adnen gu\u00adten Start in das Schul\u00adjahr 2025\/2026. In die\u00adsem Jahr wer\u00adden wir wie\u00adder neue Sch\u00fc\u00adle\u00adrin\u00adnen und Sch\u00fc\u00adler be\u00adgr\u00fc\u00ad\u00dfen und f\u00fcr ei\u00adni\u00adge von Euch ist es das letz\u00adte Schul\u00adjahr an ei\u00adner Grund\u00adschu\u00adle. Ei\u00adne span\u00adnen\u00adde Zeit liegt vor&nbsp;uns.<\/p>\n<p>Wir freu\u00aden uns, Euch bald wiederzusehen.<\/p>\n<p>Lie\u00adbe&nbsp;Gr\u00fc\u00dfe<br>\nDas Team der Ludgerusschule<\/p>\n<hr>\n<\/div>\n\t\t<\/div><\/div><\/div><div id=\"pg-1162-2\" class=\"panel-grid panel-no-style\"><div id=\"pgc-1162-2-0\" class=\"panel-grid-cell\"><div id=\"panel-1162-2-0-0\" class=\"so-panel widget widget_media_image panel-first-child panel-last-child\" data-index=\"3\"><img width=\"300\" height=\"227\" src=\"https:\/\/ludgerusschule-herten.de\/wp-content\/uploads\/2024\/08\/Bild6-300x227.png\" class=\"image wp-image-4036  attachment-medium size-medium\" alt decoding=\"async\" loading=\"lazy\" style=\"max-width: 100%; height: auto;\" srcset=\"https:\/\/ludgerusschule-herten.de\/wp-content\/uploads\/2024\/08\/Bild6-300x227.png 300w, https:\/\/ludgerusschule-herten.de\/wp-content\/uploads\/2024\/08\/Bild6-768x582.png 768w, https:\/\/ludgerusschule-herten.de\/wp-content\/uploads\/2024\/08\/Bild6-600x454.png 600w, https:\/\/ludgerusschule-herten.de\/wp-content\/uploads\/2024\/08\/Bild6.png 1001w\" sizes=\"(max-width: 300px) 100vw, 300px\"><\/div><\/div><div id=\"pgc-1162-2-1\" class=\"panel-grid-cell\"><div id=\"panel-1162-2-1-0\" class=\"so-panel widget widget_text panel-first-child panel-last-child\" data-index=\"4\"><h3 class=\"widget-title\">Fu\u00df\u00adball\u00adtur\u00adnier der&nbsp;OGS<\/h3>\t\t\t<div class=\"textwidget\"><p>Am Diens\u00adtag, den 02.07.24 tra\u00adten zehn fu\u00df\u00adball\u00adbe\u00adgeis\u00adter\u00adte Jun\u00adgen der OGS beim Fu\u00df\u00adball\u00adtur\u00adnier der Ganz\u00adtags\u00adbe\u00adtreu\u00adung in Her\u00adten an. Aus\u00adtra\u00adgungs\u00adort war die Turn\u00adhal\u00adle der S\u00fcd\u00ad\u00ader-Grun\u00add\u00ad\u00adschu\u00ad\u00adle, Stand\u00adort \u201eIn der&nbsp;Feige\u201c.<br>\nNach meh\u00adre\u00adren Vor\u00adrun\u00adden schaff\u00adten es un\u00adse\u00adre Jungs ins Fi\u00adna\u00adle und be\u00adleg\u00adten ei\u00adnen tol\u00adlen zwei\u00adten&nbsp;Platz.<br>\nWir gra\u00adtu\u00adlie\u00adren herz\u00adlich zu die\u00adsem Er\u00adfolg und sind stolz auf die\u00adse Leistung!<\/p>\n<hr>\n<\/div>\n\t\t<\/div><\/div><\/div><div id=\"pg-1162-3\" class=\"panel-grid panel-no-style\"><div id=\"pgc-1162-3-0\" class=\"panel-grid-cell\"><div id=\"panel-1162-3-0-0\" class=\"so-panel widget widget_media_image panel-first-child\" data-index=\"5\"><img width=\"300\" height=\"168\" src=\"https:\/\/ludgerusschule-herten.de\/wp-content\/uploads\/2024\/08\/Bild4-300x168.jpg\" class=\"image wp-image-4034  attachment-medium size-medium\" alt decoding=\"async\" loading=\"lazy\" style=\"max-width: 100%; height: auto;\" srcset=\"https:\/\/ludgerusschule-herten.de\/wp-content\/uploads\/2024\/08\/Bild4-300x168.jpg 300w, https:\/\/ludgerusschule-herten.de\/wp-content\/uploads\/2024\/08\/Bild4.jpg 544w\" sizes=\"(max-width: 300px) 100vw, 300px\"><\/div><div id=\"panel-1162-3-0-1\" class=\"so-panel widget widget_media_image\" data-index=\"6\"><img width=\"300\" height=\"167\" src=\"https:\/\/ludgerusschule-herten.de\/wp-content\/uploads\/2024\/08\/Bild3-300x167.jpg\" class=\"image wp-image-4033  attachment-medium size-medium\" alt decoding=\"async\" loading=\"lazy\" style=\"max-width: 100%; height: auto;\" srcset=\"https:\/\/ludgerusschule-herten.de\/wp-content\/uploads\/2024\/08\/Bild3-300x167.jpg 300w, https:\/\/ludgerusschule-herten.de\/wp-content\/uploads\/2024\/08\/Bild3-600x334.jpg 600w, https:\/\/ludgerusschule-herten.de\/wp-content\/uploads\/2024\/08\/Bild3.jpg 687w\" sizes=\"(max-width: 300px) 100vw, 300px\"><\/div><div id=\"panel-1162-3-0-2\" class=\"so-panel widget widget_media_image panel-last-child\" data-index=\"7\"><img width=\"300\" height=\"154\" src=\"https:\/\/ludgerusschule-herten.de\/wp-content\/uploads\/2024\/08\/Bild5-300x154.jpg\" class=\"image wp-image-4035  attachment-medium size-medium\" alt decoding=\"async\" loading=\"lazy\" style=\"max-width: 100%; height: auto;\" srcset=\"https:\/\/ludgerusschule-herten.de\/wp-content\/uploads\/2024\/08\/Bild5-300x154.jpg 300w, https:\/\/ludgerusschule-herten.de\/wp-content\/uploads\/2024\/08\/Bild5-570x295.jpg 570w, https:\/\/ludgerusschule-herten.de\/wp-content\/uploads\/2024\/08\/Bild5.jpg 576w\" sizes=\"(max-width: 300px) 100vw, 300px\"><\/div><\/div><div id=\"pgc-1162-3-1\" class=\"panel-grid-cell\"><div id=\"panel-1162-3-1-0\" class=\"so-panel widget widget_text panel-first-child panel-last-child\" data-index=\"8\"><h3 class=\"widget-title\">Schul\u00adfest&nbsp;2024<\/h3>\t\t\t<div class=\"textwidget\"><p>Ca. 8 Jah\u00adre&nbsp; ist es her, dass die Lud\u00adge\u00adrus\u00adschu\u00adle ihr letz\u00adtes Schul\u00adfest fei\u00adern konn\u00adte, da in Co\u00adro\u00adna\u00adzei\u00adten ein sol\u00adches Fest nicht statt\u00adfin\u00adden durf\u00adte. Al\u00adle 4 Jah\u00adre wird ein sol\u00adches Fest ge\u00adfei\u00adert und so war die Vor\u00adfreu\u00adde um\u00adso gr\u00f6\u00ad\u00dfer, dass es im Jahr 2024 wie\u00adder so weit&nbsp;war.<\/p>\n<p>Am Sams\u00adtag, den 29.06.24 ver\u00adwan\u00addel\u00adte sich das Ge\u00adl\u00e4n\u00adde un\u00adse\u00adrer Schu\u00adle in ei\u00adnen bun\u00adten Schau\u00adplatz vol\u00adler Freu\u00adde, La\u00adchen und Ge\u00admein\u00adschaft. Schon am fr\u00fc\u00adhen Mor\u00adgen be\u00adgann der Auf\u00adbau und die El\u00adtern, Lehr\u00adkr\u00e4f\u00adte und vie\u00adle an\u00adde\u00adre Hel\u00adfe\u00adrIn\u00adnen schm\u00fcck\u00adten mit Gir\u00adlan\u00adden den Schul\u00adhof, r\u00fcck\u00adten Ti\u00adsche und Sitz\u00adb\u00e4n\u00adke zu\u00adrecht und bau\u00adten die Spiel\u00adsta\u00adtio\u00adnen der Kin\u00adder auf. Be\u00adreits beim Be\u00adtre\u00adten des Schul\u00adho\u00adfes lie\u00adfen die G\u00e4s\u00adte un\u00adter ei\u00adnem Bal\u00adlon\u00adbo\u00adgen her, der von vie\u00adlen Be\u00adsu\u00adche\u00adrIn\u00adnen als be\u00adleib\u00adtes Fo\u00adto\u00admo\u00adtiv ge\u00adnutzt wur\u00adde. Ne\u00adben ei\u00adnem Men\u00adschen\u00adki\u00adcker und ei\u00adner rie\u00adsi\u00adgen Dart\u00adschei\u00adbe, konn\u00adte die Kin\u00adder sich beim Kin\u00adder\u00adschmin\u00adken ein Mo\u00adtiv ih\u00adrer Wahl aus\u00adsu\u00adchen oder mit ih\u00adren Lauf\u00adzet\u00adteln an den Spiel\u00adsta\u00adtio\u00adnen teilnehmen.<\/p>\n<p>Auch f\u00fcr das ku\u00adli\u00adna\u00adri\u00adsche Wohl wur\u00adde ge\u00adsorgt. So konn\u00adten sich die G\u00e4s\u00adte \u00fcber le\u00adcke\u00adre Brat\u00adw\u00fcrst\u00adchen, lan\u00addes\u00adty\u00adpi\u00adsche Spe\u00adzia\u00adli\u00adt\u00e4\u00adten, Su\u00adcuk im Fla\u00adden\u00adbrot, 48 Ku\u00adchen, 25 Muff\u00adin\u00adva\u00adri\u00adan\u00adten so\u00adwie Wein\u00adgum\u00admis an der Can\u00addy\u00adbar freu\u00aden. Ei\u00adne klei\u00adne be\u00adson\u00adde\u00adre S\u00fc\u00ad\u00dfig\u00adkeit wa\u00adren die Lud\u00adge\u00adrus\u00adkek\u00adse, die das Lo\u00adgo der Schu\u00adle trugen.<\/p>\n<p>Das dies\u00adj\u00e4h\u00adri\u00adge Mot\u00adto \u201eAb ins Welt\u00adall\u201c lock\u00adte vie\u00adle Be\u00adsu\u00adche\u00adrIn\u00adnen zur Aus\u00adstel\u00adlung ins Ge\u00adb\u00e4u\u00adde. Hier pr\u00e4\u00adsen\u00adtier\u00adten die Sch\u00fc\u00adle\u00adrIn\u00adnen ih\u00adre Er\u00adgeb\u00adnis\u00adse der Pro\u00adjekt\u00adwo\u00adche, in der sie mit viel Krea\u00adti\u00advi\u00adt\u00e4t und An\u00adstren\u00adgun\u00adgen tol\u00adle Er\u00adgeb\u00adnis\u00adse produzierten.<\/p>\n<p>Das Deut\u00adsche Ro\u00adte Kreuz (DRK) pr\u00e4\u00adsen\u00adtier\u00adte sich mit ei\u00adnem Kran\u00adken\u00adwa\u00adgen und ei\u00adnem Mo\u00adtor\u00adrad und in\u00adfor\u00admier\u00adte die G\u00e4s\u00adte \u00fcber ih\u00adre Ar\u00adbeit. Zum Gl\u00fcck gab es kei\u00adne gro\u00ad\u00dfen Verletzungen.<\/p>\n<p>Al\u00adle Ein\u00adnah\u00admen des Schul\u00adfes\u00adtes wur\u00adden im An\u00adschluss an den F\u00f6r\u00adder\u00adver\u00adein \u00fcber\u00adge\u00adben, der mit den Ein\u00adnah\u00admen vie\u00adle neue Pro\u00adjek\u00adte und An\u00adschaf\u00adfun\u00adgen un\u00adter\u00adst\u00fct\u00adzen&nbsp;wird.<\/p>\n<p>Wir freu\u00aden uns be\u00adreits jetzt auf das n\u00e4chs\u00adte Fest und dan\u00adken al\u00adlen Lehr\u00adkr\u00e4f\u00adten, El\u00adtern und hel\u00adfen\u00adden H\u00e4n\u00adden f\u00fcr ein wirk\u00adlich sch\u00f6\u00adnes und er\u00adfolg\u00adrei\u00adches Fest, mit vie\u00adlen net\u00adten Ge\u00adspr\u00e4\u00adchen und gl\u00fcck\u00adli\u00adchen Gesichtern.<\/p>\n<hr>\n<\/div>\n\t\t<\/div><\/div><\/div><div id=\"pg-1162-4\" class=\"panel-grid panel-no-style\"><div id=\"pgc-1162-4-0\" class=\"panel-grid-cell\"><div id=\"panel-1162-4-0-0\" class=\"so-panel widget widget_media_image panel-first-child panel-last-child\" data-index=\"9\"><img width=\"300\" height=\"169\" src=\"https:\/\/ludgerusschule-herten.de\/wp-content\/uploads\/2024\/08\/Bild2-300x169.jpg\" class=\"image wp-image-4032  attachment-medium size-medium\" alt decoding=\"async\" loading=\"lazy\" style=\"max-width: 100%; height: auto;\" srcset=\"https:\/\/ludgerusschule-herten.de\/wp-content\/uploads\/2024\/08\/Bild2-300x169.jpg 300w, https:\/\/ludgerusschule-herten.de\/wp-content\/uploads\/2024\/08\/Bild2-1024x577.jpg 1024w, https:\/\/ludgerusschule-herten.de\/wp-content\/uploads\/2024\/08\/Bild2-768x433.jpg 768w, https:\/\/ludgerusschule-herten.de\/wp-content\/uploads\/2024\/08\/Bild2-600x338.jpg 600w, https:\/\/ludgerusschule-herten.de\/wp-content\/uploads\/2024\/08\/Bild2.jpg 1035w\" sizes=\"(max-width: 300px) 100vw, 300px\"><\/div><\/div><div id=\"pgc-1162-4-1\" class=\"panel-grid-cell\"><div id=\"panel-1162-4-1-0\" class=\"so-panel widget widget_text panel-first-child panel-last-child\" data-index=\"10\"><h3 class=\"widget-title\">Pro\u00adjekt\u00adwo\u00adche&nbsp;2024<\/h3>\t\t\t<div class=\"textwidget\"><p>Im Zu\u00adge un\u00adse\u00adrer Pro\u00adjekt\u00adwo\u00adche zum The\u00adma \u201eAb ins Welt\u00adall\u201c be\u00adsuch\u00adte uns am Don\u00adners\u00adtag, 27. Ju\u00adni 2024, ei\u00adne mo\u00adbi\u00adle Stern\u00adwar\u00adte. V\u00f6l\u00adlig fas\u00adzi\u00adniert ent\u00addeck\u00adten die Kin\u00adder in der Turn\u00adhal\u00adle ei\u00adne rie\u00adsi\u00adge Kup\u00adpel. Ge\u00adspannt ging es hin\u00adein. Auf Mat\u00adten leg\u00adten sich al\u00adle ge\u00adm\u00fct\u00adlich hin und guck\u00adten pl\u00f6tz\u00adlich zu den Ster\u00adnen. Es ging auf Rei\u00adsen zu den Pla\u00adne\u00adten, den Stern\u00adbil\u00addern und auch zum Mond. Trotz gro\u00ad\u00dfer Hit\u00adze hiel\u00adten die Kin\u00adder tap\u00adfer durch. Von ei\u00adnem kun\u00addi\u00adgen Stern\u00adwart er\u00adfuh\u00adren die Kin\u00adder al\u00adler\u00adlei Fas\u00adzi\u00adnie\u00adren\u00addes \u00fcber das Weltall.<\/p>\n<hr>\n<\/div>\n\t\t<\/div><\/div><\/div><div id=\"pg-1162-5\" class=\"panel-grid panel-no-style\"><div id=\"pgc-1162-5-0\" class=\"panel-grid-cell\"><div id=\"panel-1162-5-0-0\" class=\"so-panel widget widget_media_image panel-first-child panel-last-child\" data-index=\"11\"><img width=\"300\" height=\"253\" src=\"https:\/\/ludgerusschule-herten.de\/wp-content\/uploads\/2024\/08\/Bild7-300x253.png\" class=\"image wp-image-4037  attachment-medium size-medium\" alt decoding=\"async\" loading=\"lazy\" style=\"max-width: 100%; height: auto;\" srcset=\"https:\/\/ludgerusschule-herten.de\/wp-content\/uploads\/2024\/08\/Bild7-300x253.png 300w, https:\/\/ludgerusschule-herten.de\/wp-content\/uploads\/2024\/08\/Bild7-600x505.png 600w, https:\/\/ludgerusschule-herten.de\/wp-content\/uploads\/2024\/08\/Bild7.png 752w\" sizes=\"(max-width: 300px) 100vw, 300px\"><\/div><\/div><div id=\"pgc-1162-5-1\" class=\"panel-grid-cell\"><div id=\"panel-1162-5-1-0\" class=\"so-panel widget widget_text panel-first-child panel-last-child\" data-index=\"12\"><h3 class=\"widget-title\">Ket\u00adte\u00adler&nbsp;Hof<\/h3>\t\t\t<div class=\"textwidget\"><p>Bei son\u00adni\u00adgem Wet\u00adter mach\u00adten sich am 27. Mai die Kin\u00adder der vier\u00adten Klas\u00adsen in ei\u00adnem Dop\u00ad\u00adpel\u00ad\u00adde\u00ad\u00adcker-Bus auf den Weg zum Ket\u00adte\u00adler Hof nach Hal\u00adtern. Nach ei\u00adnem ge\u00adm\u00fct\u00adli\u00adchen Pick\u00adnick war Ge\u00adle\u00adgen\u00adheit, sich auf den H\u00fcpf\u00adkis\u00adsen, Klet\u00adter\u00adge\u00adr\u00fcs\u00adten, Rut\u00adschen und Schau\u00adkeln so rich\u00adtig aus\u00adzu\u00adto\u00adben. Be\u00adson\u00adde\u00adre High\u00adlights wa\u00adren f\u00fcr vie\u00adle Kin\u00adder die Was\u00adser\u00adrut\u00adsche und die Som\u00admer\u00adro\u00addel\u00adbahn. An\u00adde\u00adre Kin\u00adder be\u00adwie\u00adsen Ge\u00adschick\u00adlich\u00adkeit, in\u00addem sie sich auf Sto\u00adcher\u00adk\u00e4h\u00adnen auf dem Was\u00adser hiel\u00adten. Ei\u00adnig wa\u00adren sich al\u00adle dar\u00adin: Es war ein ge\u00adlun\u00adge\u00adner Ausflug!<\/p>\n<hr>\n<\/div>\n\t\t<\/div><\/div><\/div><div id=\"pg-1162-6\" class=\"panel-grid panel-no-style\"><div id=\"pgc-1162-6-0\" class=\"panel-grid-cell\"><div id=\"panel-1162-6-0-0\" class=\"so-panel widget widget_media_image panel-first-child panel-last-child\" data-index=\"13\"><img width=\"218\" height=\"300\" src=\"https:\/\/ludgerusschule-herten.de\/wp-content\/uploads\/2023\/03\/Spospi-218x300.jpg\" class=\"image wp-image-3904  attachment-medium size-medium\" alt decoding=\"async\" loading=\"lazy\" style=\"max-width: 100%; height: auto;\" srcset=\"https:\/\/ludgerusschule-herten.de\/wp-content\/uploads\/2023\/03\/Spospi-218x300.jpg 218w, https:\/\/ludgerusschule-herten.de\/wp-content\/uploads\/2023\/03\/Spospi-745x1024.jpg 745w, https:\/\/ludgerusschule-herten.de\/wp-content\/uploads\/2023\/03\/Spospi-768x1056.jpg 768w, https:\/\/ludgerusschule-herten.de\/wp-content\/uploads\/2023\/03\/Spospi-437x600.jpg 437w, https:\/\/ludgerusschule-herten.de\/wp-content\/uploads\/2023\/03\/Spospi.jpg 1063w\" sizes=\"(max-width: 218px) 100vw, 218px\"><\/div><\/div><div id=\"pgc-1162-6-1\" class=\"panel-grid-cell\"><div id=\"panel-1162-6-1-0\" class=\"so-panel widget widget_text panel-first-child panel-last-child\" data-index=\"14\"><h3 class=\"widget-title\">Spo\u00adSpi\u00adTo \u2013 Wir ma\u00adchen&nbsp;mit!<\/h3>\t\t\t<div class=\"textwidget\"><p>Vom 08.04.2024 \u2013 16.05.2024 hat un\u00adse\u00adre Schu\u00adle bei dem Pro\u00adjekt \u201eSpo\u00adSpi\u00adTo\u201c mit\u00adge\u00admacht. Wie\u00adso? Vie\u00adle El\u00adtern brin\u00adgen ih\u00adre Kin\u00adder mit dem Au\u00adto zur Schu\u00adle, weil das ver\u00admeint\u00adlich si\u00adche\u00adrer ist. Doch der Bring\u2013 und Hol\u00adver\u00adkehr vor un\u00adse\u00adrer Schu\u00adle f\u00fchrt im\u00admer wie\u00adder zu ge\u00adf\u00e4hr\u00adli\u00adchen Ver\u00adkehrs\u00adsi\u00adtua\u00adtio\u00adnen. Das Pro\u00adjekt war ei\u00adne gu\u00adte Ge\u00adle\u00adgen\u00adheit aus\u00adzu\u00adpro\u00adbie\u00adren, ob es auch oh\u00adne Au\u00adto&nbsp;geht.<\/p>\n<p>Je\u00addes Kind er\u00adhielt ei\u00adnen Spo\u00ad\u00adSPi\u00ad\u00adTo-Be\u00ad\u00adwe\u00ad\u00adgungs-Pass. F\u00fcr je\u00adden Tag in\u00adner\u00adhalb des Pro\u00adjekt\u00adzeit\u00adrau\u00admes von 6 Wo\u00adchen, an dem ein Kind den Weg (Hin- und R\u00fcck\u00adweg) zur Schu\u00adle zu Fu\u00df zu\u00adr\u00fcck\u00adge\u00adlegt hat (ger\u00adne in Be\u00adglei\u00adtung ei\u00adnes El\u00adtern\u00adteils), durf\u00adte sich von den El\u00adtern ei\u00adne Un\u00adter\u00adschrift ab\u00adho\u00adlen. Wur\u00adden in die\u00adsem Zeit\u00adraum 20 Un\u00adter\u00adschrif\u00adten ge\u00adsam\u00admelt, be\u00adkam je\u00addes Kind ei\u00adne Ur\u00adkun\u00adde und nahm an der Ver\u00adlo\u00adsung mit tol\u00adlen Prei\u00adsen&nbsp;teil.<\/p>\n<hr>\n<\/div>\n\t\t<\/div><\/div><\/div><div id=\"pg-1162-7\" class=\"panel-grid panel-no-style\"><div id=\"pgc-1162-7-0\" class=\"panel-grid-cell\"><div id=\"panel-1162-7-0-0\" class=\"so-panel widget widget_media_image panel-first-child panel-last-child\" data-index=\"15\"><img width=\"300\" height=\"224\" src=\"https:\/\/ludgerusschule-herten.de\/wp-content\/uploads\/2024\/08\/Bild1-300x224.jpg\" class=\"image wp-image-4031  attachment-medium size-medium\" alt decoding=\"async\" loading=\"lazy\" style=\"max-width: 100%; height: auto;\" srcset=\"https:\/\/ludgerusschule-herten.de\/wp-content\/uploads\/2024\/08\/Bild1-300x224.jpg 300w, https:\/\/ludgerusschule-herten.de\/wp-content\/uploads\/2024\/08\/Bild1-1024x766.jpg 1024w, https:\/\/ludgerusschule-herten.de\/wp-content\/uploads\/2024\/08\/Bild1-768x574.jpg 768w, https:\/\/ludgerusschule-herten.de\/wp-content\/uploads\/2024\/08\/Bild1-600x449.jpg 600w, https:\/\/ludgerusschule-herten.de\/wp-content\/uploads\/2024\/08\/Bild1-360x268.jpg 360w, https:\/\/ludgerusschule-herten.de\/wp-content\/uploads\/2024\/08\/Bild1.jpg 1174w\" sizes=\"(max-width: 300px) 100vw, 300px\"><\/div><\/div><div id=\"pgc-1162-7-1\" class=\"panel-grid-cell\"><div id=\"panel-1162-7-1-0\" class=\"so-panel widget widget_text panel-first-child panel-last-child\" data-index=\"16\"><h3 class=\"widget-title\">Aus\u00adflug zum Frankenhof<\/h3>\t\t\t<div class=\"textwidget\"><p>Am 05.06.2024 war es end\u00adlich so weit. Die Klas\u00adsen 2a und 2b un\u00adter\u00adnah\u00admen ei\u00adnen Aus\u00adflug zum Fran\u00adken\u00adhof. Auf\u00adge\u00adregt ver\u00adsam\u00admel\u00adten sich al\u00adle Kin\u00adder der Pfer\u00ad\u00adde- und der Sch\u00e4f\u00adchen\u00adklas\u00adse, aus\u00adge\u00adr\u00fcs\u00adtet mit Ruck\u00ads\u00e4\u00adcken und Fr\u00fch\u00adst\u00fcck, auf dem Schul\u00adhof. Mit dem Bus fuh\u00adren Kin\u00adder und Leh\u00adre\u00adrin\u00adnen, be\u00adglei\u00adtet von Frau Klo\u00adnek und Frau Sie\u00adke, von der Schu\u00adle los. F\u00fcr vie\u00adle Sch\u00fc\u00adle\u00adrin\u00adnen und Sch\u00fc\u00adler war schon die Bus\u00adfahrt ein klei\u00adnes Er\u00adleb\u00adnis. An\u00adge\u00adkom\u00admen, er\u00adwar\u00adte\u00adte al\u00adle Kin\u00adder ein bun\u00adter Vor\u00admit\u00adtag. Da ein Aus\u00adflug im\u00admer sehr hung\u00adrig macht, st\u00e4rk\u00adten sich die Pfer\u00ad\u00adde- und Sch\u00e4f\u00adchen\u00adkin\u00adder zu\u00aderst mit ei\u00adnem herz\u00adhaf\u00adten oder s\u00fc\u00ad\u00dfen Fr\u00fch\u00adst\u00fcck. Da\u00adnach ging es zu\u00adn\u00e4chst zum Strei\u00adchel\u00adzoo. Dort konn\u00adten die Zie\u00adgen ge\u00adf\u00fct\u00adtert, ge\u00adstrei\u00adchelt und ih\u00adre Jun\u00adgen be\u00adstaunt wer\u00adden. Die\u00adse wa\u00adren ganz wild auf das Fut\u00adter und ver\u00adsuch\u00adten, zur Be\u00adlus\u00adti\u00adgung al\u00adler, so\u00adgar die ei\u00adne oder an\u00adde\u00adre Ho\u00adse oder man\u00adchen Ruck\u00adsack an\u00adzu\u00adknab\u00adbern. Dann ging es wei\u00adter zu den Ka\u00adme\u00adlen und den Po\u00adnys. An\u00adge\u00adlangt am gro\u00ad\u00dfen Spiel\u00adplatz, gab es kein Hal\u00adten mehr. Al\u00adle Kin\u00adder woll\u00adten nur noch klet\u00adtern, to\u00adben, auf der Tep\u00adpich\u00adrut\u00adsche rut\u00adschen, schau\u00adkeln, auf dem H\u00fcpf\u00adkis\u00adsen sprin\u00adgen oder sich am Was\u00adser\u00adspiel\u00adplatz ver\u00adgn\u00fc\u00adgen. Das ei\u00adne oder an\u00adde\u00adren Kind wur\u00adde da\u00adbei auch et\u00adwas nass, trock\u00adne\u00adte aber rasch wie\u00adder in der Son\u00adne. Na\u00adt\u00fcr\u00adlich wur\u00adde auch auf dem Spiel\u00adplatz wei\u00adter\u00adhin gesnackt und ein zwei\u00adtes, t\u00fcch\u00adti\u00adges Fr\u00fch\u00adst\u00fcck ein\u00adge\u00adnom\u00admen. Dann war es auch schon wie\u00adder Zeit zum Auf\u00adbruch. Vor\u00adbei an den Greif\u00ad\u00advo\u00ad\u00adgel- und Eu\u00adlen\u00adge\u00adhe\u00adgen ging es Rich\u00adtung Bus, der al\u00adle Pfer\u00ad\u00adde- und Sch\u00e4f\u00adchen\u00adkin\u00adder wie\u00adder wohl\u00adbe\u00adhal\u00adten zur Schu\u00adle brach\u00adte. Al\u00adle wa\u00adren sich ei\u00adnig: Fran\u00adken\u00adhof, wir kom\u00admen wieder!<\/p>\n<hr>\n<\/div>\n\t\t<\/div><\/div><\/div><div id=\"pg-1162-8\" class=\"panel-grid panel-no-style\"><div id=\"pgc-1162-8-0\" class=\"panel-grid-cell\"><div id=\"panel-1162-8-0-0\" class=\"so-panel widget widget_media_image panel-first-child panel-last-child\" data-index=\"17\"><img width=\"225\" height=\"300\" src=\"https:\/\/ludgerusschule-herten.de\/wp-content\/uploads\/2024\/01\/eere-225x300.jpg\" class=\"image wp-image-3980  attachment-medium size-medium\" alt decoding=\"async\" loading=\"lazy\" style=\"max-width: 100%; height: auto;\" srcset=\"https:\/\/ludgerusschule-herten.de\/wp-content\/uploads\/2024\/01\/eere-225x300.jpg 225w, https:\/\/ludgerusschule-herten.de\/wp-content\/uploads\/2024\/01\/eere-300x400.jpg 300w, https:\/\/ludgerusschule-herten.de\/wp-content\/uploads\/2024\/01\/eere.jpg 392w\" sizes=\"(max-width: 225px) 100vw, 225px\"><\/div><\/div><div id=\"pgc-1162-8-1\" class=\"panel-grid-cell\"><div id=\"panel-1162-8-1-0\" class=\"so-panel widget widget_text panel-first-child panel-last-child\" data-index=\"18\"><h3 class=\"widget-title\">In der Weihnachtsb\u00e4ckerei<\/h3>\t\t\t<div class=\"textwidget\"><p>In der Weih\u00adnachts\u00adb\u00e4\u00adcke\u00adrei\u2026 so kun\u00adter\u00adbunt und herr\u00adlich le\u00adcker ging es zu am 10. De\u00adzem\u00adber beim gro\u00ad\u00dfen Win\u00adter\u00adtreff in der In\u00adnen\u00adstadt Her\u00adtens. Un\u00adser F\u00f6r\u00adder\u00adver\u00adein der Lud\u00adge\u00adrus\u00adschu\u00adle ver\u00adkauf\u00adte dort an ei\u00adnem weih\u00adnacht\u00adlich ge\u00adschm\u00fcck\u00adten Stand selbst\u00adge\u00adbas\u00adtel\u00adte Kar\u00adten, Ker\u00adzen, Weihnachts\u00adschmuck, Woll\u00adm\u00fct\u00adzen und vie\u00adle vie\u00adle T\u00fct\u00adchen mit wun\u00adder\u00adbar duf\u00adten\u00adden Pl\u00e4tz\u00adchen. All dies ha\u00adben un\u00adse\u00adre flei\u00ad\u00dfi\u00adgen Sch\u00fc\u00adle\u00adrin\u00adnen und Sch\u00fc\u00adler und auch ih\u00adre en\u00adga\u00adgier\u00adten El\u00adtern selbst her\u00adge\u00adstellt und ge\u00adspen\u00addet. Der Er\u00adl\u00f6s aus dem Ver\u00adkauf wird nun un\u00adse\u00adrer Schu\u00adle zu\u00adgu\u00adte\u00adkom\u00admen, denn da\u00admit k\u00f6n\u00adnen wie\u00adder al\u00adle Kin\u00adder ge\u00adf\u00f6r\u00addert wer\u00adden: bei\u00adspiels\u00adwei\u00adse mit der An\u00adschaf\u00adfung von Spiel\u00adge\u00adr\u00e4\u00adten, der Un\u00adter\u00adst\u00fct\u00adzung von Fes\u00adten, Thea\u00adter\u00adauf\u00adf\u00fch\u00adrun\u00adgen&nbsp;uvm.<\/p>\n<p>Ein rie\u00adsen\u00adgro\u00ad\u00dfes Dan\u00adke\u00adsch\u00f6n geht al\u00adso an al\u00adle Kin\u00adder, El\u00adtern, Lehrer*innen und OGS-Mit\u00adar\u00ad\u00adbei\u00ad\u00adten\u00ad\u00adde f\u00fcr die tol\u00adle Zu\u00adsam\u00admen\u00adar\u00adbeit \u2013 das war ei\u00adne spon\u00adta\u00adne Idee, ein sch\u00f6\u00adner Nach\u00admit\u00adtag und des\u00adhalb auch ein gu\u00adtes Er\u00adgeb\u00adnis \u2013 das ha\u00adben wir su\u00adper hinbekommen!<\/p>\n<p>Da\u00adher ist dies hier auch gleich\u00adzei\u00adtig ei\u00adne Ein\u00adla\u00addung an al\u00adle, bei der n\u00e4chs\u00adten Ak\u00adti\u00adon mit\u00adzu\u00adma\u00adchen, denn ge\u00admein\u00adsam k\u00f6n\u00adnen wir mit vie\u00adlen klei\u00adnen Schritt\u00adchen und H\u00e4n\u00adden viel be\u00adwir\u00adken. Wir w\u00fcr\u00adden uns sehr dar\u00ad\u00fcber freu\u00aden und ste\u00adhen f\u00fcr Fra\u00adgen und neue Ideen je\u00adder\u00adzeit ger\u00adne bereit.<\/p>\n<hr>\n<\/div>\n\t\t<\/div><\/div><\/div><div id=\"pg-1162-9\" class=\"panel-grid panel-no-style\"><div id=\"pgc-1162-9-0\" class=\"panel-grid-cell\"><div id=\"panel-1162-9-0-0\" class=\"so-panel widget widget_media_image panel-first-child panel-last-child\" data-index=\"19\"><img width=\"225\" height=\"300\" src=\"https:\/\/ludgerusschule-herten.de\/wp-content\/uploads\/2024\/01\/Bild5-225x300.jpg\" class=\"image wp-image-3979  attachment-medium size-medium\" alt decoding=\"async\" loading=\"lazy\" style=\"max-width: 100%; height: auto;\" srcset=\"https:\/\/ludgerusschule-herten.de\/wp-content\/uploads\/2024\/01\/Bild5-225x300.jpg 225w, https:\/\/ludgerusschule-herten.de\/wp-content\/uploads\/2024\/01\/Bild5-300x400.jpg 300w, https:\/\/ludgerusschule-herten.de\/wp-content\/uploads\/2024\/01\/Bild5-449x600.jpg 449w, https:\/\/ludgerusschule-herten.de\/wp-content\/uploads\/2024\/01\/Bild5.jpg 670w\" sizes=\"(max-width: 225px) 100vw, 225px\"><\/div><\/div><div id=\"pgc-1162-9-1\" class=\"panel-grid-cell\"><div id=\"panel-1162-9-1-0\" class=\"so-panel widget widget_text panel-first-child panel-last-child\" data-index=\"20\"><h3 class=\"widget-title\">Ni\u00adko\u00adlaus\u00adfei\u00ader<\/h3>\t\t\t<div class=\"textwidget\"><p>Auch in die\u00adsem Jahr durf\u00adten die Kin\u00adder der Lud\u00adge\u00adrus\u00adschu\u00adle sich wie\u00adder \u00fcber ei\u00adnen be\u00adson\u00adders gern ge\u00adse\u00adhe\u00adnen Gast freu\u00aden: Bi\u00adschof Ni\u00adko\u00adlaus per\u00ads\u00f6n\u00adlich kam am 7. De\u00adzem\u00adber zu Be\u00adsuch in die Turn\u00adhal\u00adle, in der sich al\u00adle Kin\u00adder ver\u00adsam\u00admelt hat\u00adten. Nicht nur der Ni\u00adko\u00adlaus, son\u00addern die gan\u00adze Schul\u00adge\u00admein\u00adde durf\u00adte sich \u00fcber ein tol\u00adles Pro\u00adgramm freu\u00aden. Denn al\u00adle Klas\u00adsen hat\u00adten in den Wo\u00adchen zu\u00advor mit viel Lie\u00adbe Ge\u00addich\u00adte, Lie\u00adder, T\u00e4n\u00adze etc. ein\u00adstu\u00addiert. Der Ni\u00adko\u00adlaus war voll des Lo\u00adbes f\u00fcr die tol\u00adlen Bei\u00adtr\u00e4\u00adge \u2013 aber auch da\u00adf\u00fcr, dass die Kin\u00adder der Lud\u00adge\u00adrus\u00adschu\u00adle ihn so freund\u00adlich emp\u00adfan\u00adgen ha\u00adben. Auch ein von al\u00adlen Kin\u00addern ge\u00admein\u00adsam vor\u00adge\u00adtra\u00adge\u00adnes Lied er\u00adfreu\u00adte ihn, be\u00advor er sich lei\u00adder wie\u00adder ver\u00adab\u00adschie\u00adden muss\u00adte \u2013 na\u00adt\u00fcr\u00adlich nicht, oh\u00adne je\u00addem Kind ei\u00adne Klei\u00adnig\u00adkeit dazulassen.<\/p>\n<p>Dan\u00adke, lie\u00adber Nikolaus!<\/p>\n<hr>\n<\/div>\n\t\t<\/div><\/div><\/div><div id=\"pg-1162-10\" class=\"panel-grid panel-no-style\"><div id=\"pgc-1162-10-0\" class=\"panel-grid-cell\"><div id=\"panel-1162-10-0-0\" class=\"so-panel widget widget_media_image panel-first-child panel-last-child\" data-index=\"21\"><img width=\"300\" height=\"225\" src=\"https:\/\/ludgerusschule-herten.de\/wp-content\/uploads\/2024\/01\/xxxx-300x225.jpg\" class=\"image wp-image-3978  attachment-medium size-medium\" alt decoding=\"async\" loading=\"lazy\" style=\"max-width: 100%; height: auto;\" srcset=\"https:\/\/ludgerusschule-herten.de\/wp-content\/uploads\/2024\/01\/xxxx-300x225.jpg 300w, https:\/\/ludgerusschule-herten.de\/wp-content\/uploads\/2024\/01\/xxxx-600x451.jpg 600w, https:\/\/ludgerusschule-herten.de\/wp-content\/uploads\/2024\/01\/xxxx.jpg 696w\" sizes=\"(max-width: 300px) 100vw, 300px\"><\/div><\/div><div id=\"pgc-1162-10-1\" class=\"panel-grid-cell\"><div id=\"panel-1162-10-1-0\" class=\"so-panel widget widget_text panel-first-child panel-last-child\" data-index=\"22\"><h3 class=\"widget-title\">Ad\u00advents\u00adbas\u00adteln<\/h3>\t\t\t<div class=\"textwidget\"><p>In der Wo\u00adche vom 20.11.23 bis 24.11.23 war es wie\u00adder so weit. Die Lud\u00adge\u00adrus\u00adschu\u00adle soll\u00adte im fei\u00ader\u00adli\u00adchen Weih\u00adnachts\u00adglanz er\u00adstrah\u00adlen. Da\u00adzu bas\u00adtel\u00adten die ein\u00adzel\u00adnen Klas\u00adsen tat\u00adkr\u00e4f\u00adtig Fens\u00adter\u00adschmuck. Es wur\u00adde ge\u00adklebt, ge\u00adh\u00e4m\u00admert und ge\u00adschnit\u00adten. Nun las\u00adsen sich Ren\u00adtie\u00adre, Ster\u00adne und Ker\u00adzen an den Fens\u00adtern fin\u00adden. Be\u00adson\u00adders wenn die Son\u00adne scheint oder es drau\u00ad\u00dfen schneit, ist es in\u00adnen sehr ge\u00adm\u00fct\u00adlich. Na\u00adt\u00fcr\u00adlich darf auch der Weih\u00adnachts\u00adbaum in der Ein\u00adgangs\u00adhal\u00adle nicht fehlen.<\/p>\n<hr>\n<\/div>\n\t\t<\/div><\/div><\/div><div id=\"pg-1162-11\" class=\"panel-grid panel-no-style\"><div id=\"pgc-1162-11-0\" class=\"panel-grid-cell\"><div id=\"panel-1162-11-0-0\" class=\"so-panel widget widget_media_image panel-first-child panel-last-child\" data-index=\"23\"><img width=\"300\" height=\"294\" src=\"https:\/\/ludgerusschule-herten.de\/wp-content\/uploads\/2024\/01\/eee-300x294.jpg\" class=\"image wp-image-3977  attachment-medium size-medium\" alt decoding=\"async\" loading=\"lazy\" style=\"max-width: 100%; height: auto;\" srcset=\"https:\/\/ludgerusschule-herten.de\/wp-content\/uploads\/2024\/01\/eee-300x294.jpg 300w, https:\/\/ludgerusschule-herten.de\/wp-content\/uploads\/2024\/01\/eee-60x60.jpg 60w, https:\/\/ludgerusschule-herten.de\/wp-content\/uploads\/2024\/01\/eee.jpg 463w\" sizes=\"(max-width: 300px) 100vw, 300px\"><\/div><\/div><div id=\"pgc-1162-11-1\" class=\"panel-grid-cell\"><div id=\"panel-1162-11-1-0\" class=\"so-panel widget widget_text panel-first-child panel-last-child\" data-index=\"24\"><h3 class=\"widget-title\">M\u00fcll\u00adpro\u00adjekt Klas\u00adse 3: \u201eGib Ab\u00adfall (k)eine Chance!\u201c<\/h3>\t\t\t<div class=\"textwidget\"><p>In die\u00adsem Schul\u00adjahr ha\u00adben die Klas\u00adsen 3a, 3b und 3c ihr M\u00fcll\u00adpro\u00adjekt fort\u00adge\u00adf\u00fchrt. Nach\u00addem wir in Klas\u00adse 2 be\u00adreits M\u00fcll ge\u00adtrennt und den Zen\u00adtra\u00adlen\u00adbe\u00adtriebs\u00adhof ken\u00adnen\u00adge\u00adlernt ha\u00adben, wid\u00adme\u00adten wir uns in die\u00adsem Schul\u00adjahr dem The\u00adma: \u201eGib Ab\u00adfall (k)eine Chance!\u201c<\/p>\n<p>Welt\u00adweit und in Deutsch\u00adland pro\u00addu\u00adzie\u00adren wir je\u00addes Jahr im\u00admer mehr M\u00fcll. Bis\u00adhe\u00adri\u00adges Re\u00adkord\u00adjahr war das Jahr 2017 mit 226,5 Ki\u00adlo\u00adgramm Ver\u00adpa\u00adckungs\u00adm\u00fcll pro Per\u00adson. Die Acht\u00adlo\u00adsig\u00adkeit M\u00fcll un\u00adbe\u00addacht weg\u00adzu\u00adwer\u00adfen wird im\u00admer gr\u00f6\u00ad\u00dfer. Ab\u00adf\u00e4l\u00adle wer\u00adden oft\u00admals auf die Stra\u00ad\u00dfe, in die B\u00fc\u00adsche oder ne\u00adben statt in die M\u00fcll\u00adei\u00admer ge\u00adwor\u00adfen. Auch im Um\u00adfeld un\u00adse\u00adrer Schu\u00adle ist das so. Da\u00addurch ent\u00adste\u00adhen ei\u00adne Men\u00adge \u201ewil\u00adder M\u00fcllkippen\u201c.<\/p>\n<p>Aus die\u00adsem Grund dis\u00adku\u00adtier\u00adten und \u00fcber\u00adleg\u00adten wir, wie wir le\u00adben und mit M\u00fcll um\u00adge\u00adhen wol\u00adlen. Wir sam\u00admel\u00adten als \u201eUm\u00adwelt\u00adsp\u00fcr\u00adna\u00adsen\u201c in un\u00adse\u00adrer n\u00e4\u00adhe\u00adren Schul\u00adum\u00adge\u00adbung acht\u00adlos weg\u00adge\u00adwor\u00adfe\u00adnen M\u00fcll und er\u00adstell\u00adten aus die\u00adsem an 3 Ak\u00adti\u00adons\u00adta\u00adgen ei\u00adne Ab\u00adfall\u00adskulp\u00adtur, die un\u00adser k\u00fcnst\u00adle\u00adri\u00adsches State\u00adment ge\u00adgen wil\u00adden M\u00fcll zum Aus\u00addruck brin\u00adgen sollte.<\/p>\n<p>Mit viel Freu\u00adde und Krea\u00adti\u00advi\u00adt\u00e4t ga\u00adben al\u00adle Dritt\u00adkl\u00e4ss\u00adler dem \u201eAb\u00adfall (k)eine Chan\u00adce\u201c und er\u00adhiel\u00adten f\u00fcr ihr tol\u00adles En\u00adga\u00adge\u00adment ei\u00adne Ur\u00adkun\u00adde von Frau Ruck\u00adrie\u00adgel und Wil\u00adli Wurm. Da\u00adf\u00fcr be\u00addan\u00adken wir uns herz\u00adlich und freu\u00aden uns auf das n\u00e4chs\u00adte Projekt!<\/p>\n<hr>\n<\/div>\n\t\t<\/div><\/div><\/div><div id=\"pg-1162-12\" class=\"panel-grid panel-no-style\"><div id=\"pgc-1162-12-0\" class=\"panel-grid-cell\"><div id=\"panel-1162-12-0-0\" class=\"so-panel widget widget_media_image panel-first-child panel-last-child\" data-index=\"25\"><img width=\"300\" height=\"225\" src=\"https:\/\/ludgerusschule-herten.de\/wp-content\/uploads\/2024\/01\/gfg-300x225.jpg\" class=\"image wp-image-3976  attachment-medium size-medium\" alt decoding=\"async\" loading=\"lazy\" style=\"max-width: 100%; height: auto;\" srcset=\"https:\/\/ludgerusschule-herten.de\/wp-content\/uploads\/2024\/01\/gfg-300x225.jpg 300w, https:\/\/ludgerusschule-herten.de\/wp-content\/uploads\/2024\/01\/gfg-768x576.jpg 768w, https:\/\/ludgerusschule-herten.de\/wp-content\/uploads\/2024\/01\/gfg-600x450.jpg 600w, https:\/\/ludgerusschule-herten.de\/wp-content\/uploads\/2024\/01\/gfg.jpg 990w\" sizes=\"(max-width: 300px) 100vw, 300px\"><\/div><\/div><div id=\"pgc-1162-12-1\" class=\"panel-grid-cell\"><div id=\"panel-1162-12-1-0\" class=\"so-panel widget widget_text panel-first-child panel-last-child\" data-index=\"26\"><h3 class=\"widget-title\">Be\u00adsu\u00adche im Naturerlebnisgarten<\/h3>\t\t\t<div class=\"textwidget\"><p>Auch in die\u00adsem Herbst wa\u00adren wir wie\u00adder mit ei\u00adni\u00adgen Klas\u00adsen im Na\u00adtur\u00ader\u00adleb\u00adnis\u00adgar\u00adten. Un\u00adter an\u00adde\u00adrem war die Hun\u00adde\u00adklas\u00adse in der Na\u00adtur un\u00adter\u00adwegs und hat ge\u00admein\u00adsam mit Uwe, dem Na\u00adtur\u00ader\u00adleb\u00adnis\u00adp\u00e4d\u00adago\u00adgen, den Igeln ein Win\u00adter\u00adquar\u00adtier ge\u00adbaut. Wir ha\u00adben mit den Kin\u00addern der Sch\u00e4f\u00adchen\u00adklas\u00adse zu\u00adsam\u00admen Kr\u00e4u\u00adter ge\u00adsam\u00admelt und Tee dar\u00adaus ge\u00adkocht. Wir ha\u00adben Spin\u00adnen\u00adnet\u00adze stu\u00addiert und ver\u00adsucht mit Wol\u00adle nach\u00adzu\u00adspin\u00adnen und vie\u00adles&nbsp;mehr.<\/p>\n<p>Wich\u00adtig bei je\u00addem Be\u00adsuch im Na\u00adtur\u00ader\u00adleb\u00adnis\u00adgar\u00adten ist das freie Spiel auf dem herr\u00adli\u00adchen Wald\u00adspiel\u00adplatz, hier konn\u00adten wir ganz ne\u00adben\u00adbei auch noch mit Stamp\u00adfen und Klop\u00adfen die Re\u00adgen\u00adw\u00fcr\u00admer aus der Er\u00adde lo\u00adcken und sie in Lu\u00adpen\u00adbe\u00adchern beobachten.<\/p>\n<hr>\n<\/div>\n\t\t<\/div><\/div><\/div><div id=\"pg-1162-13\" class=\"panel-grid panel-no-style\"><div id=\"pgc-1162-13-0\" class=\"panel-grid-cell\"><div id=\"panel-1162-13-0-0\" class=\"so-panel widget widget_media_image panel-first-child panel-last-child\" data-index=\"27\"><img width=\"195\" height=\"300\" src=\"https:\/\/ludgerusschule-herten.de\/wp-content\/uploads\/2024\/01\/abgeschnallt-195x300.png\" class=\"image wp-image-3975  attachment-medium size-medium\" alt decoding=\"async\" loading=\"lazy\" style=\"max-width: 100%; height: auto;\" srcset=\"https:\/\/ludgerusschule-herten.de\/wp-content\/uploads\/2024\/01\/abgeschnallt-195x300.png 195w, https:\/\/ludgerusschule-herten.de\/wp-content\/uploads\/2024\/01\/abgeschnallt-390x600.png 390w, https:\/\/ludgerusschule-herten.de\/wp-content\/uploads\/2024\/01\/abgeschnallt.png 518w\" sizes=\"(max-width: 195px) 100vw, 195px\"><\/div><\/div><div id=\"pgc-1162-13-1\" class=\"panel-grid-cell\"><div id=\"panel-1162-13-1-0\" class=\"so-panel widget widget_text panel-first-child panel-last-child\" data-index=\"28\"><h3 class=\"widget-title\">Ab\u00adge\u00adschnallt<\/h3>\t\t\t<div class=\"textwidget\"><p>Am 21. Au\u00adgust war es f\u00fcr un\u00adse\u00adre Erst\u00adkl\u00e4ss\u00adle\u00adrIn\u00adnen so\u00adweit. Der ers\u00adte Aus\u00adflug stand&nbsp;an.<\/p>\n<p>Mit gro\u00ad\u00dfen Bus\u00adsen und zu\u00adn\u00e4chst et\u00adwas Cha\u00ados wur\u00adden die Kin\u00adder der Bie\u00ad\u00adnen- und Erd\u00adm\u00e4nn\u00adchen\u00adklas\u00adse zur Ro\u00ad\u00adsa-Parks-Schu\u00ad\u00adle in Her\u00adten ge\u00adbracht. Dort wur\u00adde ih\u00adnen das Thea\u00adter\u00adst\u00fcck \u201eAb\u00adge\u00adschnallt\u201c vom Thea\u00adter Till aus Meer\u00adbusch pr\u00e4sentiert.<\/p>\n<p>In dem St\u00fcck wird mit Hil\u00adfe der Haupt\u00addar\u00adstel\u00adle\u00adrin \u201eJu\u00adle\u201c und ih\u00adren Freun\u00adden \u201eTur\u00adbo\u201c, \u201eBordo\u201c, \u201eKa\u00adra\u00adcho\u201c, \u201eBlin\u00adki\u201c und \u201eZe\u00adb\u00adro\u201c ge\u00adzeigt, dass Be\u00adwe\u00adgung und Selbst\u00adst\u00e4n\u00addig\u00adkeit Spa\u00df ma\u00adchen. Mit Hil\u00adfe Ih\u00adrer Freun\u00adde lernt Ju\u00adle selbst\u00adst\u00e4n\u00addig ei\u00adne Stra\u00ad\u00dfe zu \u00fcber\u00adque\u00adren um zur Bu\u00adde zu ge\u00adlan\u00adgen, wo sie ein T\u00fct\u00adchen S\u00fc\u00ad\u00dfes kau\u00adfen kann. So wird den Kin\u00addern ge\u00adzeigt, dass der Um\u00adgang mit schwie\u00adri\u00adgen und be\u00ad\u00e4ngs\u00adti\u00adgen\u00adden Si\u00adtua\u00adtio\u00adnen er\u00adlern\u00adbar ist und sie auch sel\u00adber mit et\u00adwas \u00dcbung Ver\u00adant\u00adwor\u00adtung f\u00fcr ih\u00adre Si\u00adcher\u00adheit und Ge\u00adsund\u00adheit \u00fcber\u00adneh\u00admen k\u00f6nnen.<\/p>\n<p>Das Thea\u00adter\u00adst\u00fcck war ein vol\u00adler Er\u00adfolg und wir dan\u00adken dem Team der Kin\u00adder\u00adfreun\u00adde Her\u00adten f\u00fcr die Or\u00adga\u00adni\u00adsa\u00adti\u00adon und ih\u00adrem Bei\u00adtrag zur Verkehrssicherheit.<\/p>\n<hr>\n<\/div>\n\t\t<\/div><\/div><\/div><div id=\"pg-1162-14\" class=\"panel-grid panel-no-style\"><div id=\"pgc-1162-14-0\" class=\"panel-grid-cell panel-grid-cell-empty\"><\/div><div id=\"pgc-1162-14-1\" class=\"panel-grid-cell\"><div id=\"panel-1162-14-1-0\" class=\"so-panel widget widget_text panel-first-child panel-last-child\" data-index=\"29\"><h3 class=\"widget-title\">Er\u00ads\u00ad\u00adte-Hil\u00ad\u00adfe-For\u00adt\u00ad\u00adbil\u00ad\u00addung<\/h3>\t\t\t<div class=\"textwidget\"><p>Au<\/p>\n<p>Um sich f\u00fcr den Ernst\u00adfall zu wapp\u00adnen, frischt das Kol\u00adle\u00adgi\u00adum der Lud\u00adge\u00adrus\u00adschu\u00adle re\u00adgel\u00adm\u00e4\u00ad\u00dfig sei\u00adne Kennt\u00adnis\u00adse zur \u201eErs\u00adten Hil\u00adfe\u201c auf. W\u00e4h\u00adrend un\u00adse\u00adre Sch\u00fc\u00adle\u00adrin\u00adnen und Sch\u00fc\u00adler An\u00adfang De\u00adzem\u00adber ei\u00adnen schul\u00adfrei\u00aden Tag ver\u00adbrin\u00adgen durf\u00adten, dr\u00fcck\u00adten die Lehr\u00adkr\u00e4f\u00adte die Schul\u00adbank und nah\u00admen an ei\u00adner Er\u00ads\u00ad\u00adte-Hil\u00ad\u00adfe-For\u00adt\u00ad\u00adbil\u00ad\u00addung des An\u00adbie\u00adters \u201eKurs\u00adzeit\u201c teil. In die\u00adsem Rah\u00admen wur\u00adde al\u00adlen Teil\u00adneh\u00admern ein fun\u00addier\u00adtes Wis\u00adsen zu ver\u00adschie\u00adde\u00adnen Ma\u00df\u00adnah\u00admen \u00fcber\u00admit\u00adtelt, die im Zwei\u00adfel so\u00adgar Le\u00adben ret\u00adten k\u00f6n\u00adnen. So muss\u00adten un\u00adse\u00adre Lehr\u00adkr\u00e4f\u00adte zum Bei\u00adspiel Ver\u00adb\u00e4n\u00adde wi\u00adckeln, die Sei\u00adten\u00adla\u00adge trai\u00adnie\u00adren und In\u00adhal\u00adte zur rich\u00adti\u00adgen Wund\u00adbe\u00adhand\u00adlung durch\u00adspie\u00adlen. Ins\u00adge\u00adsamt f\u00fch\u00adlen wir uns nun f\u00fcr even\u00adtu\u00adel\u00adle Not\u00adf\u00e4l\u00adle gut vor\u00adbe\u00adrei\u00adtet, wo\u00adbei wir al\u00adler\u00addings hof\u00adfen, dass wir un\u00adser Wis\u00adsen m\u00f6g\u00adlichst we\u00adnig an\u00adwen\u00adden m\u00fcssen.<\/p>\n<hr>\n<\/div>\n\t\t<\/div><\/div><\/div><div id=\"pg-1162-15\" class=\"panel-grid panel-no-style\"><div id=\"pgc-1162-15-0\" class=\"panel-grid-cell panel-grid-cell-empty\"><\/div><div id=\"pgc-1162-15-1\" class=\"panel-grid-cell\"><div id=\"panel-1162-15-1-0\" class=\"so-panel widget widget_text panel-first-child panel-last-child\" data-index=\"30\"><h3 class=\"widget-title\">En\u00ader\u00adgie\u00adpro\u00adjekt Klas\u00adse&nbsp;4<\/h3>\t\t\t<div class=\"textwidget\"><p>Auch in die\u00adsem Jahr nah\u00admen die vier\u00adten Klas\u00adsen am En\u00ader\u00adgie\u00adpro\u00adjekt der Stadt\u00adwer\u00adke teil. Da\u00adzu wur\u00adde erst\u00admal ge\u00admein\u00adsam ent\u00addeckt, was En\u00ader\u00adgie \u00fcber\u00adhaupt ist und was es zur Er\u00adzeu\u00adgung braucht. Da\u00adbei stell\u00adten wir fest, dass wir ein Kraft\u00adwerk di\u00adrekt aus un\u00adse\u00adrem Schul\u00adfens\u00adter se\u00adhen k\u00f6n\u00adnen. Be\u00adson\u00adders in\u00adter\u00ades\u00adsant war das mit\u00adge\u00adbrach\u00adte Dampf\u00adkraft\u00adwerk. Da\u00adzu wur\u00adde ein Brenn\u00adstoff ent\u00adz\u00fcn\u00addet. Die W\u00e4r\u00adme des Feu\u00aders brach\u00adte das Was\u00adser zum Damp\u00adfen und ei\u00adne Gl\u00fch\u00adbir\u00adne leuch\u00adte\u00adte auf. Der ho\u00adhe Ton beim Ab\u00adlas\u00adsen des Drucks sorg\u00adte f\u00fcr Freu\u00adde. Na\u00adt\u00fcr\u00adlich wur\u00adde auch dar\u00adauf ein\u00adge\u00adgan\u00adgen, dass wir nach al\u00adter\u00adna\u00adti\u00adven En\u00ader\u00adgien su\u00adchen m\u00fcs\u00adsen, da nicht je\u00adder Brenn\u00adstoff un\u00adend\u00adlich ist. Des\u00adwe\u00adgen ging es auf den Schul\u00adhof. Dort rann\u00adten die Kin\u00adder aus\u00adge\u00adlas\u00adsen mit Wind\u00adr\u00e4\u00addern her\u00adum. Die\u00adse fin\u00adgen an zu leuch\u00adten. Auch ein So\u00adlar\u00adau\u00adto wur\u00adde durch die Son\u00adnen\u00aden\u00ader\u00adgie in Be\u00adwe\u00adgung gesetzt.<\/p>\n<hr>\n<\/div>\n\t\t<\/div><\/div><\/div><div id=\"pg-1162-16\" class=\"panel-grid panel-no-style\"><div id=\"pgc-1162-16-0\" class=\"panel-grid-cell\"><div id=\"panel-1162-16-0-0\" class=\"so-panel widget widget_media_image panel-first-child panel-last-child\" data-index=\"31\"><img width=\"150\" height=\"300\" src=\"https:\/\/ludgerusschule-herten.de\/wp-content\/uploads\/2023\/11\/A7C1D-654C9800-85-3CD02C40-150x300.jpg\" class=\"image wp-image-3958  attachment-medium size-medium\" alt decoding=\"async\" loading=\"lazy\" style=\"max-width: 100%; height: auto;\" srcset=\"https:\/\/ludgerusschule-herten.de\/wp-content\/uploads\/2023\/11\/A7C1D-654C9800-85-3CD02C40-150x300.jpg 150w, https:\/\/ludgerusschule-herten.de\/wp-content\/uploads\/2023\/11\/A7C1D-654C9800-85-3CD02C40-512x1024.jpg 512w, https:\/\/ludgerusschule-herten.de\/wp-content\/uploads\/2023\/11\/A7C1D-654C9800-85-3CD02C40-768x1536.jpg 768w, https:\/\/ludgerusschule-herten.de\/wp-content\/uploads\/2023\/11\/A7C1D-654C9800-85-3CD02C40-300x600.jpg 300w, https:\/\/ludgerusschule-herten.de\/wp-content\/uploads\/2023\/11\/A7C1D-654C9800-85-3CD02C40-1024x2048.jpg 1024w, https:\/\/ludgerusschule-herten.de\/wp-content\/uploads\/2023\/11\/A7C1D-654C9800-85-3CD02C40.jpg 1240w\" sizes=\"(max-width: 150px) 100vw, 150px\"><\/div><\/div><div id=\"pgc-1162-16-1\" class=\"panel-grid-cell\"><div id=\"panel-1162-16-1-0\" class=\"so-panel widget widget_text panel-first-child panel-last-child\" data-index=\"32\"><h3 class=\"widget-title\">\u201cMot\u00adte will&nbsp;MEER!\u201d<\/h3>\t\t\t<div class=\"textwidget\"><p>Am 05.12.23 wird in un\u00adse\u00adrer Schu\u00adle das Thea\u00adther\u00adst\u00fcck \u201cMot\u00adte will MEER!\u201d auf\u00adge\u00adf\u00fchrt und ist ein \u00f6ko\u00adlo\u00adgi\u00adsches Mu\u00adsik\u00adthea\u00adter\u00adst\u00fcck f\u00fcr Sch\u00fcler*innen der 1.\u20134. Klasse.<\/p>\n<p>In\u00adhalt:<\/p>\n<p>\u201eMot\u00adte ist rat\u00adlos. Pa\u00adpa hat gar kei\u00adne Zeit mehr zu spie\u00adlen. St\u00e4n\u00addig ist der Fi\u00adscher auf dem Meer und wirft sei\u00adne Net\u00adze aus. Doch was er f\u00e4ngt, sind kei\u00adne Fi\u00ad\u00adsche- oh nein! Plas\u00adtik\u00adfla\u00adschen, M\u00fcll\u00adt\u00fc\u00adten und Gum\u00admi\u00adstie\u00adfel h\u00e4n\u00adgen in sei\u00adnem Netz und je\u00adden Tag wer\u00adden es mehr. Da kann doch nur ein Plas\u00adtik\u00admons\u00adter da\u00adhin\u00adter\u00adste\u00adcken! Mot\u00adte be\u00adschlie\u00dft, Pa\u00adpa zu hel\u00adfen und das fie\u00adse Mons\u00adter auf\u00adzu\u00adhal\u00adten. Auf ih\u00adrer Su\u00adche trifft sie auf den ver\u00adr\u00fcck\u00adten Pro\u00adfes\u00adsor Fan\u00adta\u00adsti\u00adco, der Kin\u00addern mit sei\u00adner W\u00fcnschDirwas!-Maschine je\u00adden Wunsch der Welt er\u00adf\u00fcllt. Ob er auch Mot\u00adte wei\u00adter\u00adhel\u00adfen kann, er\u00adfahrt Ihr in die\u00adsem St\u00fcck vol\u00adler Mu\u00adsik, bun\u00adter W\u00fcn\u00adsche und \u00f6ko\u00adlo\u00adgi\u00adscher Mes\u00adsa\u00adge. Zum Mit\u00adden\u00adken, Mit\u00adma\u00adchen und Mitlachen!\u201c<\/p>\n<p>Wir freu\u00aden uns&nbsp;schon!<\/p>\n<hr>\n<\/div>\n\t\t<\/div><\/div><\/div><div id=\"pg-1162-17\" class=\"panel-grid panel-no-style\"><div id=\"pgc-1162-17-0\" class=\"panel-grid-cell\"><div id=\"panel-1162-17-0-0\" class=\"so-panel widget widget_media_image panel-first-child panel-last-child\" data-index=\"33\"><img width=\"276\" height=\"300\" src=\"https:\/\/ludgerusschule-herten.de\/wp-content\/uploads\/2023\/06\/attatchment.9qVaeL-276x300.jpeg\" class=\"image wp-image-3920  attachment-medium size-medium\" alt decoding=\"async\" loading=\"lazy\" style=\"max-width: 100%; height: auto;\" srcset=\"https:\/\/ludgerusschule-herten.de\/wp-content\/uploads\/2023\/06\/attatchment.9qVaeL-276x300.jpeg 276w, https:\/\/ludgerusschule-herten.de\/wp-content\/uploads\/2023\/06\/attatchment.9qVaeL-551x600.jpeg 551w, https:\/\/ludgerusschule-herten.de\/wp-content\/uploads\/2023\/06\/attatchment.9qVaeL.jpeg 690w\" sizes=\"(max-width: 276px) 100vw, 276px\"><\/div><\/div><div id=\"pgc-1162-17-1\" class=\"panel-grid-cell\"><div id=\"panel-1162-17-1-0\" class=\"so-panel widget widget_text panel-first-child panel-last-child\" data-index=\"34\"><h3 class=\"widget-title\">Ti\u00adtel im Kickboxen<\/h3>\t\t\t<div class=\"textwidget\"><p><em>(14.06.2023)<\/em><\/p>\n<p>Li\u00adva Ka\u00adwakp\u00adnar aus der Klas\u00adse 4b fei\u00adert ih\u00adre Er\u00adfol\u00adge im Kick\u00adbo\u00adxen. Im M\u00e4rz ge\u00adlang es Li\u00adva, bei den In\u00adter\u00adna\u00adtio\u00adnal Open Ger\u00adman Cham\u00adpion\u00adchips die gol\u00adde\u00adne Me\u00addail\u00adle im Point Fight zu er\u00adobern und wur\u00adde zur deut\u00adschen Meis\u00adte\u00adrin. Im Mai trat sie dann bei den World Open Ma\u00adte\u00adri\u00adal Arts Cham\u00adpion\u00adchips in Arns\u00adberg an. Hier ge\u00adwann sie im Point Fight den 1. Platz und konn\u00adte sich den Ti\u00adtel der Welt\u00admeis\u00adte\u00adrin sichern.<\/p>\n<p>Li\u00adva, wir sind stolz auf Dich und hof\u00adfen mit Dir auf vie\u00adle wei\u00adte\u00adre sport\u00adli\u00adche Erfolge!<\/p>\n<hr>\n<\/div>\n\t\t<\/div><\/div><\/div><div id=\"pg-1162-18\" class=\"panel-grid panel-no-style\"><div id=\"pgc-1162-18-0\" class=\"panel-grid-cell\"><div id=\"panel-1162-18-0-0\" class=\"so-panel widget widget_media_image panel-first-child panel-last-child\" data-index=\"35\"><img width=\"300\" height=\"300\" src=\"https:\/\/ludgerusschule-herten.de\/wp-content\/uploads\/2023\/03\/DC274EB6-C352-4DAB-92CE-98E439EC1847-300x300.jpg\" class=\"image wp-image-3910  attachment-medium size-medium\" alt decoding=\"async\" loading=\"lazy\" style=\"max-width: 100%; height: auto;\" srcset=\"https:\/\/ludgerusschule-herten.de\/wp-content\/uploads\/2023\/03\/DC274EB6-C352-4DAB-92CE-98E439EC1847-300x300.jpg 300w, https:\/\/ludgerusschule-herten.de\/wp-content\/uploads\/2023\/03\/DC274EB6-C352-4DAB-92CE-98E439EC1847-1024x1024.jpg 1024w, https:\/\/ludgerusschule-herten.de\/wp-content\/uploads\/2023\/03\/DC274EB6-C352-4DAB-92CE-98E439EC1847-150x150.jpg 150w, https:\/\/ludgerusschule-herten.de\/wp-content\/uploads\/2023\/03\/DC274EB6-C352-4DAB-92CE-98E439EC1847-768x768.jpg 768w, https:\/\/ludgerusschule-herten.de\/wp-content\/uploads\/2023\/03\/DC274EB6-C352-4DAB-92CE-98E439EC1847-600x600.jpg 600w, https:\/\/ludgerusschule-herten.de\/wp-content\/uploads\/2023\/03\/DC274EB6-C352-4DAB-92CE-98E439EC1847-1536x1536.jpg 1536w, https:\/\/ludgerusschule-herten.de\/wp-content\/uploads\/2023\/03\/DC274EB6-C352-4DAB-92CE-98E439EC1847.jpg 2048w, https:\/\/ludgerusschule-herten.de\/wp-content\/uploads\/2023\/03\/DC274EB6-C352-4DAB-92CE-98E439EC1847-246x246.jpg 246w, https:\/\/ludgerusschule-herten.de\/wp-content\/uploads\/2023\/03\/DC274EB6-C352-4DAB-92CE-98E439EC1847-520x520.jpg 520w, https:\/\/ludgerusschule-herten.de\/wp-content\/uploads\/2023\/03\/DC274EB6-C352-4DAB-92CE-98E439EC1847-185x185.jpg 185w, https:\/\/ludgerusschule-herten.de\/wp-content\/uploads\/2023\/03\/DC274EB6-C352-4DAB-92CE-98E439EC1847-220x220.jpg 220w, https:\/\/ludgerusschule-herten.de\/wp-content\/uploads\/2023\/03\/DC274EB6-C352-4DAB-92CE-98E439EC1847-60x60.jpg 60w, https:\/\/ludgerusschule-herten.de\/wp-content\/uploads\/2023\/03\/DC274EB6-C352-4DAB-92CE-98E439EC1847-384x384.jpg 384w\" sizes=\"(max-width: 300px) 100vw, 300px\"><\/div><\/div><div id=\"pgc-1162-18-1\" class=\"panel-grid-cell\"><div id=\"panel-1162-18-1-0\" class=\"so-panel widget widget_text panel-first-child panel-last-child\" data-index=\"36\"><h3 class=\"widget-title\">Spen\u00adden\u00adak\u00adti\u00adon<\/h3>\t\t\t<div class=\"textwidget\"><p><em>(30.03.2023)<\/em><\/p>\n<p>Die Erd\u00adbe\u00adben\u00adka\u00adta\u00adstro\u00adphe in der T\u00fcr\u00adkei hat die Sch\u00fc\u00adle\u00adrin\u00adnen und Sch\u00fc\u00adler der Lud\u00adge\u00adrus\u00adschu\u00adle sehr be\u00adwegt. Bei ei\u00adner kurz\u00adfris\u00adti\u00adgen Spen\u00adden\u00adak\u00adti\u00adon kam mit Un\u00adter\u00adst\u00fct\u00adzung vie\u00adler El\u00adtern, Kin\u00adder und Herrn Duran die stol\u00adze Sum\u00adme von 788,61 \u20ac zu\u00adsam\u00admen. Je\u00adder Eu\u00adro, den die Kin\u00adder teil\u00adwei\u00adse von ih\u00adrem ei\u00adge\u00adnen Er\u00adspar\u00adtem nah\u00admen, wird Gu\u00adtes be\u00adwir\u00adken und helfen.<\/p>\n<p>Vie\u00adlen Dank an al\u00adle en\u00adga\u00adgier\u00adten Spen\u00adde\u00adrin\u00adnen und Spender.<\/p>\n<hr>\n<\/div>\n\t\t<\/div><\/div><\/div><div id=\"pg-1162-19\" class=\"panel-grid panel-no-style\"><div id=\"pgc-1162-19-0\" class=\"panel-grid-cell\"><div id=\"panel-1162-19-0-0\" class=\"so-panel widget widget_media_image panel-first-child panel-last-child\" data-index=\"37\"><img width=\"218\" height=\"300\" src=\"https:\/\/ludgerusschule-herten.de\/wp-content\/uploads\/2023\/03\/Spospi-218x300.jpg\" class=\"image wp-image-3904  attachment-medium size-medium\" alt decoding=\"async\" loading=\"lazy\" style=\"max-width: 100%; height: auto;\" srcset=\"https:\/\/ludgerusschule-herten.de\/wp-content\/uploads\/2023\/03\/Spospi-218x300.jpg 218w, https:\/\/ludgerusschule-herten.de\/wp-content\/uploads\/2023\/03\/Spospi-745x1024.jpg 745w, https:\/\/ludgerusschule-herten.de\/wp-content\/uploads\/2023\/03\/Spospi-768x1056.jpg 768w, https:\/\/ludgerusschule-herten.de\/wp-content\/uploads\/2023\/03\/Spospi-437x600.jpg 437w, https:\/\/ludgerusschule-herten.de\/wp-content\/uploads\/2023\/03\/Spospi.jpg 1063w\" sizes=\"(max-width: 218px) 100vw, 218px\"><\/div><\/div><div id=\"pgc-1162-19-1\" class=\"panel-grid-cell\"><div id=\"panel-1162-19-1-0\" class=\"so-panel widget widget_text panel-first-child panel-last-child\" data-index=\"38\"><h3 class=\"widget-title\">Spo\u00adSpi\u00adTo \u2013 Wir ma\u00adchen&nbsp;mit!<\/h3>\t\t\t<div class=\"textwidget\"><p><em>(13.03.2023)<\/em><\/p>\n<p><a href=\"https:\/\/ludgerusschule-herten.de\/wp-content\/uploads\/2023\/03\/Spo-1-001-scaled.jpg\"><img decoding=\"async\" loading=\"lazy\" class=\"alignnone size-medium wp-image-3905\" src=\"https:\/\/ludgerusschule-herten.de\/wp-content\/uploads\/2023\/03\/Spo-1-001-212x300.jpg\" alt width=\"212\" height=\"300\" srcset=\"https:\/\/ludgerusschule-herten.de\/wp-content\/uploads\/2023\/03\/Spo-1-001-212x300.jpg 212w, https:\/\/ludgerusschule-herten.de\/wp-content\/uploads\/2023\/03\/Spo-1-001-724x1024.jpg 724w, https:\/\/ludgerusschule-herten.de\/wp-content\/uploads\/2023\/03\/Spo-1-001-768x1086.jpg 768w, https:\/\/ludgerusschule-herten.de\/wp-content\/uploads\/2023\/03\/Spo-1-001-424x600.jpg 424w, https:\/\/ludgerusschule-herten.de\/wp-content\/uploads\/2023\/03\/Spo-1-001-1087x1536.jpg 1087w, https:\/\/ludgerusschule-herten.de\/wp-content\/uploads\/2023\/03\/Spo-1-001-1449x2048.jpg 1449w, https:\/\/ludgerusschule-herten.de\/wp-content\/uploads\/2023\/03\/Spo-1-001-scaled.jpg 1811w\" sizes=\"(max-width: 212px) 100vw, 212px\"><\/a> <a href=\"https:\/\/ludgerusschule-herten.de\/wp-content\/uploads\/2023\/03\/Spo-1-002-scaled.jpg\"><img decoding=\"async\" loading=\"lazy\" class=\"alignnone size-medium wp-image-3906\" src=\"https:\/\/ludgerusschule-herten.de\/wp-content\/uploads\/2023\/03\/Spo-1-002-212x300.jpg\" alt width=\"212\" height=\"300\" srcset=\"https:\/\/ludgerusschule-herten.de\/wp-content\/uploads\/2023\/03\/Spo-1-002-212x300.jpg 212w, https:\/\/ludgerusschule-herten.de\/wp-content\/uploads\/2023\/03\/Spo-1-002-724x1024.jpg 724w, https:\/\/ludgerusschule-herten.de\/wp-content\/uploads\/2023\/03\/Spo-1-002-768x1086.jpg 768w, https:\/\/ludgerusschule-herten.de\/wp-content\/uploads\/2023\/03\/Spo-1-002-424x600.jpg 424w, https:\/\/ludgerusschule-herten.de\/wp-content\/uploads\/2023\/03\/Spo-1-002-1087x1536.jpg 1087w, https:\/\/ludgerusschule-herten.de\/wp-content\/uploads\/2023\/03\/Spo-1-002-1449x2048.jpg 1449w, https:\/\/ludgerusschule-herten.de\/wp-content\/uploads\/2023\/03\/Spo-1-002-scaled.jpg 1811w\" sizes=\"(max-width: 212px) 100vw, 212px\"><\/a><\/p>\n<hr>\n<\/div>\n\t\t<\/div><\/div><\/div><div id=\"pg-1162-20\" class=\"panel-grid panel-no-style\"><div id=\"pgc-1162-20-0\" class=\"panel-grid-cell\"><div id=\"panel-1162-20-0-0\" class=\"so-panel widget widget_media_image panel-first-child panel-last-child\" data-index=\"39\"><a href=\"https:\/\/ludgerusschule-herten.de\/wp-content\/uploads\/2023\/02\/Karneval-2023-web.jpg\"><img width=\"300\" height=\"300\" src=\"https:\/\/ludgerusschule-herten.de\/wp-content\/uploads\/2023\/02\/Karneval-2023-web-300x300.jpg\" class=\"image wp-image-3900  attachment-medium size-medium\" alt decoding=\"async\" loading=\"lazy\" style=\"max-width: 100%; height: auto;\" srcset=\"https:\/\/ludgerusschule-herten.de\/wp-content\/uploads\/2023\/02\/Karneval-2023-web-300x300.jpg 300w, https:\/\/ludgerusschule-herten.de\/wp-content\/uploads\/2023\/02\/Karneval-2023-web-1024x1024.jpg 1024w, https:\/\/ludgerusschule-herten.de\/wp-content\/uploads\/2023\/02\/Karneval-2023-web-150x150.jpg 150w, https:\/\/ludgerusschule-herten.de\/wp-content\/uploads\/2023\/02\/Karneval-2023-web-768x768.jpg 768w, https:\/\/ludgerusschule-herten.de\/wp-content\/uploads\/2023\/02\/Karneval-2023-web-600x600.jpg 600w, https:\/\/ludgerusschule-herten.de\/wp-content\/uploads\/2023\/02\/Karneval-2023-web-1536x1536.jpg 1536w, https:\/\/ludgerusschule-herten.de\/wp-content\/uploads\/2023\/02\/Karneval-2023-web.jpg 2048w, https:\/\/ludgerusschule-herten.de\/wp-content\/uploads\/2023\/02\/Karneval-2023-web-246x246.jpg 246w, https:\/\/ludgerusschule-herten.de\/wp-content\/uploads\/2023\/02\/Karneval-2023-web-520x520.jpg 520w, https:\/\/ludgerusschule-herten.de\/wp-content\/uploads\/2023\/02\/Karneval-2023-web-185x185.jpg 185w, https:\/\/ludgerusschule-herten.de\/wp-content\/uploads\/2023\/02\/Karneval-2023-web-220x220.jpg 220w, https:\/\/ludgerusschule-herten.de\/wp-content\/uploads\/2023\/02\/Karneval-2023-web-60x60.jpg 60w, https:\/\/ludgerusschule-herten.de\/wp-content\/uploads\/2023\/02\/Karneval-2023-web-384x384.jpg 384w\" sizes=\"(max-width: 300px) 100vw, 300px\"><\/a><\/div><\/div><div id=\"pgc-1162-20-1\" class=\"panel-grid-cell\"><div id=\"panel-1162-20-1-0\" class=\"so-panel widget widget_text panel-first-child panel-last-child\" data-index=\"40\"><h3 class=\"widget-title\">Kar\u00adne\u00adval&nbsp;2023<\/h3>\t\t\t<div class=\"textwidget\"><p><em>(16.02.2023)<\/em><\/p>\n<p>In vie\u00adlen ver\u00adschie\u00adde\u00adnen Kos\u00adt\u00fc\u00admen ka\u00admen die Kin\u00adder am 16.02.2023 in die Lud\u00adge\u00adrus\u00adschu\u00adle. Mor\u00adgens wur\u00adde je\u00adder Klas\u00adsen\u00adraum von ei\u00adnem Teil der Klas\u00adsen\u00adge\u00admein\u00adschaft de\u00adko\u00adriert, um ge\u00admein\u00adsam ab der zwei\u00adten Un\u00adter\u00adrichts\u00adstun\u00adde Kar\u00adne\u00adval zu fei\u00adern. Auch in die\u00adsem Jahr ha\u00adben sich al\u00adle Kin\u00adder und de\u00adren El\u00adtern sch\u00f6\u00adne Ver\u00adklei\u00addun\u00adgen aus\u00adge\u00addacht und so\u00admit zu ei\u00adner bun\u00adten Fei\u00ader bei\u00adgetra\u00adgen. Nach vie\u00adlen Spie\u00adlen, T\u00e4n\u00adzen und klei\u00adnen Wett\u00adbe\u00adwer\u00adben bau\u00adte der an\u00adde\u00adre Teil der Klas\u00adsen\u00adge\u00admein\u00adschaft in der letz\u00adten Stun\u00adde wie\u00adder al\u00adles ab und r\u00e4um\u00adte den Klas\u00adsen\u00adraum f\u00fcr den n\u00e4chs\u00adten Un\u00adter\u00adrichts\u00adtag wie\u00adder flei\u00ad\u00dfig auf. Die\u00adser Tag hat uns al\u00adlen sehr viel Spa\u00df bereitet.<\/p>\n<hr>\n<\/div>\n\t\t<\/div><\/div><\/div><div id=\"pg-1162-21\" class=\"panel-grid panel-no-style\"><div id=\"pgc-1162-21-0\" class=\"panel-grid-cell\"><div id=\"panel-1162-21-0-0\" class=\"so-panel widget widget_media_image panel-first-child panel-last-child\" data-index=\"41\"><a href=\"https:\/\/ludgerusschule-herten.de\/wp-content\/uploads\/2022\/12\/preview_86ac9fb23fce8534e23de22d2a833397_collage1.jpg\"><img width=\"300\" height=\"300\" src=\"https:\/\/ludgerusschule-herten.de\/wp-content\/uploads\/2022\/12\/preview_86ac9fb23fce8534e23de22d2a833397_collage1-300x300.jpg\" class=\"image wp-image-3875  attachment-medium size-medium\" alt decoding=\"async\" loading=\"lazy\" style=\"max-width: 100%; height: auto;\" srcset=\"https:\/\/ludgerusschule-herten.de\/wp-content\/uploads\/2022\/12\/preview_86ac9fb23fce8534e23de22d2a833397_collage1-300x300.jpg 300w, https:\/\/ludgerusschule-herten.de\/wp-content\/uploads\/2022\/12\/preview_86ac9fb23fce8534e23de22d2a833397_collage1-150x150.jpg 150w, https:\/\/ludgerusschule-herten.de\/wp-content\/uploads\/2022\/12\/preview_86ac9fb23fce8534e23de22d2a833397_collage1-768x768.jpg 768w, https:\/\/ludgerusschule-herten.de\/wp-content\/uploads\/2022\/12\/preview_86ac9fb23fce8534e23de22d2a833397_collage1-600x600.jpg 600w, https:\/\/ludgerusschule-herten.de\/wp-content\/uploads\/2022\/12\/preview_86ac9fb23fce8534e23de22d2a833397_collage1-246x246.jpg 246w, https:\/\/ludgerusschule-herten.de\/wp-content\/uploads\/2022\/12\/preview_86ac9fb23fce8534e23de22d2a833397_collage1-520x520.jpg 520w, https:\/\/ludgerusschule-herten.de\/wp-content\/uploads\/2022\/12\/preview_86ac9fb23fce8534e23de22d2a833397_collage1-185x185.jpg 185w, https:\/\/ludgerusschule-herten.de\/wp-content\/uploads\/2022\/12\/preview_86ac9fb23fce8534e23de22d2a833397_collage1-220x220.jpg 220w, https:\/\/ludgerusschule-herten.de\/wp-content\/uploads\/2022\/12\/preview_86ac9fb23fce8534e23de22d2a833397_collage1-60x60.jpg 60w, https:\/\/ludgerusschule-herten.de\/wp-content\/uploads\/2022\/12\/preview_86ac9fb23fce8534e23de22d2a833397_collage1-384x384.jpg 384w, https:\/\/ludgerusschule-herten.de\/wp-content\/uploads\/2022\/12\/preview_86ac9fb23fce8534e23de22d2a833397_collage1.jpg 800w\" sizes=\"(max-width: 300px) 100vw, 300px\"><\/a><\/div><\/div><div id=\"pgc-1162-21-1\" class=\"panel-grid-cell\"><div id=\"panel-1162-21-1-0\" class=\"so-panel widget widget_text panel-first-child panel-last-child\" data-index=\"42\"><h3 class=\"widget-title\">Ad\u00advents\u00adbas\u00adteln<\/h3>\t\t\t<div class=\"textwidget\"><p><em>(17.12.2022)<\/em><\/p>\n<p>Auch im die\u00adsen Jahr wur\u00adde wie\u00adder in der Lud\u00adge\u00adrus\u00adschu\u00adle ein Bas\u00adtel\u00adtag veranstaltet.<\/p>\n<p>Es ent\u00adstan\u00adden ver\u00adschie\u00adde\u00adne win\u00adter\u00adli\u00adche Fens\u00adter\u00adbil\u00adder, Weih\u00adnachts\u00admit\u00adbring\u00adsel und ei\u00adne Viel\u00adzahl an ver\u00adschie\u00adde\u00adnen De\u00adko\u00adra\u00adtio\u00adnen, die die Lud\u00adge\u00adrus\u00adschu\u00adle nun in ei\u00adnem weih\u00adnacht\u00adli\u00adchen Licht er\u00adstrah\u00adlen las\u00adsen. Al\u00adle Kin\u00adder wa\u00adren mit Be\u00adgeis\u00adte\u00adrung da\u00adbei und ha\u00adben er\u00adfolg\u00adreich ge\u00adhol\u00adfen, un\u00adse\u00adre Schu\u00adle zu schm\u00fccken.<\/p>\n<p>&nbsp;<\/p>\n<hr>\n<\/div>\n\t\t<\/div><\/div><\/div><div id=\"pg-1162-22\" class=\"panel-grid panel-no-style\"><div id=\"pgc-1162-22-0\" class=\"panel-grid-cell\"><div id=\"panel-1162-22-0-0\" class=\"so-panel widget widget_media_image panel-first-child panel-last-child\" data-index=\"43\"><a href=\"https:\/\/ludgerusschule-herten.de\/wp-content\/uploads\/2022\/11\/Trixxit.jpg\"><img width=\"300\" height=\"300\" src=\"https:\/\/ludgerusschule-herten.de\/wp-content\/uploads\/2022\/11\/Trixxit-300x300.jpg\" class=\"image wp-image-3865  attachment-medium size-medium\" alt decoding=\"async\" loading=\"lazy\" style=\"max-width: 100%; height: auto;\" srcset=\"https:\/\/ludgerusschule-herten.de\/wp-content\/uploads\/2022\/11\/Trixxit-300x300.jpg 300w, https:\/\/ludgerusschule-herten.de\/wp-content\/uploads\/2022\/11\/Trixxit-1024x1024.jpg 1024w, https:\/\/ludgerusschule-herten.de\/wp-content\/uploads\/2022\/11\/Trixxit-150x150.jpg 150w, https:\/\/ludgerusschule-herten.de\/wp-content\/uploads\/2022\/11\/Trixxit-768x768.jpg 768w, https:\/\/ludgerusschule-herten.de\/wp-content\/uploads\/2022\/11\/Trixxit-600x600.jpg 600w, https:\/\/ludgerusschule-herten.de\/wp-content\/uploads\/2022\/11\/Trixxit-1536x1536.jpg 1536w, https:\/\/ludgerusschule-herten.de\/wp-content\/uploads\/2022\/11\/Trixxit.jpg 2048w, https:\/\/ludgerusschule-herten.de\/wp-content\/uploads\/2022\/11\/Trixxit-246x246.jpg 246w, https:\/\/ludgerusschule-herten.de\/wp-content\/uploads\/2022\/11\/Trixxit-520x520.jpg 520w, https:\/\/ludgerusschule-herten.de\/wp-content\/uploads\/2022\/11\/Trixxit-185x185.jpg 185w, https:\/\/ludgerusschule-herten.de\/wp-content\/uploads\/2022\/11\/Trixxit-220x220.jpg 220w, https:\/\/ludgerusschule-herten.de\/wp-content\/uploads\/2022\/11\/Trixxit-60x60.jpg 60w, https:\/\/ludgerusschule-herten.de\/wp-content\/uploads\/2022\/11\/Trixxit-384x384.jpg 384w\" sizes=\"(max-width: 300px) 100vw, 300px\"><\/a><\/div><\/div><div id=\"pgc-1162-22-1\" class=\"panel-grid-cell\"><div id=\"panel-1162-22-1-0\" class=\"so-panel widget widget_text panel-first-child panel-last-child\" data-index=\"44\"><h3 class=\"widget-title\">Tri\u00adxitt<\/h3>\t\t\t<div class=\"textwidget\"><p><em>(14.11.2022)<\/em><\/p>\n<div>Am 10.11.2022 war es end\u00adlich so\u00adweit. Die Sch\u00fc\u00adle\u00adrIn\u00adnen der Lud\u00adge\u00adrus\u00adschu\u00adle freu\u00adten sich auf ei\u00adne ganz be\u00adson\u00adde\u00adre Ver\u00adan\u00adstal\u00adtung, die zum ers\u00adten Mal an un\u00adse\u00adrer Schu\u00adle statt\u00adfand. Das ma\u00adgi\u00adsche Wort hei\u00dft TRIXITT. An die\u00adsem Tag wur\u00adden in un\u00adse\u00adrer gro\u00ad\u00dfen Turn\u00adhal\u00adle so\u00adwie auf dem Schul\u00adhof vie\u00adle ver\u00adschie\u00adde\u00adne Mo\u00addu\u00adle auf\u00adge\u00adbaut, bei de\u00adnen sich die Kin\u00adder&nbsp; sport\u00adli\u00adchen Her\u00adaus\u00adfor\u00adde\u00adrun\u00adgen stel\u00adlen konn\u00adten und span\u00adnen\u00adde Wett\u00adk\u00e4mp\u00adfe austrugen.<\/div>\n<div>Ne\u00adben ei\u00adnem mensch\u00adli\u00adchen Ki\u00adcker, Par\u00adcou\u00adren, Speed\u00adl\u00e4u\u00adfen, Bas\u00adket\u00adball und Ball\u00adw\u00fcr\u00adfen, gab es noch ein Zwei-Felder-Ball.<\/div>\n<div><\/div>\n<div>Ziel des Ta\u00adges war es, die Klas\u00adsen\u00adge\u00admein\u00adschaf\u00adten zu st\u00e4r\u00adken so\u00adwie den Team\u00adgeist und das Mit\u00adein\u00adan\u00adder im Schul\u00adle\u00adben zu f\u00f6r\u00addern. Den Kin\u00addern hat es sicht\u00adlich Spa\u00df ge\u00admacht und wir hof\u00adfen in Zu\u00adkunft die\u00adses Event noch ein\u00admal ge\u00admein\u00adsam durch\u00adf\u00fch\u00adren zu k\u00f6nnen.<\/div>\n<hr>\n<\/div>\n\t\t<\/div><\/div><\/div><div id=\"pg-1162-23\" class=\"panel-grid panel-no-style\"><div id=\"pgc-1162-23-0\" class=\"panel-grid-cell\"><div id=\"panel-1162-23-0-0\" class=\"so-panel widget widget_media_image panel-first-child panel-last-child\" data-index=\"45\"><a href=\"https:\/\/ludgerusschule-herten.de\/wp-content\/uploads\/2022\/11\/7F70D144-CA87-4F80-882E-4303370F4617.jpg\"><img width=\"300\" height=\"300\" src=\"https:\/\/ludgerusschule-herten.de\/wp-content\/uploads\/2022\/11\/7F70D144-CA87-4F80-882E-4303370F4617-300x300.jpg\" class=\"image wp-image-3843  attachment-medium size-medium\" alt decoding=\"async\" loading=\"lazy\" style=\"max-width: 100%; height: auto;\" srcset=\"https:\/\/ludgerusschule-herten.de\/wp-content\/uploads\/2022\/11\/7F70D144-CA87-4F80-882E-4303370F4617-300x300.jpg 300w, https:\/\/ludgerusschule-herten.de\/wp-content\/uploads\/2022\/11\/7F70D144-CA87-4F80-882E-4303370F4617-1024x1024.jpg 1024w, https:\/\/ludgerusschule-herten.de\/wp-content\/uploads\/2022\/11\/7F70D144-CA87-4F80-882E-4303370F4617-150x150.jpg 150w, https:\/\/ludgerusschule-herten.de\/wp-content\/uploads\/2022\/11\/7F70D144-CA87-4F80-882E-4303370F4617-768x768.jpg 768w, https:\/\/ludgerusschule-herten.de\/wp-content\/uploads\/2022\/11\/7F70D144-CA87-4F80-882E-4303370F4617-600x600.jpg 600w, https:\/\/ludgerusschule-herten.de\/wp-content\/uploads\/2022\/11\/7F70D144-CA87-4F80-882E-4303370F4617-1536x1536.jpg 1536w, https:\/\/ludgerusschule-herten.de\/wp-content\/uploads\/2022\/11\/7F70D144-CA87-4F80-882E-4303370F4617.jpg 2048w, https:\/\/ludgerusschule-herten.de\/wp-content\/uploads\/2022\/11\/7F70D144-CA87-4F80-882E-4303370F4617-246x246.jpg 246w, https:\/\/ludgerusschule-herten.de\/wp-content\/uploads\/2022\/11\/7F70D144-CA87-4F80-882E-4303370F4617-520x520.jpg 520w, https:\/\/ludgerusschule-herten.de\/wp-content\/uploads\/2022\/11\/7F70D144-CA87-4F80-882E-4303370F4617-185x185.jpg 185w, https:\/\/ludgerusschule-herten.de\/wp-content\/uploads\/2022\/11\/7F70D144-CA87-4F80-882E-4303370F4617-220x220.jpg 220w, https:\/\/ludgerusschule-herten.de\/wp-content\/uploads\/2022\/11\/7F70D144-CA87-4F80-882E-4303370F4617-60x60.jpg 60w, https:\/\/ludgerusschule-herten.de\/wp-content\/uploads\/2022\/11\/7F70D144-CA87-4F80-882E-4303370F4617-384x384.jpg 384w\" sizes=\"(max-width: 300px) 100vw, 300px\"><\/a><\/div><\/div><div id=\"pgc-1162-23-1\" class=\"panel-grid-cell\"><div id=\"panel-1162-23-1-0\" class=\"so-panel widget widget_text panel-first-child panel-last-child\" data-index=\"46\"><h3 class=\"widget-title\">En\u00ader\u00adgie\u00adpro\u00adjekt<\/h3>\t\t\t<div class=\"textwidget\"><p><em>(13.11.2022)<\/em><\/p>\n<div>Der vier\u00adte Jahr\u00adgang der Lud\u00adge\u00adrus\u00adschu\u00adle hat\u00adte Be\u00adsuch von Herrn Fran\u00adken von den Her\u00adte\u00adner Stadt\u00adwer\u00adken, der sie \u00fcber ver\u00adschie\u00adde\u00adne Kraft\u00adwer\u00adke und de\u00adren En\u00ader\u00adgie\u00adge\u00adwin\u00adnung auf\u00adkl\u00e4r\u00adte. Zur Freu\u00adde der Kin\u00adder brach\u00adte Herr Fran\u00adken ei\u00adne klei\u00adne Dampf\u00adma\u00adschi\u00adne mit und er\u00adkl\u00e4r\u00adte den Kin\u00addern, wie die\u00adse funk\u00adtio\u00adniert und wel\u00adche Tei\u00adle hier\u00adf\u00fcr be\u00adn\u00f6\u00adtigt wer\u00adden. Die Kin\u00adder durf\u00adten da\u00adbei hel\u00adfen die Dampf\u00adma\u00adschi\u00adne in Be\u00adwe\u00adgung zu brin\u00adgen, bei der erst Rauch \u00fcber ei\u00adnen Ge\u00adne\u00adra\u00adtor, dann Dampf und an\u00adschlie\u00ad\u00dfend Strom er\u00adzeugt&nbsp;wurde.<br>\nIm An\u00adschluss konn\u00adten die Kin\u00adder mit klei\u00adnen so\u00adlar\u00adbe\u00adtrie\u00adbe\u00adnen Fahr\u00adzeu\u00adgen auf dem Schul\u00adhof Er\u00adfah\u00adrun\u00adgen im Be\u00adreich der gr\u00fc\u00adnen En\u00ader\u00adgie sammeln.<\/div>\n<hr>\n<\/div>\n\t\t<\/div><\/div><\/div><div id=\"pg-1162-24\" class=\"panel-grid panel-no-style\"><div id=\"pgc-1162-24-0\" class=\"panel-grid-cell\"><div id=\"panel-1162-24-0-0\" class=\"so-panel widget widget_media_image panel-first-child panel-last-child\" data-index=\"47\"><img width=\"300\" height=\"200\" src=\"https:\/\/ludgerusschule-herten.de\/wp-content\/uploads\/2022\/10\/pexels-designecologist-1389460-300x200.jpg\" class=\"image wp-image-3826  attachment-medium size-medium\" alt decoding=\"async\" loading=\"lazy\" style=\"max-width: 100%; height: auto;\" srcset=\"https:\/\/ludgerusschule-herten.de\/wp-content\/uploads\/2022\/10\/pexels-designecologist-1389460-300x200.jpg 300w, https:\/\/ludgerusschule-herten.de\/wp-content\/uploads\/2022\/10\/pexels-designecologist-1389460-1024x683.jpg 1024w, https:\/\/ludgerusschule-herten.de\/wp-content\/uploads\/2022\/10\/pexels-designecologist-1389460-768x512.jpg 768w, https:\/\/ludgerusschule-herten.de\/wp-content\/uploads\/2022\/10\/pexels-designecologist-1389460-391x260.jpg 391w, https:\/\/ludgerusschule-herten.de\/wp-content\/uploads\/2022\/10\/pexels-designecologist-1389460-600x400.jpg 600w, https:\/\/ludgerusschule-herten.de\/wp-content\/uploads\/2022\/10\/pexels-designecologist-1389460-1536x1024.jpg 1536w, https:\/\/ludgerusschule-herten.de\/wp-content\/uploads\/2022\/10\/pexels-designecologist-1389460-2048x1365.jpg 2048w, https:\/\/ludgerusschule-herten.de\/wp-content\/uploads\/2022\/10\/pexels-designecologist-1389460-272x182.jpg 272w\" sizes=\"(max-width: 300px) 100vw, 300px\"><\/div><\/div><div id=\"pgc-1162-24-1\" class=\"panel-grid-cell\"><div id=\"panel-1162-24-1-0\" class=\"so-panel widget widget_text panel-first-child panel-last-child\" data-index=\"48\"><h3 class=\"widget-title\">Herbst\u00adfe\u00adri\u00aden<\/h3>\t\t\t<div class=\"textwidget\"><p><em>(01.10.2022)<\/em><\/p>\n<div>\n<p>Lie\u00adbe Kinder,<\/p>\n<p>wir w\u00fcn\u00adschen Euch er\u00adhol\u00adsa\u00adme Herbstferien.<\/p>\n<p>Eu\u00ader Ludgerusteam<\/p>\n<\/div>\n<hr>\n<\/div>\n\t\t<\/div><\/div><\/div><div id=\"pg-1162-25\" class=\"panel-grid panel-no-style\"><div id=\"pgc-1162-25-0\" class=\"panel-grid-cell\"><div id=\"panel-1162-25-0-0\" class=\"so-panel widget widget_media_image panel-first-child panel-last-child\" data-index=\"49\"><img width=\"300\" height=\"200\" src=\"https:\/\/ludgerusschule-herten.de\/wp-content\/uploads\/2021\/08\/back-to-school-2629361_1920-300x200.jpg\" class=\"image wp-image-3599  attachment-medium size-medium\" alt decoding=\"async\" loading=\"lazy\" style=\"max-width: 100%; height: auto;\" srcset=\"https:\/\/ludgerusschule-herten.de\/wp-content\/uploads\/2021\/08\/back-to-school-2629361_1920-300x200.jpg 300w, https:\/\/ludgerusschule-herten.de\/wp-content\/uploads\/2021\/08\/back-to-school-2629361_1920-1024x683.jpg 1024w, https:\/\/ludgerusschule-herten.de\/wp-content\/uploads\/2021\/08\/back-to-school-2629361_1920-768x512.jpg 768w, https:\/\/ludgerusschule-herten.de\/wp-content\/uploads\/2021\/08\/back-to-school-2629361_1920-391x260.jpg 391w, https:\/\/ludgerusschule-herten.de\/wp-content\/uploads\/2021\/08\/back-to-school-2629361_1920-600x400.jpg 600w, https:\/\/ludgerusschule-herten.de\/wp-content\/uploads\/2021\/08\/back-to-school-2629361_1920-1536x1024.jpg 1536w, https:\/\/ludgerusschule-herten.de\/wp-content\/uploads\/2021\/08\/back-to-school-2629361_1920-272x182.jpg 272w, https:\/\/ludgerusschule-herten.de\/wp-content\/uploads\/2021\/08\/back-to-school-2629361_1920.jpg 1920w\" sizes=\"(max-width: 300px) 100vw, 300px\"><\/div><\/div><div id=\"pgc-1162-25-1\" class=\"panel-grid-cell\"><div id=\"panel-1162-25-1-0\" class=\"so-panel widget widget_text panel-first-child panel-last-child\" data-index=\"50\"><h3 class=\"widget-title\">Schul\u00adstart<\/h3>\t\t\t<div class=\"textwidget\"><p><em>(04.08.2022)<\/em><\/p>\n<p>Lie\u00adbe Kin\u00adder, wir w\u00fcn\u00adschen Euch ei\u00adnen gu\u00adten Start in das Schul\u00adjahr 2022\/2023. In die\u00adsem Jahr wer\u00adden wir wie\u00adder neue Sch\u00fc\u00adle\u00adrin\u00adnen und Sch\u00fc\u00adler be\u00adgr\u00fc\u00ad\u00dfen und f\u00fcr ei\u00adni\u00adge von Euch ist es das letz\u00adte Schul\u00adjahr an ei\u00adner Grund\u00adschu\u00adle. Ei\u00adne span\u00adnen\u00adde Zeit liegt vor&nbsp;uns.<\/p>\n<p>Wir freu\u00aden uns, Euch bald wiederzusehen.<\/p>\n<p>Lie\u00adbe&nbsp;Gr\u00fc\u00dfe<br>\nDas Team der Ludgerusschule<\/p>\n<hr>\n<\/div>\n\t\t<\/div><\/div><\/div><div id=\"pg-1162-26\" class=\"panel-grid panel-no-style\"><div id=\"pgc-1162-26-0\" class=\"panel-grid-cell\"><div id=\"panel-1162-26-0-0\" class=\"so-panel widget widget_media_image panel-first-child panel-last-child\" data-index=\"51\"><a href=\"https:\/\/ludgerusschule-herten.de\/wp-content\/uploads\/2022\/08\/pw.jpg\"><img width=\"300\" height=\"252\" src=\"https:\/\/ludgerusschule-herten.de\/wp-content\/uploads\/2022\/08\/pw-300x252.jpg\" class=\"image wp-image-3808  attachment-medium size-medium\" alt decoding=\"async\" loading=\"lazy\" style=\"max-width: 100%; height: auto;\" srcset=\"https:\/\/ludgerusschule-herten.de\/wp-content\/uploads\/2022\/08\/pw-300x252.jpg 300w, https:\/\/ludgerusschule-herten.de\/wp-content\/uploads\/2022\/08\/pw-1024x859.jpg 1024w, https:\/\/ludgerusschule-herten.de\/wp-content\/uploads\/2022\/08\/pw-768x644.jpg 768w, https:\/\/ludgerusschule-herten.de\/wp-content\/uploads\/2022\/08\/pw-600x503.jpg 600w, https:\/\/ludgerusschule-herten.de\/wp-content\/uploads\/2022\/08\/pw.jpg 1411w\" sizes=\"(max-width: 300px) 100vw, 300px\"><\/a><\/div><\/div><div id=\"pgc-1162-26-1\" class=\"panel-grid-cell\"><div id=\"panel-1162-26-1-0\" class=\"so-panel widget widget_text panel-first-child panel-last-child\" data-index=\"52\"><h3 class=\"widget-title\">Pro\u00adjekt\u00adwo\u00adche&nbsp;2022<\/h3>\t\t\t<div class=\"textwidget\"><p><em>(04.08.2022)<\/em><\/p>\n<p>In die\u00adsem Jahr war es dann mal wie\u00adder end\u00adlich so weit und wir konn\u00adten wie\u00adder ge\u00admein\u00adsam ei\u00adne Pro\u00adjekt\u00adwo\u00adche ge\u00adstal\u00adten. Un\u00adter dem Mot\u00adto \u201eSport und Spie\u00adle\u201c konn\u00adten die Kin\u00adder vie\u00adle span\u00adnen\u00adde und sch\u00f6\u00adne An\u00adge\u00adbo\u00adte kennenlernen.<\/p>\n<p>Das Be\u00adson\u00adde\u00adre an die\u00adser Pro\u00adjekt\u00adwo\u00adche war, dass die Sch\u00fc\u00adle\u00adrin\u00adnen und Sch\u00fc\u00adler in ei\u00adner f\u00fcr die\u00adse Wo\u00adche neu zu\u00adsam\u00admen\u00adge\u00adsetz\u00adten Grup\u00adpe, je\u00adden Tag ein neu\u00ades An\u00adge\u00adbot bei ei\u00adner an\u00adde\u00adren Lehr\u00adkraft ken\u00adnen\u00adler\u00adnen durf\u00adten. In den Pro\u00adjekt\u00adwo\u00adchen der vor\u00adhe\u00adri\u00adgen Jah\u00adre be\u00adglei\u00adte\u00adte sonst im\u00admer nur ei\u00adne Lehr\u00adkraft die Grup\u00adpe durch die gan\u00adze Wo\u00adche. Mit dem neu\u00aden Ro\u00adta\u00adti\u00adons\u00adver\u00adfah\u00adren gab es al\u00adso je\u00adden Tag et\u00adwas neu\u00ades, span\u00adnen\u00addes und un\u00ader\u00adwar\u00adte\u00adtes zu ent\u00adde\u00adcken. An\u00adhand ei\u00adner An\u00adge\u00adbots\u00ad\u00fcber\u00adsicht konn\u00adten die Sch\u00fc\u00adle\u00adrin\u00adnen und Sch\u00fc\u00adler ge\u00adnau se\u00adhen, in wel\u00adche R\u00e4u\u00adme sie am Fol\u00adge\u00adtag ge\u00adhen muss\u00adten und wel\u00adches An\u00adge\u00adbot auf sie wartete.<\/p>\n<p>Die Sch\u00fc\u00adle\u00adrin\u00adnen und Sch\u00fc\u00adler er\u00adleb\u00adten An\u00adge\u00adbo\u00adte wie bei\u00adspiels\u00adwei\u00adse Wett\u00adren\u00adnen mit Bob\u00adby\u00adcars auf dem Schul\u00adhof, Team\u00adspie\u00adle mit T\u00fc\u00adchern und B\u00e4l\u00adlen, Stei\u00adne be\u00adma\u00adlen, Ge\u00adschick\u00adlich\u00adkeits\u00adspie\u00adle, Quiz\u00adze auf&nbsp;dem<br>\ni\u2011Pad zu er\u00adstel\u00adlen und vie\u00adles&nbsp;mehr.<br>\nDas En\u00adde der dies\u00adj\u00e4h\u00adri\u00adgen Pro\u00adjekt\u00adwo\u00adche bil\u00adde\u00adte das Sport\u00adfest, das sich per\u00adfekt in das Mot\u00adto der Pro\u00adjekt\u00adwo\u00adche f\u00fcg\u00adte und ei\u00adnen sch\u00f6\u00adnen Ab\u00adschluss bildete.<\/p>\n<p>Die Pro\u00adjekt\u00adwo\u00adche hat wie\u00adder ge\u00adzeigt, wie wich\u00adtig es ist, Kin\u00adder zu ani\u00admie\u00adren, sich k\u00f6r\u00adper\u00adlich zu be\u00adwe\u00adgen und das Spie\u00adlen auch jen\u00adseits von di\u00adgi\u00adta\u00adlen Me\u00addi\u00aden zu f\u00f6rdern.<\/p>\n<p>Wir freu\u00aden uns auf die Pro\u00adjekt\u00adwo\u00adche im n\u00e4chs\u00adten Jahr und sind schon auf die The\u00admen und An\u00adge\u00adbo\u00adte gespannt.<\/p>\n<hr>\n<\/div>\n\t\t<\/div><\/div><\/div><div id=\"pg-1162-27\" class=\"panel-grid panel-no-style\"><div id=\"pgc-1162-27-0\" class=\"panel-grid-cell\"><div id=\"panel-1162-27-0-0\" class=\"so-panel widget widget_media_image panel-first-child panel-last-child\" data-index=\"53\"><a href=\"https:\/\/ludgerusschule-herten.de\/wp-content\/uploads\/2022\/06\/Collage-Becher-scaled.jpg\"><img width=\"300\" height=\"123\" src=\"https:\/\/ludgerusschule-herten.de\/wp-content\/uploads\/2022\/06\/Collage-Becher-300x123.jpg\" class=\"image wp-image-3791  attachment-medium size-medium\" alt decoding=\"async\" loading=\"lazy\" style=\"max-width: 100%; height: auto;\" srcset=\"https:\/\/ludgerusschule-herten.de\/wp-content\/uploads\/2022\/06\/Collage-Becher-300x123.jpg 300w, https:\/\/ludgerusschule-herten.de\/wp-content\/uploads\/2022\/06\/Collage-Becher-1024x419.jpg 1024w, https:\/\/ludgerusschule-herten.de\/wp-content\/uploads\/2022\/06\/Collage-Becher-768x314.jpg 768w, https:\/\/ludgerusschule-herten.de\/wp-content\/uploads\/2022\/06\/Collage-Becher-600x245.jpg 600w, https:\/\/ludgerusschule-herten.de\/wp-content\/uploads\/2022\/06\/Collage-Becher-1536x628.jpg 1536w, https:\/\/ludgerusschule-herten.de\/wp-content\/uploads\/2022\/06\/Collage-Becher-2048x837.jpg 2048w\" sizes=\"(max-width: 300px) 100vw, 300px\"><\/a><\/div><\/div><div id=\"pgc-1162-27-1\" class=\"panel-grid-cell\"><div id=\"panel-1162-27-1-0\" class=\"so-panel widget widget_text panel-first-child panel-last-child\" data-index=\"54\"><h3 class=\"widget-title\">Wir wer\u00adden zu Musikern!<\/h3>\t\t\t<div class=\"textwidget\"><p><em>(12.06.2022)<\/em><\/p>\n<p>Die Eu\u00ad\u00ad\u00adlen-Klas\u00ad\u00adse (2b) hat im Mu\u00adsik\u00adun\u00adter\u00adricht ei\u00adge\u00adne Trom\u00admel\u00adras\u00adseln ge\u00adbaut. Mit die\u00adsen In\u00adstru\u00admen\u00adten wur\u00adden im An\u00adschluss ver\u00adschie\u00adde\u00adne Mu\u00adsik\u00adfor\u00adma\u00adte be\u00adglei\u00adtet. So\u00adwohl beim Volks\u00adlied als auch beim klas\u00adsi\u00adschen Marsch hat\u00adten die Kin\u00adder die M\u00f6g\u00adlich\u00adkeit, sich mu\u00adsi\u00adka\u00adlisch auszutoben.<br>\nNun sind die Eu\u00adlen Rhythmus-Experten!<\/p>\n<hr>\n<\/div>\n\t\t<\/div><\/div><\/div><div id=\"pg-1162-28\" class=\"panel-grid panel-no-style\"><div id=\"pgc-1162-28-0\" class=\"panel-grid-cell\"><div id=\"panel-1162-28-0-0\" class=\"so-panel widget widget_media_image panel-first-child panel-last-child\" data-index=\"55\"><a href=\"https:\/\/ludgerusschule-herten.de\/wp-content\/uploads\/2022\/05\/Zoo-Collage-22.jpg\"><img width=\"169\" height=\"300\" src=\"https:\/\/ludgerusschule-herten.de\/wp-content\/uploads\/2022\/05\/Zoo-Collage-22-169x300.jpg\" class=\"image wp-image-3787  attachment-medium size-medium\" alt decoding=\"async\" loading=\"lazy\" style=\"max-width: 100%; height: auto;\" srcset=\"https:\/\/ludgerusschule-herten.de\/wp-content\/uploads\/2022\/05\/Zoo-Collage-22-169x300.jpg 169w, https:\/\/ludgerusschule-herten.de\/wp-content\/uploads\/2022\/05\/Zoo-Collage-22-576x1024.jpg 576w, https:\/\/ludgerusschule-herten.de\/wp-content\/uploads\/2022\/05\/Zoo-Collage-22-768x1365.jpg 768w, https:\/\/ludgerusschule-herten.de\/wp-content\/uploads\/2022\/05\/Zoo-Collage-22-337x600.jpg 337w, https:\/\/ludgerusschule-herten.de\/wp-content\/uploads\/2022\/05\/Zoo-Collage-22-864x1536.jpg 864w, https:\/\/ludgerusschule-herten.de\/wp-content\/uploads\/2022\/05\/Zoo-Collage-22.jpg 1063w\" sizes=\"(max-width: 169px) 100vw, 169px\"><\/a><\/div><\/div><div id=\"pgc-1162-28-1\" class=\"panel-grid-cell\"><div id=\"panel-1162-28-1-0\" class=\"so-panel widget widget_text panel-first-child panel-last-child\" data-index=\"56\"><h3 class=\"widget-title\">Aus\u00adflug in den&nbsp;Zoo<\/h3>\t\t\t<div class=\"textwidget\"><p><em>(17.05.2022)<\/em><\/p>\n<p>F\u00fcr die Eu\u00ad\u00ad\u00adlen- und Pan\u00addaklas\u00adse hie\u00df es am 4. Mai 2022 auf zum ers\u00adten gro\u00ad\u00dfen Aus\u00adflug. Nach so lan\u00adger Zeit mit Co\u00adro\u00adnabe\u00adschr\u00e4n\u00adkun\u00adgen ging es in die Zoom-Er\u00ad\u00adle\u00adb\u00ad\u00adnis\u00ad\u00adwelt nach Gel\u00adsen\u00adkir\u00adchen. In der Zoo\u00adschu\u00adle strei\u00adchel\u00adten wir ein L\u00f6\u00adwen\u00adfell und konn\u00adten Schne\u00adcken auf die Hand neh\u00admen. Bei sch\u00f6ns\u00adtem Son\u00adnen\u00adschein ent\u00addeck\u00adten wir dann noch vie\u00adle an\u00adde\u00adre Tie\u00adre, wie Pin\u00adgui\u00adne, Erd\u00adm\u00e4nn\u00adchen und Ze\u00adbras in den ver\u00adschie\u00adde\u00adnen Welten.<\/p>\n<p>&nbsp;<\/p>\n<p>&nbsp;<\/p>\n<hr>\n<\/div>\n\t\t<\/div><\/div><\/div><div id=\"pg-1162-29\" class=\"panel-grid panel-no-style\"><div id=\"pgc-1162-29-0\" class=\"panel-grid-cell\"><div id=\"panel-1162-29-0-0\" class=\"so-panel widget widget_media_image panel-first-child panel-last-child\" data-index=\"57\"><a href=\"https:\/\/ludgerusschule-herten.de\/wp-content\/uploads\/2022\/04\/8636F073-9890-4E34-96FF-730D4A10D131.jpg\"><img width=\"300\" height=\"300\" src=\"https:\/\/ludgerusschule-herten.de\/wp-content\/uploads\/2022\/04\/8636F073-9890-4E34-96FF-730D4A10D131-300x300.jpg\" class=\"image wp-image-3763  attachment-medium size-medium\" alt decoding=\"async\" loading=\"lazy\" style=\"max-width: 100%; height: auto;\" srcset=\"https:\/\/ludgerusschule-herten.de\/wp-content\/uploads\/2022\/04\/8636F073-9890-4E34-96FF-730D4A10D131-300x300.jpg 300w, https:\/\/ludgerusschule-herten.de\/wp-content\/uploads\/2022\/04\/8636F073-9890-4E34-96FF-730D4A10D131-1024x1024.jpg 1024w, https:\/\/ludgerusschule-herten.de\/wp-content\/uploads\/2022\/04\/8636F073-9890-4E34-96FF-730D4A10D131-150x150.jpg 150w, https:\/\/ludgerusschule-herten.de\/wp-content\/uploads\/2022\/04\/8636F073-9890-4E34-96FF-730D4A10D131-768x768.jpg 768w, https:\/\/ludgerusschule-herten.de\/wp-content\/uploads\/2022\/04\/8636F073-9890-4E34-96FF-730D4A10D131-600x600.jpg 600w, https:\/\/ludgerusschule-herten.de\/wp-content\/uploads\/2022\/04\/8636F073-9890-4E34-96FF-730D4A10D131-1536x1536.jpg 1536w, https:\/\/ludgerusschule-herten.de\/wp-content\/uploads\/2022\/04\/8636F073-9890-4E34-96FF-730D4A10D131.jpg 2048w, https:\/\/ludgerusschule-herten.de\/wp-content\/uploads\/2022\/04\/8636F073-9890-4E34-96FF-730D4A10D131-246x246.jpg 246w, https:\/\/ludgerusschule-herten.de\/wp-content\/uploads\/2022\/04\/8636F073-9890-4E34-96FF-730D4A10D131-520x520.jpg 520w, https:\/\/ludgerusschule-herten.de\/wp-content\/uploads\/2022\/04\/8636F073-9890-4E34-96FF-730D4A10D131-185x185.jpg 185w, https:\/\/ludgerusschule-herten.de\/wp-content\/uploads\/2022\/04\/8636F073-9890-4E34-96FF-730D4A10D131-220x220.jpg 220w, https:\/\/ludgerusschule-herten.de\/wp-content\/uploads\/2022\/04\/8636F073-9890-4E34-96FF-730D4A10D131-60x60.jpg 60w, https:\/\/ludgerusschule-herten.de\/wp-content\/uploads\/2022\/04\/8636F073-9890-4E34-96FF-730D4A10D131-384x384.jpg 384w\" sizes=\"(max-width: 300px) 100vw, 300px\"><\/a><\/div><\/div><div id=\"pgc-1162-29-1\" class=\"panel-grid-cell\"><div id=\"panel-1162-29-1-0\" class=\"so-panel widget widget_text panel-first-child panel-last-child\" data-index=\"58\"><h3 class=\"widget-title\">Vor\u00adsicht, Piraten!<\/h3>\t\t\t<div class=\"textwidget\"><p><em>(03.04.2022)<\/em><\/p>\n<p>Die Wasch\u00adb\u00e4\u00adren (1c) ha\u00adben im Sach\u00adun\u00adter\u00adricht zum The\u00adma \u201eSchwim\u00admen und Sin\u00adken\u201c ge\u00adforscht. An\u00adschlie\u00ad\u00dfend wur\u00adden Fl\u00f6\u00ad\u00dfe f\u00fcr die Pi\u00adra\u00adtin Wan\u00adda Wasch\u00adb\u00e4r gebaut.<br>\nDa\u00adbei sind ganz tol\u00adle Ideen entstanden.<\/p>\n<p>&nbsp;<\/p>\n<p>&nbsp;<\/p>\n<hr>\n<\/div>\n\t\t<\/div><\/div><\/div><div id=\"pg-1162-30\" class=\"panel-grid panel-no-style\"><div id=\"pgc-1162-30-0\" class=\"panel-grid-cell\"><div id=\"panel-1162-30-0-0\" class=\"so-panel widget widget_media_image panel-first-child panel-last-child\" data-index=\"59\"><img width=\"224\" height=\"300\" src=\"https:\/\/ludgerusschule-herten.de\/wp-content\/uploads\/2022\/04\/20220324_111317-224x300.jpg\" class=\"image wp-image-3762  attachment-medium size-medium\" alt decoding=\"async\" loading=\"lazy\" style=\"max-width: 100%; height: auto;\" srcset=\"https:\/\/ludgerusschule-herten.de\/wp-content\/uploads\/2022\/04\/20220324_111317-224x300.jpg 224w, https:\/\/ludgerusschule-herten.de\/wp-content\/uploads\/2022\/04\/20220324_111317-766x1024.jpg 766w, https:\/\/ludgerusschule-herten.de\/wp-content\/uploads\/2022\/04\/20220324_111317-768x1027.jpg 768w, https:\/\/ludgerusschule-herten.de\/wp-content\/uploads\/2022\/04\/20220324_111317-300x400.jpg 300w, https:\/\/ludgerusschule-herten.de\/wp-content\/uploads\/2022\/04\/20220324_111317-449x600.jpg 449w, https:\/\/ludgerusschule-herten.de\/wp-content\/uploads\/2022\/04\/20220324_111317-1149x1536.jpg 1149w, https:\/\/ludgerusschule-herten.de\/wp-content\/uploads\/2022\/04\/20220324_111317-1532x2048.jpg 1532w, https:\/\/ludgerusschule-herten.de\/wp-content\/uploads\/2022\/04\/20220324_111317-scaled.jpg 1915w\" sizes=\"(max-width: 224px) 100vw, 224px\"><\/div><\/div><div id=\"pgc-1162-30-1\" class=\"panel-grid-cell\"><div id=\"panel-1162-30-1-0\" class=\"so-panel widget widget_text panel-first-child panel-last-child\" data-index=\"60\"><h3 class=\"widget-title\">Her\u00adten putzt \u2013 Wir hel\u00adfen&nbsp;mit!<\/h3>\t\t\t<div class=\"textwidget\"><p><em>(03.04.2022)<\/em><\/p>\n<div dir=\"auto\"><span dir=\"auto\">Un\u00adse\u00adre Klas\u00adsen 3a und 3b ha\u00adben er\u00adfolg\u00adreich bei der Ak\u00adti\u00adon <b>Her\u00adten putzt <\/b>teil\u00adge\u00adnom\u00admen. Mit Hand\u00adschu\u00adhen und gro\u00ad\u00dfen M\u00fcll\u00ads\u00e4\u00adcken sam\u00admel\u00adten die Kin\u00adder flei\u00ad\u00dfig den her\u00adum\u00adlie\u00adgen\u00adden M\u00fcll von Stra\u00ad\u00dfen, B\u00fcr\u00adger\u00adstei\u00adgen und Spielpl\u00e4tzen.<\/span><\/div>\n<div dir=\"auto\"><span dir=\"auto\">F\u00fcr ei\u00adnen be\u00adwuss\u00adten und um\u00adwelt\u00adscho\u00adnen\u00adden Um\u00adgang mit&nbsp;M\u00fcll!<\/span><\/div>\n<p>&nbsp;<\/p>\n<p>&nbsp;<\/p>\n<hr>\n<\/div>\n\t\t<\/div><\/div><\/div><div id=\"pg-1162-31\" class=\"panel-grid panel-no-style\"><div id=\"pgc-1162-31-0\" class=\"panel-grid-cell\"><div id=\"panel-1162-31-0-0\" class=\"so-panel widget widget_media_image panel-first-child panel-last-child\" data-index=\"61\"><img width=\"300\" height=\"225\" src=\"https:\/\/ludgerusschule-herten.de\/wp-content\/uploads\/2022\/04\/3-300x225.jpg\" class=\"image wp-image-3765  attachment-medium size-medium\" alt decoding=\"async\" loading=\"lazy\" style=\"max-width: 100%; height: auto;\" srcset=\"https:\/\/ludgerusschule-herten.de\/wp-content\/uploads\/2022\/04\/3-300x225.jpg 300w, https:\/\/ludgerusschule-herten.de\/wp-content\/uploads\/2022\/04\/3-1024x768.jpg 1024w, https:\/\/ludgerusschule-herten.de\/wp-content\/uploads\/2022\/04\/3-768x576.jpg 768w, https:\/\/ludgerusschule-herten.de\/wp-content\/uploads\/2022\/04\/3-600x450.jpg 600w, https:\/\/ludgerusschule-herten.de\/wp-content\/uploads\/2022\/04\/3.jpg 1386w\" sizes=\"(max-width: 300px) 100vw, 300px\"><\/div><\/div><div id=\"pgc-1162-31-1\" class=\"panel-grid-cell\"><div id=\"panel-1162-31-1-0\" class=\"so-panel widget widget_text panel-first-child panel-last-child\" data-index=\"62\"><h3 class=\"widget-title\">Frie\u00addens\u00adtau\u00adben der 4a f\u00fcr die Ukraine<\/h3>\t\t\t<div class=\"textwidget\"><p><em>(03.04.2022)<\/em><\/p>\n<p>Der Ukrai\u00adne Kon\u00adflikt ist auch an un\u00adse\u00adrer Schu\u00adle ein The\u00adma. Im\u00admer wie\u00adder wird die\u00adser im Un\u00adter\u00adricht the\u00adma\u00adti\u00adsiert und es gibt Zeit und Raum f\u00fcr Fra\u00adgen, Ge\u00addan\u00adken und Sor\u00adgen der Kinder.<\/p>\n<p>&nbsp;<\/p>\n<hr>\n<\/div>\n\t\t<\/div><\/div><\/div><div id=\"pg-1162-32\" class=\"panel-grid panel-no-style\"><div id=\"pgc-1162-32-0\" class=\"panel-grid-cell\"><div id=\"panel-1162-32-0-0\" class=\"so-panel widget widget_media_image panel-first-child panel-last-child\" data-index=\"63\"><img width=\"300\" height=\"300\" src=\"https:\/\/ludgerusschule-herten.de\/wp-content\/uploads\/2022\/04\/19DAEFB5-DE7C-43E6-AE05-4FA9D18BAB14-300x300.jpg\" class=\"image wp-image-3766  attachment-medium size-medium\" alt decoding=\"async\" loading=\"lazy\" style=\"max-width: 100%; height: auto;\" srcset=\"https:\/\/ludgerusschule-herten.de\/wp-content\/uploads\/2022\/04\/19DAEFB5-DE7C-43E6-AE05-4FA9D18BAB14-300x300.jpg 300w, https:\/\/ludgerusschule-herten.de\/wp-content\/uploads\/2022\/04\/19DAEFB5-DE7C-43E6-AE05-4FA9D18BAB14-1024x1024.jpg 1024w, https:\/\/ludgerusschule-herten.de\/wp-content\/uploads\/2022\/04\/19DAEFB5-DE7C-43E6-AE05-4FA9D18BAB14-150x150.jpg 150w, https:\/\/ludgerusschule-herten.de\/wp-content\/uploads\/2022\/04\/19DAEFB5-DE7C-43E6-AE05-4FA9D18BAB14-768x768.jpg 768w, https:\/\/ludgerusschule-herten.de\/wp-content\/uploads\/2022\/04\/19DAEFB5-DE7C-43E6-AE05-4FA9D18BAB14-600x600.jpg 600w, https:\/\/ludgerusschule-herten.de\/wp-content\/uploads\/2022\/04\/19DAEFB5-DE7C-43E6-AE05-4FA9D18BAB14-1536x1536.jpg 1536w, https:\/\/ludgerusschule-herten.de\/wp-content\/uploads\/2022\/04\/19DAEFB5-DE7C-43E6-AE05-4FA9D18BAB14.jpg 2048w, https:\/\/ludgerusschule-herten.de\/wp-content\/uploads\/2022\/04\/19DAEFB5-DE7C-43E6-AE05-4FA9D18BAB14-246x246.jpg 246w, https:\/\/ludgerusschule-herten.de\/wp-content\/uploads\/2022\/04\/19DAEFB5-DE7C-43E6-AE05-4FA9D18BAB14-520x520.jpg 520w, https:\/\/ludgerusschule-herten.de\/wp-content\/uploads\/2022\/04\/19DAEFB5-DE7C-43E6-AE05-4FA9D18BAB14-185x185.jpg 185w, https:\/\/ludgerusschule-herten.de\/wp-content\/uploads\/2022\/04\/19DAEFB5-DE7C-43E6-AE05-4FA9D18BAB14-220x220.jpg 220w, https:\/\/ludgerusschule-herten.de\/wp-content\/uploads\/2022\/04\/19DAEFB5-DE7C-43E6-AE05-4FA9D18BAB14-60x60.jpg 60w, https:\/\/ludgerusschule-herten.de\/wp-content\/uploads\/2022\/04\/19DAEFB5-DE7C-43E6-AE05-4FA9D18BAB14-384x384.jpg 384w\" sizes=\"(max-width: 300px) 100vw, 300px\"><\/div><\/div><div id=\"pgc-1162-32-1\" class=\"panel-grid-cell\"><div id=\"panel-1162-32-1-0\" class=\"so-panel widget widget_text panel-first-child panel-last-child\" data-index=\"64\"><h3 class=\"widget-title\">Der let\u00adzet Be\u00adsuch im Na\u00adtur\u00ader\u00adle\u00adbenis\u00adgar\u00adten f\u00fcr die&nbsp;4a<\/h3>\t\t\t<div class=\"textwidget\"><p><em>(03.04.2022)<\/em><\/p>\n<p>Am Frei\u00adtag, den 25.3.22 be\u00adsuch\u00adte die 4a zum letz\u00adten Mal den Na\u00adtur\u00ader\u00adle\u00adbenis\u00adgar\u00adten. Bei sch\u00f6ns\u00adtem Son\u00adnen\u00adschein ging es los auf Er\u00adkun\u00addungs\u00adtour. Es mach\u00adte wie im\u00admer sehr viel Spa\u00df und es war ein ge\u00adlun\u00adge\u00adner Ab\u00adschluss. Je\u00addoch fiel der Ab\u00adschied sehr schwer.<\/p>\n<p>&nbsp;<\/p>\n<hr>\n<\/div>\n\t\t<\/div><\/div><\/div><div id=\"pg-1162-33\" class=\"panel-grid panel-no-style\"><div id=\"pgc-1162-33-0\" class=\"panel-grid-cell\"><div id=\"panel-1162-33-0-0\" class=\"so-panel widget widget_media_image panel-first-child panel-last-child\" data-index=\"65\"><img width=\"223\" height=\"300\" src=\"https:\/\/ludgerusschule-herten.de\/wp-content\/uploads\/2022\/04\/2-223x300.jpg\" class=\"image wp-image-3764  attachment-medium size-medium\" alt decoding=\"async\" loading=\"lazy\" style=\"max-width: 100%; height: auto;\" srcset=\"https:\/\/ludgerusschule-herten.de\/wp-content\/uploads\/2022\/04\/2-223x300.jpg 223w, https:\/\/ludgerusschule-herten.de\/wp-content\/uploads\/2022\/04\/2-762x1024.jpg 762w, https:\/\/ludgerusschule-herten.de\/wp-content\/uploads\/2022\/04\/2-768x1031.jpg 768w, https:\/\/ludgerusschule-herten.de\/wp-content\/uploads\/2022\/04\/2-447x600.jpg 447w, https:\/\/ludgerusschule-herten.de\/wp-content\/uploads\/2022\/04\/2-1144x1536.jpg 1144w, https:\/\/ludgerusschule-herten.de\/wp-content\/uploads\/2022\/04\/2.jpg 1376w\" sizes=\"(max-width: 223px) 100vw, 223px\"><\/div><\/div><div id=\"pgc-1162-33-1\" class=\"panel-grid-cell\"><div id=\"panel-1162-33-1-0\" class=\"so-panel widget widget_text panel-first-child panel-last-child\" data-index=\"66\"><h3 class=\"widget-title\">Skate-Schu\u00ad\u00adle<\/h3>\t\t\t<div class=\"textwidget\"><p><em>(03.04.2022)<\/em><\/p>\n<p>F\u00fcr die 3. und 4. Klas\u00adsen stand am Frei\u00adtag, den 4.3.22 In\u00adline\u00adska\u00adten auf dem Stundenplan.<br>\nNach ei\u00adner kur\u00adzen Er\u00adkl\u00e4\u00adrung und dem An\u00adle\u00adgen der Schutz\u00adaus\u00adr\u00fcs\u00adtung ging es auch schon&nbsp;los.<br>\nNach\u00adein\u00adan\u00adder wur\u00adden die Kids auf die Rol\u00adlen ge\u00adholt und dann hie\u00df es Ska\u00adten bis die Rol\u00adlen gl\u00fchen.<\/p>\n<p>Vie\u00adlen Dank an die Skate-Schu\u00ad\u00adle, die die\u00adses Er\u00adleb\u00adnis ab\u00adwechs\u00adlungs\u00adreich und span\u00adnend ge\u00adstal\u00adtet&nbsp;hat.<\/p>\n<p>&nbsp;<\/p>\n<hr>\n<\/div>\n\t\t<\/div><\/div><\/div><div id=\"pg-1162-34\" class=\"panel-grid panel-no-style\"><div id=\"pgc-1162-34-0\" class=\"panel-grid-cell\"><div id=\"panel-1162-34-0-0\" class=\"so-panel widget widget_media_image panel-first-child panel-last-child\" data-index=\"67\"><img width=\"253\" height=\"300\" src=\"https:\/\/ludgerusschule-herten.de\/wp-content\/uploads\/2022\/03\/fobizz_Siegel_21_22-253x300.jpg\" class=\"image wp-image-3758  attachment-medium size-medium\" alt decoding=\"async\" loading=\"lazy\" style=\"max-width: 100%; height: auto;\" srcset=\"https:\/\/ludgerusschule-herten.de\/wp-content\/uploads\/2022\/03\/fobizz_Siegel_21_22-253x300.jpg 253w, https:\/\/ludgerusschule-herten.de\/wp-content\/uploads\/2022\/03\/fobizz_Siegel_21_22-865x1024.jpg 865w, https:\/\/ludgerusschule-herten.de\/wp-content\/uploads\/2022\/03\/fobizz_Siegel_21_22-768x909.jpg 768w, https:\/\/ludgerusschule-herten.de\/wp-content\/uploads\/2022\/03\/fobizz_Siegel_21_22-507x600.jpg 507w, https:\/\/ludgerusschule-herten.de\/wp-content\/uploads\/2022\/03\/fobizz_Siegel_21_22-1297x1536.jpg 1297w, https:\/\/ludgerusschule-herten.de\/wp-content\/uploads\/2022\/03\/fobizz_Siegel_21_22-1730x2048.jpg 1730w, https:\/\/ludgerusschule-herten.de\/wp-content\/uploads\/2022\/03\/fobizz_Siegel_21_22.jpg 1988w\" sizes=\"(max-width: 253px) 100vw, 253px\"><\/div><\/div><div id=\"pgc-1162-34-1\" class=\"panel-grid-cell\"><div id=\"panel-1162-34-1-0\" class=\"so-panel widget widget_text panel-first-child panel-last-child\" data-index=\"68\"><h3 class=\"widget-title\">Aus\u00adzeich\u00adnung fo\u00ad\u00adbizz-Schu\u00ad\u00adle 2021\/2022<\/h3>\t\t\t<div class=\"textwidget\"><p><em>(15.03.2022)<\/em><\/p>\n<p>Wir sind stolz dar\u00adauf fo\u00ad\u00adbizz-Schu\u00ad\u00adle 2021\/2022 zu sein. Fo\u00adbizz ist ein An\u00adbie\u00adter f\u00fcr On\u00ad\u00adli\u00adne-For\u00adt\u00ad\u00adbil\u00ad\u00addun\u00ad\u00adgen, bei dem sich Lehr\u00adkr\u00e4f\u00adte be\u00addarfs\u00adge\u00adrecht und kon\u00adti\u00adnu\u00adier\u00adlich zu ak\u00adtu\u00adel\u00adlen The\u00admen wei\u00adter\u00adbil\u00adden k\u00f6n\u00adnen. Die On\u00ad\u00adli\u00adne-For\u00adt\u00ad\u00adbil\u00ad\u00addun\u00ad\u00adgen sind dau\u00ader\u00adhaft ver\u00adf\u00fcg\u00adbar und k\u00f6n\u00adnen je\u00adder\u00adzeit be\u00adsucht wer\u00adden. Al\u00adle Lehr\u00adkr\u00e4f\u00adte k\u00f6n\u00adnen sich so im ei\u00adge\u00adnen Tem\u00adpo und von \u00fcber\u00adall aus wei\u00adter\u00adbil\u00adden. In den pra\u00adxis\u00adna\u00adhen Fort\u00adbil\u00addun\u00adgen er\u00adwer\u00adben Lehr\u00adkr\u00e4f\u00adte di\u00adgi\u00adta\u00adle Kom\u00adpe\u00adten\u00adzen und di\u00ad\u00addak\u00ad\u00adtisch-me\u00ad\u00adtho\u00ad\u00addi\u00ad\u00adsche F\u00e4\u00adhig\u00adkei\u00adten, um di\u00adgi\u00adta\u00adle Tech\u00adno\u00adlo\u00adgien sinn\u00advoll im Un\u00adter\u00adricht ein\u00adzu\u00adset\u00adzen und zu the\u00adma\u00adti\u00adsie\u00adren. Teils wur\u00adden die bis\u00adher ge\u00admach\u00adten Er\u00adfah\u00adrun\u00adgen und neu\u00aden Er\u00adkennt\u00adnis\u00adse schon er\u00adfolg\u00adreich mit un\u00adse\u00adren neu\u00aden di\u00adgi\u00adta\u00adlen Ta\u00adfeln um\u00adge\u00adsetzt und erprobt.<\/p>\n<p>Sch\u00f6n, dass wir nun auch ein di\u00adgi\u00adta\u00adles G\u00fc\u00adte\u00adsie\u00adgel tragen.<\/p>\n<hr>\n<\/div>\n\t\t<\/div><\/div><\/div><div id=\"pg-1162-35\" class=\"panel-grid panel-no-style\"><div id=\"pgc-1162-35-0\" class=\"panel-grid-cell\"><div id=\"panel-1162-35-0-0\" class=\"so-panel widget widget_media_image panel-first-child panel-last-child\" data-index=\"69\"><img width=\"300\" height=\"211\" src=\"https:\/\/ludgerusschule-herten.de\/wp-content\/uploads\/2022\/03\/blumen-300x211.jpg\" class=\"image wp-image-3744  attachment-medium size-medium\" alt decoding=\"async\" loading=\"lazy\" style=\"max-width: 100%; height: auto;\" srcset=\"https:\/\/ludgerusschule-herten.de\/wp-content\/uploads\/2022\/03\/blumen-300x211.jpg 300w, https:\/\/ludgerusschule-herten.de\/wp-content\/uploads\/2022\/03\/blumen-1024x722.jpg 1024w, https:\/\/ludgerusschule-herten.de\/wp-content\/uploads\/2022\/03\/blumen-768x541.jpg 768w, https:\/\/ludgerusschule-herten.de\/wp-content\/uploads\/2022\/03\/blumen-600x423.jpg 600w, https:\/\/ludgerusschule-herten.de\/wp-content\/uploads\/2022\/03\/blumen-1536x1083.jpg 1536w, https:\/\/ludgerusschule-herten.de\/wp-content\/uploads\/2022\/03\/blumen-2048x1444.jpg 2048w\" sizes=\"(max-width: 300px) 100vw, 300px\"><\/div><\/div><div id=\"pgc-1162-35-1\" class=\"panel-grid-cell\"><div id=\"panel-1162-35-1-0\" class=\"so-panel widget widget_text panel-first-child panel-last-child\" data-index=\"70\"><h3 class=\"widget-title\">Fr\u00fch\u00adlings\u00adgru\u00df<\/h3>\t\t\t<div class=\"textwidget\"><p><em>(08.03.2022)<\/em><\/p>\n<p>Ei\u00adne klei\u00adne Auf\u00admerk\u00adsam\u00adkeit zum Welt\u00adfrau\u00aden\u00adtag von ei\u00adner lie\u00adben Mut\u00adter, auch in schwe\u00adren Zeiten!<br>\nVie\u00adlen lie\u00adben Dank&nbsp;daf\u00fcr&nbsp;\ud83d\ude42<\/p>\n<p>&nbsp;<\/p>\n<hr>\n<\/div>\n\t\t<\/div><\/div><\/div><div id=\"pg-1162-36\" class=\"panel-grid panel-no-style\"><div id=\"pgc-1162-36-0\" class=\"panel-grid-cell\"><div id=\"panel-1162-36-0-0\" class=\"so-panel widget widget_media_image panel-first-child panel-last-child\" data-index=\"71\"><img width=\"225\" height=\"300\" src=\"https:\/\/ludgerusschule-herten.de\/wp-content\/uploads\/2022\/03\/IMG_6497-225x300.jpg\" class=\"image wp-image-3736  attachment-medium size-medium\" alt decoding=\"async\" loading=\"lazy\" style=\"max-width: 100%; height: auto;\" srcset=\"https:\/\/ludgerusschule-herten.de\/wp-content\/uploads\/2022\/03\/IMG_6497-225x300.jpg 225w, https:\/\/ludgerusschule-herten.de\/wp-content\/uploads\/2022\/03\/IMG_6497-768x1024.jpg 768w, https:\/\/ludgerusschule-herten.de\/wp-content\/uploads\/2022\/03\/IMG_6497-300x400.jpg 300w, https:\/\/ludgerusschule-herten.de\/wp-content\/uploads\/2022\/03\/IMG_6497-450x600.jpg 450w, https:\/\/ludgerusschule-herten.de\/wp-content\/uploads\/2022\/03\/IMG_6497-1152x1536.jpg 1152w, https:\/\/ludgerusschule-herten.de\/wp-content\/uploads\/2022\/03\/IMG_6497-1536x2048.jpg 1536w, https:\/\/ludgerusschule-herten.de\/wp-content\/uploads\/2022\/03\/IMG_6497-scaled.jpg 1920w\" sizes=\"(max-width: 225px) 100vw, 225px\"><\/div><\/div><div id=\"pgc-1162-36-1\" class=\"panel-grid-cell\"><div id=\"panel-1162-36-1-0\" class=\"so-panel widget widget_text panel-first-child panel-last-child\" data-index=\"72\"><h3 class=\"widget-title\">Kar\u00adne\u00adval<\/h3>\t\t\t<div class=\"textwidget\"><p><em>(26.02.2022)<\/em><\/p>\n<p>Am 25.02.2022 wur\u00adde an der Lud\u00adge\u00adrus\u00adschu\u00adle in den ers\u00adten vier Schul\u00adstun\u00adden Kar\u00adne\u00adval ge\u00adfei\u00adert. Vie\u00adle Kin\u00adder ha\u00adben sich ver\u00adklei\u00addet und man konn\u00adte an die\u00adsem Tag Prin\u00adzes\u00adsin\u00adnen, Gi\u00adraf\u00adfen, B\u00e4\u00adren, Har\u00adry Pot\u00adter und vie\u00adlen mehr be\u00adgeg\u00adnen. Im Rah\u00admen der Co\u00adro\u00adna\u00adre\u00adge\u00adlun\u00adgen konn\u00adten die Kin\u00adder ma\u00adlen, bas\u00adteln, spie\u00adlen und tan\u00adzen. Na\u00adt\u00fcr\u00adlich durf\u00adte es an Es\u00adsen und S\u00fc\u00ad\u00dfig\u00adkei\u00adten nicht feh\u00adlen. Un\u00adse\u00adre neu\u00aden di\u00adgi\u00adta\u00adlen Ta\u00adfeln wur\u00adden als Dis\u00adko\u00adlicht um\u00adfunk\u00adtio\u00adniert. Am En\u00adde des Schul\u00adta\u00adges gin\u00adgen al\u00adle Kin\u00adder mit ei\u00adnem L\u00e4\u00adcheln nach Hau\u00adse. Wir sind schon auf die Kos\u00adt\u00fc\u00adme und Ver\u00adklei\u00addun\u00adgen im n\u00e4chs\u00adten Jahr gespannt.<\/p>\n<p>&nbsp;<\/p>\n<hr>\n<\/div>\n\t\t<\/div><\/div><\/div><div id=\"pg-1162-37\" class=\"panel-grid panel-no-style\"><div id=\"pgc-1162-37-0\" class=\"panel-grid-cell\"><div id=\"panel-1162-37-0-0\" class=\"so-panel widget widget_media_image panel-first-child panel-last-child\" data-index=\"73\"><img width=\"300\" height=\"191\" src=\"https:\/\/ludgerusschule-herten.de\/wp-content\/uploads\/2022\/02\/ima_97fbfb7-300x191.jpeg\" class=\"image wp-image-3732  attachment-medium size-medium\" alt decoding=\"async\" loading=\"lazy\" style=\"max-width: 100%; height: auto;\" srcset=\"https:\/\/ludgerusschule-herten.de\/wp-content\/uploads\/2022\/02\/ima_97fbfb7-300x191.jpeg 300w, https:\/\/ludgerusschule-herten.de\/wp-content\/uploads\/2022\/02\/ima_97fbfb7-1024x651.jpeg 1024w, https:\/\/ludgerusschule-herten.de\/wp-content\/uploads\/2022\/02\/ima_97fbfb7-768x488.jpeg 768w, https:\/\/ludgerusschule-herten.de\/wp-content\/uploads\/2022\/02\/ima_97fbfb7-600x381.jpeg 600w, https:\/\/ludgerusschule-herten.de\/wp-content\/uploads\/2022\/02\/ima_97fbfb7-1536x976.jpeg 1536w, https:\/\/ludgerusschule-herten.de\/wp-content\/uploads\/2022\/02\/ima_97fbfb7-2048x1301.jpeg 2048w\" sizes=\"(max-width: 300px) 100vw, 300px\"><\/div><\/div><div id=\"pgc-1162-37-1\" class=\"panel-grid-cell\"><div id=\"panel-1162-37-1-0\" class=\"so-panel widget widget_text panel-first-child panel-last-child\" data-index=\"74\"><h3 class=\"widget-title\">Ver\u00adkehrs\u00adpo\u00adli\u00adzei<\/h3>\t\t\t<div class=\"textwidget\"><p><em>(19.02.2022)<\/em><\/p>\n<p>Die Ver\u00adkehrs\u00adpo\u00adli\u00adzei be\u00adsuch\u00adte am 16.02.2022 al\u00adle Klas\u00adsen des ers\u00adten Jahr\u00adgangs und sprach mit den Kin\u00addern \u00fcber Ver\u00adkehrs\u00adteil\u00adneh\u00admer, Ver\u00adkehrs\u00adwe\u00adge und ein si\u00adche\u00adres Ver\u00adhal\u00adten im Stra\u00ad\u00dfen\u00adver\u00adkehr. \u2028In ei\u00adnem klei\u00adnen Ex\u00adpe\u00adri\u00adment konn\u00adten die Kin\u00adder tes\u00adten, ob auch sie si\u00adcher und gut sicht\u00adbar im Stra\u00ad\u00dfen\u00adver\u00adkehr un\u00adter\u00adwegs sind.\u2028 Die Kin\u00adder fan\u00adden es sehr span\u00adnend und dan\u00adken der Ver\u00adkehrs\u00adpo\u00adli\u00adzei f\u00fcr ih\u00adren Besuch.<\/p>\n<hr>\n<\/div>\n\t\t<\/div><\/div><\/div><div id=\"pg-1162-38\" class=\"panel-grid panel-no-style\"><div id=\"pgc-1162-38-0\" class=\"panel-grid-cell\"><div id=\"panel-1162-38-0-0\" class=\"so-panel widget widget_media_image panel-first-child panel-last-child\" data-index=\"75\"><img width=\"300\" height=\"200\" src=\"https:\/\/ludgerusschule-herten.de\/wp-content\/uploads\/2022\/01\/pexels-kampus-production-8171194-300x200.jpg\" class=\"image wp-image-3725  attachment-medium size-medium\" alt decoding=\"async\" loading=\"lazy\" style=\"max-width: 100%; height: auto;\" srcset=\"https:\/\/ludgerusschule-herten.de\/wp-content\/uploads\/2022\/01\/pexels-kampus-production-8171194-300x200.jpg 300w, https:\/\/ludgerusschule-herten.de\/wp-content\/uploads\/2022\/01\/pexels-kampus-production-8171194-1024x683.jpg 1024w, https:\/\/ludgerusschule-herten.de\/wp-content\/uploads\/2022\/01\/pexels-kampus-production-8171194-768x512.jpg 768w, https:\/\/ludgerusschule-herten.de\/wp-content\/uploads\/2022\/01\/pexels-kampus-production-8171194-391x260.jpg 391w, https:\/\/ludgerusschule-herten.de\/wp-content\/uploads\/2022\/01\/pexels-kampus-production-8171194-600x400.jpg 600w, https:\/\/ludgerusschule-herten.de\/wp-content\/uploads\/2022\/01\/pexels-kampus-production-8171194-1536x1024.jpg 1536w, https:\/\/ludgerusschule-herten.de\/wp-content\/uploads\/2022\/01\/pexels-kampus-production-8171194-2048x1365.jpg 2048w, https:\/\/ludgerusschule-herten.de\/wp-content\/uploads\/2022\/01\/pexels-kampus-production-8171194-272x182.jpg 272w\" sizes=\"(max-width: 300px) 100vw, 300px\"><\/div><\/div><div id=\"pgc-1162-38-1\" class=\"panel-grid-cell\"><div id=\"panel-1162-38-1-0\" class=\"so-panel widget widget_text panel-first-child panel-last-child\" data-index=\"76\"><h3 class=\"widget-title\">Mit\u00adge\u00adstal\u00adten<\/h3>\t\t\t<div class=\"textwidget\"><p><em>(13.01.2022)<\/em><\/p>\n<p>Ei\u00adne gu\u00adte Ko\u00adope\u00adra\u00adti\u00adon zwi\u00adschen El\u00adtern und Lehr\u00adkr\u00e4f\u00adten bil\u00addet die Grund\u00adla\u00adge f\u00fcr den Bil\u00addungs\u00ader\u00adfolg von Sch\u00fc\u00adle\u00adrin\u00adnen und Sch\u00fclern.<br>\nUn\u00adse\u00adre neue E\u2011Mail Adres\u00adse soll es Ih\u00adnen er\u00adleich\u00adtern uns Vor\u00adschl\u00e4\u00adge, An\u00adre\u00adgun\u00adgen und Ver\u00adbes\u00adse\u00adrungs\u00adideen mitzuteilen.<\/p>\n<p>Al\u00adles Wei\u00adte\u00adre er\u00adfah\u00adren Sie <a href=\"https:\/\/ludgerusschule-herten.de\/?page_id=3723\" target=\"_blank\" rel=\"noopener\">hier<\/a>.<\/p>\n<p>Ihr Lud\u00adge\u00adrus\u00adteam<\/p>\n<hr>\n<\/div>\n\t\t<\/div><\/div><\/div><div id=\"pg-1162-39\" class=\"panel-grid panel-no-style\"><div id=\"pgc-1162-39-0\" class=\"panel-grid-cell\"><div id=\"panel-1162-39-0-0\" class=\"so-panel widget widget_media_image panel-first-child panel-last-child\" data-index=\"77\"><img width=\"300\" height=\"278\" src=\"https:\/\/ludgerusschule-herten.de\/wp-content\/uploads\/2021\/12\/Nikolaus-web-300x278.jpg\" class=\"image wp-image-3700  attachment-medium size-medium\" alt decoding=\"async\" loading=\"lazy\" style=\"max-width: 100%; height: auto;\" srcset=\"https:\/\/ludgerusschule-herten.de\/wp-content\/uploads\/2021\/12\/Nikolaus-web-300x278.jpg 300w, https:\/\/ludgerusschule-herten.de\/wp-content\/uploads\/2021\/12\/Nikolaus-web-1024x949.jpg 1024w, https:\/\/ludgerusschule-herten.de\/wp-content\/uploads\/2021\/12\/Nikolaus-web-768x712.jpg 768w, https:\/\/ludgerusschule-herten.de\/wp-content\/uploads\/2021\/12\/Nikolaus-web-600x556.jpg 600w, https:\/\/ludgerusschule-herten.de\/wp-content\/uploads\/2021\/12\/Nikolaus-web-1536x1424.jpg 1536w, https:\/\/ludgerusschule-herten.de\/wp-content\/uploads\/2021\/12\/Nikolaus-web-2048x1899.jpg 2048w\" sizes=\"(max-width: 300px) 100vw, 300px\"><\/div><\/div><div id=\"pgc-1162-39-1\" class=\"panel-grid-cell\"><div id=\"panel-1162-39-1-0\" class=\"so-panel widget widget_text panel-first-child panel-last-child\" data-index=\"78\"><h3 class=\"widget-title\">Ni\u00adko\u00adlaus\u00adtag<\/h3>\t\t\t<div class=\"textwidget\"><p><em>(06.12.2021)<\/em><\/p>\n<p>Habt Ihr den Ni\u00adko\u00adlaus heu\u00adte auch ge\u00adse\u00adhen? Mit sei\u00adner ro\u00adten M\u00fct\u00adze, sei\u00adnem ro\u00adten Ge\u00adwand und gro\u00ad\u00dfen Krummstab?<br>\nWir sind uns ganz si\u00adcher und ha\u00adben uns \u00fcber den Be\u00adsuch sehr gefreut.<br>\nDan\u00adke lie\u00adber Nikolaus.<\/p>\n<hr>\n<\/div>\n\t\t<\/div><\/div><\/div><div id=\"pg-1162-40\" class=\"panel-grid panel-no-style\"><div id=\"pgc-1162-40-0\" class=\"panel-grid-cell\"><div id=\"panel-1162-40-0-0\" class=\"so-panel widget widget_media_image panel-first-child panel-last-child\" data-index=\"79\"><img width=\"300\" height=\"204\" src=\"https:\/\/ludgerusschule-herten.de\/wp-content\/uploads\/2021\/12\/Tafel-web-300x204.jpg\" class=\"image wp-image-3699  attachment-medium size-medium\" alt decoding=\"async\" loading=\"lazy\" style=\"max-width: 100%; height: auto;\" srcset=\"https:\/\/ludgerusschule-herten.de\/wp-content\/uploads\/2021\/12\/Tafel-web-300x204.jpg 300w, https:\/\/ludgerusschule-herten.de\/wp-content\/uploads\/2021\/12\/Tafel-web-1024x696.jpg 1024w, https:\/\/ludgerusschule-herten.de\/wp-content\/uploads\/2021\/12\/Tafel-web-768x522.jpg 768w, https:\/\/ludgerusschule-herten.de\/wp-content\/uploads\/2021\/12\/Tafel-web-474x324.jpg 474w, https:\/\/ludgerusschule-herten.de\/wp-content\/uploads\/2021\/12\/Tafel-web-600x408.jpg 600w, https:\/\/ludgerusschule-herten.de\/wp-content\/uploads\/2021\/12\/Tafel-web-1536x1044.jpg 1536w, https:\/\/ludgerusschule-herten.de\/wp-content\/uploads\/2021\/12\/Tafel-web-2048x1392.jpg 2048w\" sizes=\"(max-width: 300px) 100vw, 300px\"><\/div><\/div><div id=\"pgc-1162-40-1\" class=\"panel-grid-cell\"><div id=\"panel-1162-40-1-0\" class=\"so-panel widget widget_text panel-first-child panel-last-child\" data-index=\"80\"><h3 class=\"widget-title\">Di\u00adgi\u00adta\u00adle Tafeln<\/h3>\t\t\t<div class=\"textwidget\"><p><em>(No\u00advem\u00adber&nbsp;2021)<\/em><\/p>\n<p>Im No\u00advem\u00adber 2021 war es dann end\u00adlich so\u00adweit. Sie\u00adben Krei\u00adde\u00adta\u00adfeln wur\u00adden ge\u00adgen di\u00adgi\u00adta\u00adle Ta\u00adfeln mit seit\u00adli\u00adchen White\u00adboard\u00adfl\u00fc\u00adgeln aus\u00adge\u00adtauscht. Der rie\u00adsi\u00adge Bild\u00adschirm sorg\u00adte nicht nur bei den Kin\u00addern f\u00fcr gro\u00ad\u00dfes Stau\u00adnen. Auch die Lehr\u00adkr\u00e4f\u00adte wa\u00adren ver\u00adbl\u00fcfft und muss\u00adten sich erst ein\u00admal mit der neu\u00aden Ta\u00adfel ver\u00adtraut ma\u00adchen. Bis al\u00adle Funk\u00adtio\u00adnen und M\u00f6g\u00adlich\u00adkei\u00adten ent\u00addeckt und aus\u00adge\u00adsch\u00f6pft wer\u00adden, wird wohl noch ein\u00adge Zeit ver\u00adge\u00adhen. Aber vie\u00adle krea\u00adti\u00adve Ideen und span\u00adnen\u00adde Un\u00adter\u00adrichts\u00adrei\u00adhen wer\u00adden mit\u00adhil\u00adfe der Ta\u00adfel f\u00fcr die Kin\u00adder si\u00adcher\u00adlich ei\u00adnen gro\u00ad\u00dfen Mehr\u00adwert brin\u00adgen. Da\u00advon sind wir \u00fcberzeugt.<br>\nIm Jahr 2022 er\u00adfolgt der Aus\u00adtausch wei\u00adte\u00adrer Krei\u00adde\u00adta\u00adfeln. Wir freu\u00aden uns&nbsp;schon.<\/p>\n<hr>\n<\/div>\n\t\t<\/div><\/div><\/div><div id=\"pg-1162-41\" class=\"panel-grid panel-no-style\"><div id=\"pgc-1162-41-0\" class=\"panel-grid-cell\"><div id=\"panel-1162-41-0-0\" class=\"so-panel widget widget_media_image panel-first-child panel-last-child\" data-index=\"81\"><img width=\"300\" height=\"253\" src=\"https:\/\/ludgerusschule-herten.de\/wp-content\/uploads\/2021\/12\/Einheitsbuddeln-300x253.jpg\" class=\"image wp-image-3705  attachment-medium size-medium\" alt decoding=\"async\" loading=\"lazy\" style=\"max-width: 100%; height: auto;\" srcset=\"https:\/\/ludgerusschule-herten.de\/wp-content\/uploads\/2021\/12\/Einheitsbuddeln-300x253.jpg 300w, https:\/\/ludgerusschule-herten.de\/wp-content\/uploads\/2021\/12\/Einheitsbuddeln-1024x862.jpg 1024w, https:\/\/ludgerusschule-herten.de\/wp-content\/uploads\/2021\/12\/Einheitsbuddeln-768x647.jpg 768w, https:\/\/ludgerusschule-herten.de\/wp-content\/uploads\/2021\/12\/Einheitsbuddeln-600x505.jpg 600w, https:\/\/ludgerusschule-herten.de\/wp-content\/uploads\/2021\/12\/Einheitsbuddeln-1536x1293.jpg 1536w, https:\/\/ludgerusschule-herten.de\/wp-content\/uploads\/2021\/12\/Einheitsbuddeln.jpg 1612w\" sizes=\"(max-width: 300px) 100vw, 300px\"><\/div><\/div><div id=\"pgc-1162-41-1\" class=\"panel-grid-cell\"><div id=\"panel-1162-41-1-0\" class=\"so-panel widget widget_text panel-first-child panel-last-child\" data-index=\"82\"><h3 class=\"widget-title\">Ein\u00adheits\u00adbud\u00addeln&nbsp;2021<\/h3>\t\t\t<div class=\"textwidget\"><p><em>(03.10.2021)<\/em><\/p>\n<p>Lie\u00adbe El\u00adtern und Erziehungsberechtigte,<br>\nam 03. Ok\u00adto\u00adber 2021 wur\u00adden im Rah\u00admen des \u201eEin\u00adheits\u00adbud\u00addeln 2021\u201c zwei jun\u00adge B\u00e4u\u00adme von un\u00adse\u00adren Sch\u00fc\u00adle\u00adrin\u00adnen und Sch\u00fc\u00adlern in der N\u00e4\u00adhe der Lud\u00adge\u00adrus\u00adschu\u00adle ge\u00adpflanzt, um ei\u00adnen Bei\u00adtrag f\u00fcr den Kli\u00ad\u00adma- und Um\u00adwelt\u00adschutz zu leisten.<\/p>\n<p><a href=\"https:\/\/ludgerusschule-herten.de\/wp-content\/uploads\/2021\/12\/einheitsbuddeln-2021.pdf\">In die\u00adsem Er\u00adleb\u00adnis\u00adbe\u00adricht<\/a> fin\u00adden Sie ei\u00adnen klei\u00adnen Bei\u00adtrag \u00fcber die Er\u00adeig\u00adnis\u00adse an die\u00adsem, doch ver\u00adreg\u00adne\u00adten, Tag. Vie\u00adlen Dank f\u00fcr Ih\u00adre Un\u00adter\u00adst\u00fct\u00adzung, die die\u00adses Pro\u00adjekt erst er\u00adm\u00f6g\u00adlicht&nbsp;hat.<\/p>\n<p>Ihr Lud\u00adge\u00adrus\u00adteam<\/p>\n<hr>\n<\/div>\n\t\t<\/div><\/div><\/div><div id=\"pg-1162-42\" class=\"panel-grid panel-no-style\"><div id=\"pgc-1162-42-0\" class=\"panel-grid-cell\"><div id=\"panel-1162-42-0-0\" class=\"so-panel widget widget_media_image panel-first-child panel-last-child\" data-index=\"83\"><a href=\"https:\/\/ludgerusschule-herten.de\/wp-content\/uploads\/2021\/08\/back-to-school-2629361_1920.jpg\"><img width=\"300\" height=\"200\" src=\"https:\/\/ludgerusschule-herten.de\/wp-content\/uploads\/2021\/08\/back-to-school-2629361_1920-300x200.jpg\" class=\"image wp-image-3599  attachment-medium size-medium\" alt decoding=\"async\" loading=\"lazy\" style=\"max-width: 100%; height: auto;\" srcset=\"https:\/\/ludgerusschule-herten.de\/wp-content\/uploads\/2021\/08\/back-to-school-2629361_1920-300x200.jpg 300w, https:\/\/ludgerusschule-herten.de\/wp-content\/uploads\/2021\/08\/back-to-school-2629361_1920-1024x683.jpg 1024w, https:\/\/ludgerusschule-herten.de\/wp-content\/uploads\/2021\/08\/back-to-school-2629361_1920-768x512.jpg 768w, https:\/\/ludgerusschule-herten.de\/wp-content\/uploads\/2021\/08\/back-to-school-2629361_1920-391x260.jpg 391w, https:\/\/ludgerusschule-herten.de\/wp-content\/uploads\/2021\/08\/back-to-school-2629361_1920-600x400.jpg 600w, https:\/\/ludgerusschule-herten.de\/wp-content\/uploads\/2021\/08\/back-to-school-2629361_1920-1536x1024.jpg 1536w, https:\/\/ludgerusschule-herten.de\/wp-content\/uploads\/2021\/08\/back-to-school-2629361_1920-272x182.jpg 272w, https:\/\/ludgerusschule-herten.de\/wp-content\/uploads\/2021\/08\/back-to-school-2629361_1920.jpg 1920w\" sizes=\"(max-width: 300px) 100vw, 300px\"><\/a><\/div><\/div><div id=\"pgc-1162-42-1\" class=\"panel-grid-cell\"><div id=\"panel-1162-42-1-0\" class=\"so-panel widget widget_text panel-first-child panel-last-child\" data-index=\"84\"><h3 class=\"widget-title\">Al\u00adles Gu\u00adte zum Schulanfang<\/h3>\t\t\t<div class=\"textwidget\"><p><em>(07.08.2021)<\/em><\/p>\n<p>Lie\u00adbe Erst\u00adkl\u00e4ss\u00adle\u00adrin\u00adnen und Erstkl\u00e4ssler,<\/p>\n<p>die Kin\u00adder\u00adgar\u00adten\u00adzeit ist zu En\u00adde und die Zeit als Schul\u00adkind be\u00adginnt. Ihr seid be\u00adstimmt schon ganz neu\u00adgie\u00adrig und seid ge\u00adspannt, was ihr in der Schu\u00adle al\u00adles ler\u00adnen werdet.<br>\nAuch das Team der Lud\u00adge\u00adrus\u00adschu\u00adle freut sich schon sehr auf euch und eu\u00adren ers\u00adten Schultag.<\/p>\n<p>Und hey, kennst du schon un\u00adser <a href=\"https:\/\/ludgerusschule-herten.de\/wp-content\/uploads\/2019\/10\/T-Shirts-V2.pdf\" target=\"_blank\" rel=\"noopener\">Schul T\u2011Shirt<\/a>?<\/p>\n<p>Auch den an\u00adde\u00adren Sch\u00fc\u00adle\u00adrin\u00adnen und Sch\u00fc\u00adler der Lud\u00adge\u00adrus\u00adschu\u00adle w\u00fcn\u00adschen wir ei\u00adnen gu\u00adten Start ins neue Schuljahr.<\/p>\n<p>Vie\u00adle lie\u00adbe&nbsp;Gr\u00fc\u00dfe<br>\nEu\u00ader Ludgerusteam<\/p>\n<hr>\n<\/div>\n\t\t<\/div><\/div><\/div><div id=\"pg-1162-43\" class=\"panel-grid panel-no-style\"><div id=\"pgc-1162-43-0\" class=\"panel-grid-cell\"><div id=\"panel-1162-43-0-0\" class=\"so-panel widget widget_media_image panel-first-child panel-last-child\" data-index=\"85\"><a href=\"https:\/\/ludgerusschule-herten.de\/wp-content\/uploads\/2021\/01\/Film-ab.jpg\"><img width=\"225\" height=\"300\" src=\"https:\/\/ludgerusschule-herten.de\/wp-content\/uploads\/2021\/01\/Film-ab-225x300.jpg\" class=\"image wp-image-3473  attachment-medium size-medium\" alt decoding=\"async\" loading=\"lazy\" style=\"max-width: 100%; height: auto;\" srcset=\"https:\/\/ludgerusschule-herten.de\/wp-content\/uploads\/2021\/01\/Film-ab-225x300.jpg 225w, https:\/\/ludgerusschule-herten.de\/wp-content\/uploads\/2021\/01\/Film-ab-768x1025.jpg 768w, https:\/\/ludgerusschule-herten.de\/wp-content\/uploads\/2021\/01\/Film-ab-300x400.jpg 300w, https:\/\/ludgerusschule-herten.de\/wp-content\/uploads\/2021\/01\/Film-ab-450x600.jpg 450w, https:\/\/ludgerusschule-herten.de\/wp-content\/uploads\/2021\/01\/Film-ab.jpg 886w\" sizes=\"(max-width: 225px) 100vw, 225px\"><\/a><\/div><\/div><div id=\"pgc-1162-43-1\" class=\"panel-grid-cell\"><div id=\"panel-1162-43-1-0\" class=\"so-panel widget widget_text panel-first-child panel-last-child\" data-index=\"86\"><h3 class=\"widget-title\">We\u00adbe\u00adbe\u00adcher basteln<\/h3>\t\t\t<div class=\"textwidget\"><p><em>(19.04.2021)<\/em><\/p>\n<p>Lie\u00adbe El\u00adtern und Besucher,<\/p>\n<p>hier fin\u00adden Sie ein&nbsp;<a href=\"https:\/\/gopro.com\/v\/2RJqgzJWrza68\" target=\"_blank\" rel=\"noopener\">Bas\u00adtel\u00advi\u00addeo zum The\u00adma We\u00adbe\u00adbe\u00adcher<\/a> von Frau&nbsp;Piehl.<\/p>\n<p>&nbsp;<\/p>\n<hr>\n<\/div>\n\t\t<\/div><\/div><\/div><div id=\"pg-1162-44\" class=\"panel-grid panel-no-style\"><div id=\"pgc-1162-44-0\" class=\"panel-grid-cell\"><div id=\"panel-1162-44-0-0\" class=\"so-panel widget widget_media_image panel-first-child panel-last-child\" data-index=\"87\"><a href=\"https:\/\/ludgerusschule-herten.de\/wp-content\/uploads\/2021\/03\/pexels-freestocksorg-954016-scaled.jpg\"><img width=\"300\" height=\"200\" src=\"https:\/\/ludgerusschule-herten.de\/wp-content\/uploads\/2021\/03\/pexels-freestocksorg-954016-300x200.jpg\" class=\"image wp-image-3528  attachment-medium size-medium\" alt decoding=\"async\" loading=\"lazy\" style=\"max-width: 100%; height: auto;\" srcset=\"https:\/\/ludgerusschule-herten.de\/wp-content\/uploads\/2021\/03\/pexels-freestocksorg-954016-300x200.jpg 300w, https:\/\/ludgerusschule-herten.de\/wp-content\/uploads\/2021\/03\/pexels-freestocksorg-954016-1024x683.jpg 1024w, https:\/\/ludgerusschule-herten.de\/wp-content\/uploads\/2021\/03\/pexels-freestocksorg-954016-768x512.jpg 768w, https:\/\/ludgerusschule-herten.de\/wp-content\/uploads\/2021\/03\/pexels-freestocksorg-954016-391x260.jpg 391w, https:\/\/ludgerusschule-herten.de\/wp-content\/uploads\/2021\/03\/pexels-freestocksorg-954016-600x400.jpg 600w, https:\/\/ludgerusschule-herten.de\/wp-content\/uploads\/2021\/03\/pexels-freestocksorg-954016-1536x1024.jpg 1536w, https:\/\/ludgerusschule-herten.de\/wp-content\/uploads\/2021\/03\/pexels-freestocksorg-954016-2048x1365.jpg 2048w, https:\/\/ludgerusschule-herten.de\/wp-content\/uploads\/2021\/03\/pexels-freestocksorg-954016-272x182.jpg 272w\" sizes=\"(max-width: 300px) 100vw, 300px\"><\/a><\/div><\/div><div id=\"pgc-1162-44-1\" class=\"panel-grid-cell\"><div id=\"panel-1162-44-1-0\" class=\"so-panel widget widget_text panel-first-child panel-last-child\" data-index=\"88\"><h3 class=\"widget-title\">Sch\u00f6\u00adne Osterferien!<\/h3>\t\t\t<div class=\"textwidget\"><p><em>(31.03.2021)<\/em><\/p>\n<p>Lie\u00adbe Kinder,<\/p>\n<p>wir w\u00fcn\u00adschen Euch er\u00adhol\u00adsa\u00adme Os\u00adter\u00adfe\u00adri\u00aden und ei\u00adne sch\u00f6\u00adne Osterzeit.<\/p>\n<p>Eu\u00ader Ludgerusteam<\/p>\n<hr>\n<\/div>\n\t\t<\/div><\/div><\/div><div id=\"pg-1162-45\" class=\"panel-grid panel-no-style\"><div id=\"pgc-1162-45-0\" class=\"panel-grid-cell\"><div id=\"panel-1162-45-0-0\" class=\"so-panel widget widget_media_image panel-first-child panel-last-child\" data-index=\"89\"><a href=\"https:\/\/ludgerusschule-herten.de\/wp-content\/uploads\/2021\/01\/Film-ab.jpg\"><img width=\"225\" height=\"300\" src=\"https:\/\/ludgerusschule-herten.de\/wp-content\/uploads\/2021\/01\/Film-ab-225x300.jpg\" class=\"image wp-image-3473  attachment-medium size-medium\" alt decoding=\"async\" loading=\"lazy\" style=\"max-width: 100%; height: auto;\" srcset=\"https:\/\/ludgerusschule-herten.de\/wp-content\/uploads\/2021\/01\/Film-ab-225x300.jpg 225w, https:\/\/ludgerusschule-herten.de\/wp-content\/uploads\/2021\/01\/Film-ab-768x1025.jpg 768w, https:\/\/ludgerusschule-herten.de\/wp-content\/uploads\/2021\/01\/Film-ab-300x400.jpg 300w, https:\/\/ludgerusschule-herten.de\/wp-content\/uploads\/2021\/01\/Film-ab-450x600.jpg 450w, https:\/\/ludgerusschule-herten.de\/wp-content\/uploads\/2021\/01\/Film-ab.jpg 886w\" sizes=\"(max-width: 225px) 100vw, 225px\"><\/a><\/div><\/div><div id=\"pgc-1162-45-1\" class=\"panel-grid-cell\"><div id=\"panel-1162-45-1-0\" class=\"so-panel widget widget_text panel-first-child panel-last-child\" data-index=\"90\"><h3 class=\"widget-title\">Os\u00adtern \u2013 Fuchs-Ei herstellen<\/h3>\t\t\t<div class=\"textwidget\"><p><em>(25.03.2021)<\/em><\/p>\n<p>Lie\u00adbe El\u00adtern und Besucher,<\/p>\n<p>hier fin\u00adden Sie ein <a href=\"https:\/\/gopro.com\/v\/ZNQW8XJLGZNlk\" target=\"_blank\" rel=\"noopener\">Lern\u00advi\u00addeo zum Her\u00adstel\u00adlen ei\u00adnes Fuchs-Ei<\/a> von Frau&nbsp;Piehl.<\/p>\n<p>Ne\u00adben den gan\u00adzen Schul\u00adma\u00adte\u00adria\u00adli\u00aden ist in der Os\u00adter\u00adzeit ein biss\u00adchen Ab\u00adwechs\u00adlung f\u00fcr die Kin\u00adder si\u00adcher\u00adlich das Richtige.<\/p>\n<p>&nbsp;<\/p>\n<hr>\n<\/div>\n\t\t<\/div><\/div><\/div><div id=\"pg-1162-46\" class=\"panel-grid panel-no-style\"><div id=\"pgc-1162-46-0\" class=\"panel-grid-cell\"><div id=\"panel-1162-46-0-0\" class=\"so-panel widget widget_media_image panel-first-child panel-last-child\" data-index=\"91\"><a href=\"https:\/\/ludgerusschule-herten.de\/wp-content\/uploads\/2021\/01\/20210120_115833-scaled.jpg\"><img width=\"225\" height=\"300\" src=\"https:\/\/ludgerusschule-herten.de\/wp-content\/uploads\/2021\/01\/20210120_115833-225x300.jpg\" class=\"image wp-image-3486  attachment-medium size-medium\" alt decoding=\"async\" loading=\"lazy\" style=\"max-width: 100%; height: auto;\" srcset=\"https:\/\/ludgerusschule-herten.de\/wp-content\/uploads\/2021\/01\/20210120_115833-225x300.jpg 225w, https:\/\/ludgerusschule-herten.de\/wp-content\/uploads\/2021\/01\/20210120_115833-768x1024.jpg 768w, https:\/\/ludgerusschule-herten.de\/wp-content\/uploads\/2021\/01\/20210120_115833-300x400.jpg 300w, https:\/\/ludgerusschule-herten.de\/wp-content\/uploads\/2021\/01\/20210120_115833-450x600.jpg 450w, https:\/\/ludgerusschule-herten.de\/wp-content\/uploads\/2021\/01\/20210120_115833-1152x1536.jpg 1152w, https:\/\/ludgerusschule-herten.de\/wp-content\/uploads\/2021\/01\/20210120_115833-1536x2048.jpg 1536w, https:\/\/ludgerusschule-herten.de\/wp-content\/uploads\/2021\/01\/20210120_115833-scaled.jpg 1920w\" sizes=\"(max-width: 225px) 100vw, 225px\"><\/a><\/div><\/div><div id=\"pgc-1162-46-1\" class=\"panel-grid-cell\"><div id=\"panel-1162-46-1-0\" class=\"so-panel widget widget_text panel-first-child panel-last-child\" data-index=\"92\"><h3 class=\"widget-title\">Sport\u00adun\u00adter\u00adricht in Co\u00adro\u00adna\u00adzei\u00adten \u2013 Lud\u00adge\u00adrus\u00adsch\u00fc\u00adler ma\u00adchen Schnitzeljagd<\/h3>\t\t\t<div class=\"textwidget\"><p><em>(22.01.2021)<\/em><\/p>\n<p>Weil Sport\u00adun\u00adter\u00adricht zu Hau\u00adse am Com\u00adpu\u00adter schwie\u00adrig ist, ha\u00adben sich die Lehrer\/innen der Lud\u00adge\u00adrus\u00adschu\u00adle ei\u00adne be\u00adson\u00adde\u00adre Auf\u00adga\u00adbe zur F\u00f6r\u00adde\u00adrung der sport\u00adli\u00adchen Ak\u00adti\u00advi\u00adt\u00e4t ih\u00adrer Kin\u00adder in Co\u00adro\u00adna\u00adzei\u00adten \u00fcber\u00adlegt: Bei ei\u00adner Schnit\u00adzel\u00adjagd durch den Orts\u00adteil Pa\u00adschen\u00adberg gilt es, w\u00e4h\u00adrend ei\u00adnes aus\u00adgie\u00adbi\u00adgen Spa\u00adzier\u00adgangs \u2013 na\u00adt\u00fcr\u00adlich nur mit Per\u00adso\u00adnen des glei\u00adchen Haus\u00adhalts \u2013 ein R\u00e4t\u00adsel zu l\u00f6\u00adsen und da\u00adbei ver\u00adschie\u00adde\u00adne Turn\u00ad\u00fcbun\u00adgen zu ab\u00adsol\u00advie\u00adren. Denn: Be\u00adwe\u00adgung an fri\u00adscher Luft ist ge\u00adsund und tut gut ge\u00adgen Coronalangeweile.<\/p>\n<p><a href=\"https:\/\/ludgerusschule-herten.de\/wp-content\/uploads\/2021\/01\/Laufzettel-Schnitzeljagd-am-Paschenberg.pdf\" target=\"_blank\" rel=\"noopener\">Lauf\u00adzet\u00adtel \u2013 Schnit\u00adzel\u00adjagd am Paschenberg<\/a><\/p>\n<hr>\n<\/div>\n\t\t<\/div><\/div><\/div><div id=\"pg-1162-47\" class=\"panel-grid panel-no-style\"><div id=\"pgc-1162-47-0\" class=\"panel-grid-cell\"><div id=\"panel-1162-47-0-0\" class=\"so-panel widget widget_media_image panel-first-child panel-last-child\" data-index=\"93\"><a href=\"https:\/\/ludgerusschule-herten.de\/wp-content\/uploads\/2021\/01\/Film-ab.jpg\"><img width=\"225\" height=\"300\" src=\"https:\/\/ludgerusschule-herten.de\/wp-content\/uploads\/2021\/01\/Film-ab-225x300.jpg\" class=\"image wp-image-3473  attachment-medium size-medium\" alt decoding=\"async\" loading=\"lazy\" style=\"max-width: 100%; height: auto;\" srcset=\"https:\/\/ludgerusschule-herten.de\/wp-content\/uploads\/2021\/01\/Film-ab-225x300.jpg 225w, https:\/\/ludgerusschule-herten.de\/wp-content\/uploads\/2021\/01\/Film-ab-768x1025.jpg 768w, https:\/\/ludgerusschule-herten.de\/wp-content\/uploads\/2021\/01\/Film-ab-300x400.jpg 300w, https:\/\/ludgerusschule-herten.de\/wp-content\/uploads\/2021\/01\/Film-ab-450x600.jpg 450w, https:\/\/ludgerusschule-herten.de\/wp-content\/uploads\/2021\/01\/Film-ab.jpg 886w\" sizes=\"(max-width: 225px) 100vw, 225px\"><\/a><\/div><\/div><div id=\"pgc-1162-47-1\" class=\"panel-grid-cell\"><div id=\"panel-1162-47-1-0\" class=\"so-panel widget widget_text panel-first-child panel-last-child\" data-index=\"94\"><h3 class=\"widget-title\">Ei\u00adge\u00adne Kne\u00adte herstellen<\/h3>\t\t\t<div class=\"textwidget\"><p><em>(08.01.2021)<\/em><\/p>\n<p>Lie\u00adbe El\u00adtern und Besucher,<\/p>\n<p>hier fin\u00adden Sie ein <a href=\"https:\/\/gopro.com\/v\/pJVRGEvO8bMJr\">Lern\u00advi\u00addeo zum Her\u00adstel\u00adlen ei\u00adge\u00adner Kne\u00adte<\/a> von Frau&nbsp;Piehl.<\/p>\n<p>Ne\u00adben den gan\u00adzen Schul\u00adma\u00adte\u00adria\u00adli\u00aden ist ein biss\u00adchen Ab\u00adwechs\u00adlung f\u00fcr die Kin\u00adder si\u00adcher\u00adlich das Richtige.<\/p>\n<p>&nbsp;<\/p>\n<hr>\n<\/div>\n\t\t<\/div><\/div><\/div><div id=\"pg-1162-48\" class=\"panel-grid panel-no-style\"><div id=\"pgc-1162-48-0\" class=\"panel-grid-cell\"><div id=\"panel-1162-48-0-0\" class=\"so-panel widget widget_media_image panel-first-child panel-last-child\" data-index=\"95\"><a href=\"https:\/\/ludgerusschule-herten.de\/wp-content\/uploads\/2020\/12\/IMG_1389-scaled.jpg\"><img width=\"225\" height=\"300\" src=\"https:\/\/ludgerusschule-herten.de\/wp-content\/uploads\/2020\/12\/IMG_1389-225x300.jpg\" class=\"image wp-image-3438  attachment-medium size-medium\" alt decoding=\"async\" loading=\"lazy\" style=\"max-width: 100%; height: auto;\" srcset=\"https:\/\/ludgerusschule-herten.de\/wp-content\/uploads\/2020\/12\/IMG_1389-225x300.jpg 225w, https:\/\/ludgerusschule-herten.de\/wp-content\/uploads\/2020\/12\/IMG_1389-768x1024.jpg 768w, https:\/\/ludgerusschule-herten.de\/wp-content\/uploads\/2020\/12\/IMG_1389-300x400.jpg 300w, https:\/\/ludgerusschule-herten.de\/wp-content\/uploads\/2020\/12\/IMG_1389-450x600.jpg 450w, https:\/\/ludgerusschule-herten.de\/wp-content\/uploads\/2020\/12\/IMG_1389-1152x1536.jpg 1152w, https:\/\/ludgerusschule-herten.de\/wp-content\/uploads\/2020\/12\/IMG_1389-1536x2048.jpg 1536w, https:\/\/ludgerusschule-herten.de\/wp-content\/uploads\/2020\/12\/IMG_1389-scaled.jpg 1920w\" sizes=\"(max-width: 225px) 100vw, 225px\"><\/a><\/div><\/div><div id=\"pgc-1162-48-1\" class=\"panel-grid-cell\"><div id=\"panel-1162-48-1-0\" class=\"so-panel widget widget_text panel-first-child panel-last-child\" data-index=\"96\"><h3 class=\"widget-title\">Weih\u00adnachts\u00adstim\u00admung<\/h3>\t\t\t<div class=\"textwidget\"><p><em>(15.12.2020)<\/em><\/p>\n<p>Al\u00adle Jah\u00adre wie\u00adder ist un\u00adser Weih\u00adnachts\u00adbaum im Ein\u00adgangs\u00adbe\u00adreich un\u00adse\u00adrer Schu\u00adle ein Blick\u00adfang f\u00fcr klein und&nbsp;gro\u00df.<br>\nDan\u00adke an die flei\u00ad\u00dfi\u00adgen Hel\u00adfer, die un\u00adse\u00adren Weih\u00adnachts\u00adbaum auf\u00adge\u00adstellt und ge\u00adschm\u00fcckt haben.<\/p>\n<p>&nbsp;<\/p>\n<hr>\n<\/div>\n\t\t<\/div><\/div><\/div><div id=\"pg-1162-49\" class=\"panel-grid panel-no-style\"><div id=\"pgc-1162-49-0\" class=\"panel-grid-cell\"><div id=\"panel-1162-49-0-0\" class=\"so-panel widget widget_media_image panel-first-child\" data-index=\"97\"><img width=\"300\" height=\"125\" src=\"https:\/\/ludgerusschule-herten.de\/wp-content\/uploads\/2020\/10\/Jugend-trainiert-300x125.jpg\" class=\"image wp-image-3355  attachment-medium size-medium\" alt decoding=\"async\" loading=\"lazy\" style=\"max-width: 100%; height: auto;\" srcset=\"https:\/\/ludgerusschule-herten.de\/wp-content\/uploads\/2020\/10\/Jugend-trainiert-300x125.jpg 300w, https:\/\/ludgerusschule-herten.de\/wp-content\/uploads\/2020\/10\/Jugend-trainiert-1024x426.jpg 1024w, https:\/\/ludgerusschule-herten.de\/wp-content\/uploads\/2020\/10\/Jugend-trainiert-768x320.jpg 768w, https:\/\/ludgerusschule-herten.de\/wp-content\/uploads\/2020\/10\/Jugend-trainiert-600x250.jpg 600w, https:\/\/ludgerusschule-herten.de\/wp-content\/uploads\/2020\/10\/Jugend-trainiert-1536x640.jpg 1536w, https:\/\/ludgerusschule-herten.de\/wp-content\/uploads\/2020\/10\/Jugend-trainiert-2048x853.jpg 2048w, https:\/\/ludgerusschule-herten.de\/wp-content\/uploads\/2020\/10\/Jugend-trainiert-1140x475.jpg 1140w\" sizes=\"(max-width: 300px) 100vw, 300px\"><\/div><div id=\"panel-1162-49-0-1\" class=\"so-panel widget widget_media_image panel-last-child\" data-index=\"98\"><a href=\"https:\/\/ludgerusschule-herten.de\/wp-content\/uploads\/2020\/10\/03_IMG_7207-scaled.jpg\"><img width=\"300\" height=\"180\" src=\"https:\/\/ludgerusschule-herten.de\/wp-content\/uploads\/2020\/10\/03_IMG_7207-300x180.jpg\" class=\"image wp-image-3356  attachment-medium size-medium\" alt decoding=\"async\" loading=\"lazy\" style=\"max-width: 100%; height: auto;\" srcset=\"https:\/\/ludgerusschule-herten.de\/wp-content\/uploads\/2020\/10\/03_IMG_7207-300x180.jpg 300w, https:\/\/ludgerusschule-herten.de\/wp-content\/uploads\/2020\/10\/03_IMG_7207-1024x613.jpg 1024w, https:\/\/ludgerusschule-herten.de\/wp-content\/uploads\/2020\/10\/03_IMG_7207-768x460.jpg 768w, https:\/\/ludgerusschule-herten.de\/wp-content\/uploads\/2020\/10\/03_IMG_7207-600x359.jpg 600w, https:\/\/ludgerusschule-herten.de\/wp-content\/uploads\/2020\/10\/03_IMG_7207-1536x920.jpg 1536w, https:\/\/ludgerusschule-herten.de\/wp-content\/uploads\/2020\/10\/03_IMG_7207-2048x1227.jpg 2048w, https:\/\/ludgerusschule-herten.de\/wp-content\/uploads\/2020\/10\/03_IMG_7207-555x335.jpg 555w\" sizes=\"(max-width: 300px) 100vw, 300px\"><\/a><\/div><\/div><div id=\"pgc-1162-49-1\" class=\"panel-grid-cell\"><div id=\"panel-1162-49-1-0\" class=\"so-panel widget widget_text panel-first-child panel-last-child\" data-index=\"99\"><h3 class=\"widget-title\">Ak\u00adti\u00adons\u00adtag \u201eJu\u00adgend trai\u00adniert \u2013 ge\u00admein\u00adsam bewegen\u201c<\/h3>\t\t\t<div class=\"textwidget\"><p><em>(05.10.2020)<\/em><\/p>\n<p>Am 30. Sep\u00adtem\u00adber 2020 fand der bun\u00addes\u00adwei\u00adte Ak\u00adti\u00adons\u00adtag \u201eJu\u00adgend trai\u00adniert \u2013 ge\u00admein\u00adsam be\u00adwe\u00adgen\u201c statt. Mehr als 235.000 Sch\u00fc\u00adle\u00adrin\u00adnen und Sch\u00fc\u00adler aus 1273 Schu\u00adlen setz\u00adten am Mitt\u00adwoch, 30. Sep\u00adtem\u00adber, ge\u00admein\u00adsam ein Zei\u00adchen f\u00fcr den Schul\u00adsport. Der bun\u00addes\u00adwei\u00adte Ak\u00adti\u00adons\u00adtag hat das Ziel, die Be\u00addeu\u00adtung von Be\u00adwe\u00adgung, Sport und Spiel im schu\u00adli\u00adschen All\u00adtag her\u00adaus\u00adzu\u00adstel\u00adlen und zu zei\u00adgen, wie dies auch in Zei\u00adten der Co\u00adro\u00ad\u00adna-Pan\u00ad\u00adde\u00ad\u00admie m\u00f6g\u00adlich&nbsp;ist.<\/p>\n<p>Die Lud\u00adge\u00adrus\u00adschu\u00adle lud je\u00adde Klas\u00adse nach\u00adein\u00adan\u00adder in die Turn\u00adhal\u00adle ein, um ge\u00admein\u00adsam ei\u00adnen Li\u00adne Dance zu \u201eCot\u00adton Eye Joe\u201c und \u201eFoot\u00adloo\u00adse\u201c ein\u00adzu\u00ad\u00fcben. Die Kin\u00adder wa\u00adren vol\u00adler Freu\u00adde und Kon\u00adzen\u00adtra\u00adti\u00adon da\u00adbei. Durch die Co\u00adro\u00adna\u00adkri\u00adse ist es mo\u00admen\u00adtan lei\u00adder nicht m\u00f6g\u00adlich die ge\u00adwohn\u00adte und von vie\u00adlen Kin\u00addern er\u00adsehn\u00adte Pau\u00adsen\u00addis\u00adco vor den Fe\u00adri\u00aden durch\u00adzu\u00adf\u00fch\u00adren, da\u00adher hat sich die Schu\u00adle zu ei\u00adner Tanz\u00adak\u00adti\u00adon entschlossen.<\/p>\n<p>Al\u00adle teil\u00adneh\u00admen\u00adden Schu\u00adlen k\u00f6n\u00adnen am Ak\u00adti\u00adons\u00adtag hoch\u00adwer\u00adti\u00adge Prei\u00adse ge\u00adwin\u00adnen. Au\u00ad\u00dfer\u00addem ha\u00adben zahl\u00adrei\u00adche Sportler*innen, Bun\u00addes\u00adli\u00adga\u00adver\u00adei\u00adne, Sport\u00adver\u00adb\u00e4n\u00adde, Spon\u00adso\u00adren, Part\u00adner und die Deut\u00adsche Schul\u00adsport\u00adstif\u00adtung rund 1.400 wei\u00adte\u00adre Ge\u00adwin\u00adne f\u00fcr ei\u00adne Ver\u00adlo\u00adsung zur Ver\u00adf\u00fc\u00adgung gestellt.<\/p>\n<hr>\n<\/div>\n\t\t<\/div><\/div><\/div><div id=\"pg-1162-50\" class=\"panel-grid panel-no-style\"><div id=\"pgc-1162-50-0\" class=\"panel-grid-cell\"><div id=\"panel-1162-50-0-0\" class=\"so-panel widget widget_media_image panel-first-child panel-last-child\" data-index=\"100\"><img width=\"300\" height=\"288\" src=\"https:\/\/ludgerusschule-herten.de\/wp-content\/uploads\/2020\/08\/Eule-und-Panda-300x288.jpg\" class=\"image wp-image-2368  attachment-medium size-medium\" alt decoding=\"async\" loading=\"lazy\" style=\"max-width: 100%; height: auto;\" srcset=\"https:\/\/ludgerusschule-herten.de\/wp-content\/uploads\/2020\/08\/Eule-und-Panda-300x288.jpg 300w, https:\/\/ludgerusschule-herten.de\/wp-content\/uploads\/2020\/08\/Eule-und-Panda-1024x983.jpg 1024w, https:\/\/ludgerusschule-herten.de\/wp-content\/uploads\/2020\/08\/Eule-und-Panda-768x737.jpg 768w, https:\/\/ludgerusschule-herten.de\/wp-content\/uploads\/2020\/08\/Eule-und-Panda-600x576.jpg 600w, https:\/\/ludgerusschule-herten.de\/wp-content\/uploads\/2020\/08\/Eule-und-Panda-1536x1475.jpg 1536w, https:\/\/ludgerusschule-herten.de\/wp-content\/uploads\/2020\/08\/Eule-und-Panda-2048x1966.jpg 2048w\" sizes=\"(max-width: 300px) 100vw, 300px\"><\/div><\/div><div id=\"pgc-1162-50-1\" class=\"panel-grid-cell\"><div id=\"panel-1162-50-1-0\" class=\"so-panel widget widget_text panel-first-child panel-last-child\" data-index=\"101\"><h3 class=\"widget-title\">Ein\u00adschu\u00adlung<\/h3>\t\t\t<div class=\"textwidget\"><p><em>(16.08.2020 \u2013 14:46&nbsp;Uhr)<\/em><\/p>\n<p>Wir be\u00adgr\u00fc\u00ad\u00dfen die neu\u00aden Erst\u00adkl\u00e4ss\u00adle\u00adrin\u00adnen und Erst\u00adkl\u00e4ss\u00adler in der Lud\u00adge\u00adrus\u00adschu\u00adle. Vie\u00adle Pan\u00addas und Eu\u00adlen hat\u00adten am 13.08.20 ih\u00adren ers\u00adten Schul\u00adtag und ka\u00admen mit ganz un\u00adter\u00adschied\u00adlich ge\u00adstal\u00adte\u00adten Schul\u00adt\u00fc\u00adten in die Schu\u00adle. Die Freu\u00adde war gro\u00df und al\u00adle Kin\u00adder konn\u00adten sich ei\u00adnen ers\u00adten Ein\u00addruck der Lud\u00adge\u00adrus\u00adschu\u00adle, der neu\u00aden Klas\u00adsen\u00adleh\u00adre\u00adrin\u00adnen und dem neu\u00aden Schul\u00adall\u00adtag machen.<\/p>\n<p>Wir w\u00fcn\u00adschen den neu\u00aden Erst\u00adkl\u00e4ss\u00adle\u00adrin\u00adnen und Erst\u00adkl\u00e4ss\u00adlern al\u00adles Gu\u00adte und viel Er\u00adfolg auf ih\u00adrem neu\u00aden Lern- und Lebensweg.<\/p>\n<hr>\n<\/div>\n\t\t<\/div><\/div><\/div><div id=\"pg-1162-51\" class=\"panel-grid panel-no-style\"><div id=\"pgc-1162-51-0\" class=\"panel-grid-cell\"><div id=\"panel-1162-51-0-0\" class=\"so-panel widget widget_media_image panel-first-child panel-last-child\" data-index=\"102\"><img width=\"300\" height=\"225\" src=\"https:\/\/ludgerusschule-herten.de\/wp-content\/uploads\/2020\/08\/IMG_8658-300x225.jpg\" class=\"image wp-image-2292  attachment-medium size-medium\" alt decoding=\"async\" loading=\"lazy\" style=\"max-width: 100%; height: auto;\" srcset=\"https:\/\/ludgerusschule-herten.de\/wp-content\/uploads\/2020\/08\/IMG_8658-300x225.jpg 300w, https:\/\/ludgerusschule-herten.de\/wp-content\/uploads\/2020\/08\/IMG_8658-1024x768.jpg 1024w, https:\/\/ludgerusschule-herten.de\/wp-content\/uploads\/2020\/08\/IMG_8658-768x576.jpg 768w, https:\/\/ludgerusschule-herten.de\/wp-content\/uploads\/2020\/08\/IMG_8658-600x450.jpg 600w, https:\/\/ludgerusschule-herten.de\/wp-content\/uploads\/2020\/08\/IMG_8658-1536x1152.jpg 1536w, https:\/\/ludgerusschule-herten.de\/wp-content\/uploads\/2020\/08\/IMG_8658-2048x1536.jpg 2048w\" sizes=\"(max-width: 300px) 100vw, 300px\"><\/div><\/div><div id=\"pgc-1162-51-1\" class=\"panel-grid-cell\"><div id=\"panel-1162-51-1-0\" class=\"so-panel widget widget_text panel-first-child panel-last-child\" data-index=\"103\"><h3 class=\"widget-title\">Ab\u00adschied der Viertkl\u00e4ssler<\/h3>\t\t\t<div class=\"textwidget\"><p><em>(05.07.2020 \u2013 15:46&nbsp;Uhr)<\/em><\/p>\n<p>Am 26.06.20 war f\u00fcr die Kin\u00adder der Lud\u00adge\u00adrus\u00adschu\u00adle der letz\u00adte Schul\u00adtag vor den Fe\u00adri\u00aden. Mit ei\u00adnem la\u00adchen\u00adden und auch ei\u00adnem wei\u00adnen\u00adden Au\u00adgen ver\u00adlie\u00ad\u00dfen uns die zu\u00adk\u00fcnf\u00adti\u00adgen F\u00fcnft\u00adkl\u00e4ss\u00adler. Zum En\u00adde des Schul\u00adta\u00adges lie\u00ad\u00dfen die Kin\u00adder Luft\u00adbal\u00adlons mit W\u00fcn\u00adschen stei\u00adgen, die die El\u00adtern bei\u00adder Schul\u00adklas\u00adsen organisierten.<\/p>\n<p>Wir w\u00fcn\u00adschen Euch al\u00adles Gu\u00adte und viel Er\u00adfolg an der neu\u00aden Schule.<\/p>\n<hr>\n<\/div>\n\t\t<\/div><\/div><\/div><div id=\"pg-1162-52\" class=\"panel-grid panel-no-style\"><div id=\"pgc-1162-52-0\" class=\"panel-grid-cell\"><div id=\"panel-1162-52-0-0\" class=\"so-panel widget widget_media_image panel-first-child panel-last-child\" data-index=\"104\"><img width=\"300\" height=\"211\" src=\"https:\/\/ludgerusschule-herten.de\/wp-content\/uploads\/2020\/08\/Belohnung-LuPu-300x211.jpg\" class=\"image wp-image-2370  attachment-medium size-medium\" alt decoding=\"async\" loading=\"lazy\" style=\"max-width: 100%; height: auto;\" srcset=\"https:\/\/ludgerusschule-herten.de\/wp-content\/uploads\/2020\/08\/Belohnung-LuPu-300x211.jpg 300w, https:\/\/ludgerusschule-herten.de\/wp-content\/uploads\/2020\/08\/Belohnung-LuPu-1024x721.jpg 1024w, https:\/\/ludgerusschule-herten.de\/wp-content\/uploads\/2020\/08\/Belohnung-LuPu-768x541.jpg 768w, https:\/\/ludgerusschule-herten.de\/wp-content\/uploads\/2020\/08\/Belohnung-LuPu-600x423.jpg 600w, https:\/\/ludgerusschule-herten.de\/wp-content\/uploads\/2020\/08\/Belohnung-LuPu-1536x1082.jpg 1536w, https:\/\/ludgerusschule-herten.de\/wp-content\/uploads\/2020\/08\/Belohnung-LuPu.jpg 1848w\" sizes=\"(max-width: 300px) 100vw, 300px\"><\/div><\/div><div id=\"pgc-1162-52-1\" class=\"panel-grid-cell\"><div id=\"panel-1162-52-1-0\" class=\"so-panel widget widget_text panel-first-child panel-last-child\" data-index=\"105\"><h3 class=\"widget-title\">Lu\u00adPu Be\u00adloh\u00adnung am 25.06.2020<\/h3>\t\t\t<div class=\"textwidget\"><p><em>(05.07.2020 \u2013 15:39&nbsp;Uhr)<\/em><\/p>\n<p>Am 25.06.20 war es end\u00adlich so\u00adweit. Die Kin\u00adder der Lud\u00adge\u00adrus\u00adschu\u00adle be\u00adka\u00admen ih\u00adre Be\u00adloh\u00adnung f\u00fcr das Sam\u00admeln der Lu\u00adPu. Al\u00adle Kin\u00adder hat\u00adten gro\u00ad\u00dfen Spa\u00df und freu\u00adten sich \u00fcber ei\u00adne Ku\u00adgel Eis vom Eismann.<\/p>\n<hr>\n<\/div>\n\t\t<\/div><\/div><\/div><div id=\"pg-1162-53\" class=\"panel-grid panel-no-style\"><div id=\"pgc-1162-53-0\" class=\"panel-grid-cell\"><div id=\"panel-1162-53-0-0\" class=\"so-panel widget widget_media_image panel-first-child panel-last-child\" data-index=\"106\"><img width=\"300\" height=\"296\" src=\"https:\/\/ludgerusschule-herten.de\/wp-content\/uploads\/2020\/08\/IMG_6447-2-300x296.jpg\" class=\"image wp-image-3176  attachment-medium size-medium\" alt decoding=\"async\" loading=\"lazy\" style=\"max-width: 100%; height: auto;\" srcset=\"https:\/\/ludgerusschule-herten.de\/wp-content\/uploads\/2020\/08\/IMG_6447-2-300x296.jpg 300w, https:\/\/ludgerusschule-herten.de\/wp-content\/uploads\/2020\/08\/IMG_6447-2-768x758.jpg 768w, https:\/\/ludgerusschule-herten.de\/wp-content\/uploads\/2020\/08\/IMG_6447-2-600x592.jpg 600w, https:\/\/ludgerusschule-herten.de\/wp-content\/uploads\/2020\/08\/IMG_6447-2-60x60.jpg 60w, https:\/\/ludgerusschule-herten.de\/wp-content\/uploads\/2020\/08\/IMG_6447-2.jpg 778w\" sizes=\"(max-width: 300px) 100vw, 300px\"><\/div><\/div><div id=\"pgc-1162-53-1\" class=\"panel-grid-cell\"><div id=\"panel-1162-53-1-0\" class=\"so-panel widget widget_text panel-first-child panel-last-child\" data-index=\"107\"><h3 class=\"widget-title\">Klei\u00adne P\u00e4ck\u00adchen f\u00fcr die zu\u00adk\u00fcnf\u00adti\u00adgen Schulneulinge<\/h3>\t\t\t<div class=\"textwidget\"><p><em>(13.05.2020 \u2013 19:27&nbsp;Uhr)<\/em><\/p>\n<p>Da auch die zu\u00adk\u00fcnf\u00adti\u00adgen Erst\u00adkl\u00e4ss\u00adler in den Co\u00adro\u00ad\u00adna-Zei\u00ad\u00adten gr\u00f6\u00df\u00adten\u00adteils zu Hau\u00adse sit\u00adzen und manch\u00admal gar nicht mehr wis\u00adsen, wie sie sich die Zeit ver\u00adtrei\u00adben sol\u00adlen, hat die Lud\u00adge\u00adrus\u00adschu\u00adle in Zu\u00adsam\u00admen\u00adar\u00adbeit mit dem km\u00b2 Bil\u00addung und dem F\u00f6r\u00adderscout klei\u00adne P\u00e4ck\u00adchen ge\u00adschn\u00fcrt und den Fa\u00admi\u00adli\u00aden nach Hau\u00adse gebracht.<\/p>\n<p>Die meis\u00adten Fa\u00admi\u00adli\u00aden wur\u00adden per\u00ads\u00f6n\u00adlich an\u00adge\u00adtrof\u00adfen und ha\u00adben sich sehr ge\u00adfreut, bei an\u00adde\u00adren konn\u00adten die Nach\u00adbarn oder gr\u00f6\u00ad\u00dfe\u00adre Brief\u00adk\u00e4s\u00adten die P\u00e4ck\u00adchen in Emp\u00adfang neh\u00admen. Wir hof\u00adfen auf ei\u00adnen sch\u00f6\u00adnen Schul\u00adstart f\u00fcr die zu\u00adk\u00fcnf\u00adti\u00adgen Erstis, trotz Co\u00adro\u00adna und ver\u00adblei\u00adben mit herz\u00adli\u00adchen Gr\u00fc\u00dfen!<\/p>\n<p>Das Lu\u00add\u00ad\u00adge\u00adrus-Team<\/p>\n<hr>\n<\/div>\n\t\t<\/div><\/div><\/div><div id=\"pg-1162-54\" class=\"panel-grid panel-no-style\"><div id=\"pgc-1162-54-0\" class=\"panel-grid-cell\"><div id=\"panel-1162-54-0-0\" class=\"so-panel widget widget_media_image panel-first-child panel-last-child\" data-index=\"108\"><a href=\"https:\/\/ludgerusschule-herten.de\/wp-content\/uploads\/2020\/08\/Regenbogen-scaled.jpg\"><img width=\"2560\" height=\"1207\" src=\"https:\/\/ludgerusschule-herten.de\/wp-content\/uploads\/2020\/08\/Regenbogen-scaled.jpg\" class=\"image wp-image-3170  attachment-full size-full\" alt decoding=\"async\" loading=\"lazy\" style=\"max-width: 100%; height: auto;\" srcset=\"https:\/\/ludgerusschule-herten.de\/wp-content\/uploads\/2020\/08\/Regenbogen-scaled.jpg 2560w, https:\/\/ludgerusschule-herten.de\/wp-content\/uploads\/2020\/08\/Regenbogen-300x141.jpg 300w, https:\/\/ludgerusschule-herten.de\/wp-content\/uploads\/2020\/08\/Regenbogen-1024x483.jpg 1024w, https:\/\/ludgerusschule-herten.de\/wp-content\/uploads\/2020\/08\/Regenbogen-768x362.jpg 768w, https:\/\/ludgerusschule-herten.de\/wp-content\/uploads\/2020\/08\/Regenbogen-600x283.jpg 600w, https:\/\/ludgerusschule-herten.de\/wp-content\/uploads\/2020\/08\/Regenbogen-1536x724.jpg 1536w, https:\/\/ludgerusschule-herten.de\/wp-content\/uploads\/2020\/08\/Regenbogen-2048x965.jpg 2048w\" sizes=\"(max-width: 2560px) 100vw, 2560px\"><\/a><\/div><\/div><div id=\"pgc-1162-54-1\" class=\"panel-grid-cell\"><div id=\"panel-1162-54-1-0\" class=\"so-panel widget widget_text panel-first-child panel-last-child\" data-index=\"109\"><h3 class=\"widget-title\">Un\u00adser Regenbogen<\/h3>\t\t\t<div class=\"textwidget\"><p><em>(13.05.2020 \u2013 11:04&nbsp;Uhr)<\/em><\/p>\n<p>Im Rah\u00admen der ein\u00adge\u00adschr\u00e4nk\u00adten Kon\u00adtakt\u00adsper\u00adre ab dem 16.03.2020 sand\u00adte das Leh\u00adrer\u00adkol\u00adle\u00adgi\u00adum der Lud\u00adge\u00adrus\u00adschu\u00adle den Sch\u00fcler\/innen re\u00adgel\u00adm\u00e4\u00ad\u00dfig die not\u00adwen\u00addi\u00adgen Ar\u00adbeits\u00adma\u00adte\u00adria\u00adli\u00aden zu, da\u00admit die Kin\u00adder in der schul\u00adfrei\u00aden Zeit den be\u00adn\u00f6\u00adtig\u00adten Lern\u00adstoff be\u00adar\u00adbei\u00adten konnten.<\/p>\n<p>Das OGS- Team ver\u00adsuch\u00adte \u00fcber klei\u00adne \u00dcber\u00adra\u00adschun\u00adgen, wie z.B. ge\u00adstal\u00adte\u00adte Schmun\u00adzel\u00adstei\u00adne, \u201aRuhr\u00adpott\u00adstei\u00adne\u201a zum Selbst\u00adge\u00adstal\u00adten, Mut\u00adter\u00adtags\u00advor\u00adschl\u00e4\u00adge, Kon\u00adtakt zu un\u00adse\u00adren Kin\u00addern aufzunehmen.<\/p>\n<p>Da\u00adbei ent\u00adstand der Ge\u00addan\u00adke, dass sich al\u00adle Kin\u00adder die\u00adser Schu\u00adle un\u00adter ei\u00adnem ge\u00admein\u00adsa\u00admen Sym\u00adbol wie\u00adder\u00adfin\u00adden. Die\u00adser Wunsch kam von Frau Hen\u00adning und Frau Blan\u00adken\u00adstein, \u00fcber den wir sehr gl\u00fcck\u00adlich&nbsp;sind.<\/p>\n<p>Der Re\u00adgen\u00adbo\u00adgen soll als Sym\u00adbol da\u00adf\u00fcr ste\u00adhen, dass wir als Men\u00adschen ge\u00admein\u00adsam stark sind und zu\u00adsam\u00admen\u00adhal\u00adten in ei\u00adner Si\u00adtua\u00adti\u00adon, die \u00fcber\u00adge\u00adord\u00adnet&nbsp;ist.<\/p>\n<p>\u00dcber dem Na\u00admens\u00adzug der Schu\u00adle wur\u00adde dar\u00adauf\u00adhin ein Re\u00adgen\u00adbo\u00adgen an\u00adge\u00adbracht und an al\u00adle Kin\u00adder ein Be\u00adgleit\u00adschrei\u00adben ver\u00adteilt, das ei\u00adne Pa\u00adpier\u00adscha\u00adblo\u00adne ent\u00adhielt, auf dem sich die Kin\u00adder selbst dar\u00adstel\u00adlen konnten.<\/p>\n<p>Wir ha\u00adben schon et\u00adli\u00adche krea\u00adtiv ge\u00adstal\u00adte\u00adte, wun\u00adder\u00adsch\u00f6\u00adne Ex\u00adpo\u00adna\u00adte zu\u00adr\u00fcck\u00ader\u00adhal\u00adten und sie un\u00adter un\u00adse\u00adrem Re\u00adgen\u00adbo\u00adgen zusammengebracht.<\/p>\n<p>Lie\u00adben Dank bis jetzt. Wir leuch\u00adten schon zahl\u00adreich un\u00adter un\u00adse\u00adrem Re\u00adgen\u00adbo\u00adgen auf dem Paschenberg.<\/p>\n<p>Tipp: Kli\u00adcke auf das Fo\u00adto, um es zu vergr\u00f6\u00dfern.<\/p>\n<hr>\n<\/div>\n\t\t<\/div><\/div><\/div><div id=\"pg-1162-55\" class=\"panel-grid panel-no-style\"><div id=\"pgc-1162-55-0\" class=\"panel-grid-cell\"><div id=\"panel-1162-55-0-0\" class=\"so-panel widget widget_media_image panel-first-child panel-last-child\" data-index=\"110\"><a href=\"https:\/\/ludgerusschule-herten.de\/wp-content\/uploads\/2020\/05\/R\u00e4tsel-Schulhof-scaled.jpg\"><img width=\"2560\" height=\"2284\" src=\"https:\/\/ludgerusschule-herten.de\/wp-content\/uploads\/2020\/05\/R\u00e4tsel-Schulhof-scaled.jpg\" class=\"image wp-image-1428  attachment-full size-full\" alt decoding=\"async\" loading=\"lazy\" style=\"max-width: 100%; height: auto;\" srcset=\"https:\/\/ludgerusschule-herten.de\/wp-content\/uploads\/2020\/05\/R\u00e4tsel-Schulhof-scaled.jpg 2560w, https:\/\/ludgerusschule-herten.de\/wp-content\/uploads\/2020\/05\/R\u00e4tsel-Schulhof-300x268.jpg 300w, https:\/\/ludgerusschule-herten.de\/wp-content\/uploads\/2020\/05\/R\u00e4tsel-Schulhof-1024x914.jpg 1024w, https:\/\/ludgerusschule-herten.de\/wp-content\/uploads\/2020\/05\/R\u00e4tsel-Schulhof-768x685.jpg 768w, https:\/\/ludgerusschule-herten.de\/wp-content\/uploads\/2020\/05\/R\u00e4tsel-Schulhof-600x535.jpg 600w, https:\/\/ludgerusschule-herten.de\/wp-content\/uploads\/2020\/05\/R\u00e4tsel-Schulhof-1536x1370.jpg 1536w, https:\/\/ludgerusschule-herten.de\/wp-content\/uploads\/2020\/05\/R\u00e4tsel-Schulhof-2048x1827.jpg 2048w\" sizes=\"(max-width: 2560px) 100vw, 2560px\"><\/a><\/div><\/div><div id=\"pgc-1162-55-1\" class=\"panel-grid-cell\"><div id=\"panel-1162-55-1-0\" class=\"so-panel widget widget_text panel-first-child panel-last-child\" data-index=\"111\"><h3 class=\"widget-title\">L\u00f6\u00adse das Ludgerusquiz!<\/h3>\t\t\t<div class=\"textwidget\"><p><em>(08.05.2020 \u2013 18:04&nbsp;Uhr)<\/em><\/p>\n<p>Lie\u00adbe Kin\u00adder der Ludgerusschule,<\/p>\n<p>sooooo lan\u00adge k\u00f6n\u00adnen wir schon nicht mehr zu\u00adsam\u00admen in die Schu\u00adle ge\u00adhen. Viel\u00adleicht hast du schon glatt ver\u00adges\u00adsen, wie es dort \u00fcber\u00adhaupt aussieht.<\/p>\n<p>Bei die\u00adsem Quiz siehst du Aus\u00adschnit\u00adte von Din\u00adgen, die du in der Schu\u00adle oder auf dem Schul\u00adhof fin\u00adden kannst. Er\u00adr\u00e4tst du was du siehst? Kli\u00adcke auf das Bild, um al\u00adles bes\u00adser se\u00adhen zu k\u00f6nnen.<\/p>\n<p><a href=\"https:\/\/ludgerusschule-herten.de\/wp-content\/uploads\/2020\/05\/Trage-hier-deine-L\u00f6sungen-ein.pdf\" target=\"_blank\" rel=\"noopener\">Dru\u00adcke dir die\u00adses Blatt aus und tra\u00adge hier dei\u00adne L\u00f6\u00adsun\u00adgen&nbsp;ein<\/a><\/p>\n<p><a href=\"https:\/\/ludgerusschule-herten.de\/wp-content\/uploads\/2020\/08\/Quiz-Loesung-scaled.jpg\">Hier gibt es die L\u00f6\u00adsung des R\u00e4tsels<\/a><\/p>\n<hr>\n<\/div>\n\t\t<\/div><\/div><\/div><div id=\"pg-1162-56\" class=\"panel-grid panel-no-style\"><div id=\"pgc-1162-56-0\" class=\"panel-grid-cell\"><div id=\"panel-1162-56-0-0\" class=\"so-panel widget widget_media_image panel-first-child panel-last-child\" data-index=\"112\"><a href=\"https:\/\/ludgerusschule-herten.de\/wp-content\/uploads\/2020\/05\/9313cf18-a47a-4251-8ec2-921e83b5f4bb.jpg\"><img width=\"180\" height=\"300\" src=\"https:\/\/ludgerusschule-herten.de\/wp-content\/uploads\/2020\/05\/9313cf18-a47a-4251-8ec2-921e83b5f4bb-180x300.jpg\" class=\"image wp-image-1315  attachment-medium size-medium\" alt decoding=\"async\" loading=\"lazy\" style=\"max-width: 100%; height: auto;\" srcset=\"https:\/\/ludgerusschule-herten.de\/wp-content\/uploads\/2020\/05\/9313cf18-a47a-4251-8ec2-921e83b5f4bb-180x300.jpg 180w, https:\/\/ludgerusschule-herten.de\/wp-content\/uploads\/2020\/05\/9313cf18-a47a-4251-8ec2-921e83b5f4bb-614x1024.jpg 614w, https:\/\/ludgerusschule-herten.de\/wp-content\/uploads\/2020\/05\/9313cf18-a47a-4251-8ec2-921e83b5f4bb-768x1280.jpg 768w, https:\/\/ludgerusschule-herten.de\/wp-content\/uploads\/2020\/05\/9313cf18-a47a-4251-8ec2-921e83b5f4bb-360x600.jpg 360w, https:\/\/ludgerusschule-herten.de\/wp-content\/uploads\/2020\/05\/9313cf18-a47a-4251-8ec2-921e83b5f4bb-922x1536.jpg 922w, https:\/\/ludgerusschule-herten.de\/wp-content\/uploads\/2020\/05\/9313cf18-a47a-4251-8ec2-921e83b5f4bb.jpg 960w\" sizes=\"(max-width: 180px) 100vw, 180px\"><\/a><\/div><\/div><div id=\"pgc-1162-56-1\" class=\"panel-grid-cell\"><div id=\"panel-1162-56-1-0\" class=\"so-panel widget widget_text panel-first-child panel-last-child\" data-index=\"113\"><h3 class=\"widget-title\">Ei\u00adne Bot\u00adschaft vom Ludgerusteam<\/h3>\t\t\t<div class=\"textwidget\"><p><em>(08.05.2020 \u2013 12:38&nbsp;Uhr)<\/em><\/p>\n<p>Lie\u00adbe Kinder,<\/p>\n<p>auch wir ver\u00admis\u00adsen un\u00adse\u00adren nor\u00adma\u00adlen Schul\u00adall\u00adtag und w\u00fcn\u00adschen uns, dass wir al\u00adle wie\u00adder ge\u00admein\u00adsam ler\u00adnen k\u00f6n\u00adnen und uns wie\u00adder\u00adse\u00adhen. Bleibt ge\u00adsund und hof\u00adfent\u00adlich bis&nbsp;bald.<br>\nKlickt auf das Fo\u00adto, um es zu vergr\u00f6\u00dfern.<\/p>\n<p>Lie\u00adbe&nbsp;Gr\u00fc\u00dfe<br>\nDas Team der Ludgerusschule<\/p>\n<hr>\n<\/div>\n\t\t<\/div><\/div><\/div><div id=\"pg-1162-57\" class=\"panel-grid panel-no-style\"><div id=\"pgc-1162-57-0\" class=\"panel-grid-cell\"><div id=\"panel-1162-57-0-0\" class=\"so-panel widget widget_media_image panel-first-child panel-last-child\" data-index=\"114\"><img width=\"300\" height=\"211\" src=\"https:\/\/ludgerusschule-herten.de\/wp-content\/uploads\/2020\/04\/Kathrin-und-Rebecca-300x211.jpg\" class=\"image wp-image-1166  attachment-medium size-medium\" alt decoding=\"async\" loading=\"lazy\" style=\"max-width: 100%; height: auto;\" srcset=\"https:\/\/ludgerusschule-herten.de\/wp-content\/uploads\/2020\/04\/Kathrin-und-Rebecca-300x211.jpg 300w, https:\/\/ludgerusschule-herten.de\/wp-content\/uploads\/2020\/04\/Kathrin-und-Rebecca-1024x722.jpg 1024w, https:\/\/ludgerusschule-herten.de\/wp-content\/uploads\/2020\/04\/Kathrin-und-Rebecca-768x541.jpg 768w, https:\/\/ludgerusschule-herten.de\/wp-content\/uploads\/2020\/04\/Kathrin-und-Rebecca-600x423.jpg 600w, https:\/\/ludgerusschule-herten.de\/wp-content\/uploads\/2020\/04\/Kathrin-und-Rebecca-1536x1083.jpg 1536w, https:\/\/ludgerusschule-herten.de\/wp-content\/uploads\/2020\/04\/Kathrin-und-Rebecca-2048x1444.jpg 2048w\" sizes=\"(max-width: 300px) 100vw, 300px\"><\/div><\/div><div id=\"pgc-1162-57-1\" class=\"panel-grid-cell\"><div id=\"panel-1162-57-1-0\" class=\"so-panel widget widget_text panel-first-child panel-last-child\" data-index=\"115\"><h3 class=\"widget-title\">Wenn Leh\u00adre\u00adrIn\u00adnen zu Post\u00adbo\u00adten werden<\/h3>\t\t\t<div class=\"textwidget\"><p><em>(23.04.2020 \u2013 14:55&nbsp;Uhr)<\/em><\/p>\n<p>Vol\u00adler Ta\u00adten\u00addrang mach\u00adten sich in die\u00adser Wo\u00adche die Leh\u00adre\u00adrIn\u00adnen bei son\u00adni\u00adgem, aber win\u00addi\u00adgem Wet\u00adter auf den Weg \u00fcber den Pa\u00adschen\u00adberg. Mit da\u00adbei hat\u00adten sie Pa\u00adke\u00adte voll mit Un\u00adter\u00adrichts\u00adma\u00adte\u00adri\u00adal, um trotz Schlie\u00ad\u00dfung der Schu\u00adle da\u00adf\u00fcr zu sor\u00adgen, dass die Sch\u00fc\u00adle\u00adrIn\u00adnen da\u00adheim ler\u00adnen k\u00f6n\u00adnen. Auf dem Weg tra\u00adfen sie ei\u00adni\u00adge be\u00adkann\u00adte Ge\u00adsich\u00adter, die sich freu\u00adten sie zu se\u00adhen. Na\u00adt\u00fcr\u00adlich wa\u00adren auch die Leh\u00adre\u00adrIn\u00adnen er\u00adfreut nach so lan\u00adger Zeit ei\u00adni\u00adge Kin\u00adder und El\u00adtern wiederzusehen.<\/p>\n<p>Und soll\u00adte das Ma\u00adte\u00adri\u00adal wie\u00adder aus\u00adge\u00adhen, wer\u00adden die Leh\u00adre\u00adrIn\u00adnen er\u00adneut losziehen.<\/p>\n<hr>\n<\/div>\n\t\t<\/div><\/div><\/div><div id=\"pg-1162-58\" class=\"panel-grid panel-no-style\"><div id=\"pgc-1162-58-0\" class=\"panel-grid-cell\"><div id=\"panel-1162-58-0-0\" class=\"so-panel widget widget_media_image panel-first-child panel-last-child\" data-index=\"116\"><img width=\"300\" height=\"300\" src=\"https:\/\/ludgerusschule-herten.de\/wp-content\/uploads\/2020\/04\/IMG-20200422-WA0004-300x300.jpg\" class=\"image wp-image-1165  attachment-medium size-medium\" alt decoding=\"async\" loading=\"lazy\" style=\"max-width: 100%; height: auto;\" srcset=\"https:\/\/ludgerusschule-herten.de\/wp-content\/uploads\/2020\/04\/IMG-20200422-WA0004-300x300.jpg 300w, https:\/\/ludgerusschule-herten.de\/wp-content\/uploads\/2020\/04\/IMG-20200422-WA0004-1024x1024.jpg 1024w, https:\/\/ludgerusschule-herten.de\/wp-content\/uploads\/2020\/04\/IMG-20200422-WA0004-150x150.jpg 150w, https:\/\/ludgerusschule-herten.de\/wp-content\/uploads\/2020\/04\/IMG-20200422-WA0004-768x768.jpg 768w, https:\/\/ludgerusschule-herten.de\/wp-content\/uploads\/2020\/04\/IMG-20200422-WA0004-600x600.jpg 600w, https:\/\/ludgerusschule-herten.de\/wp-content\/uploads\/2020\/04\/IMG-20200422-WA0004-1536x1536.jpg 1536w, https:\/\/ludgerusschule-herten.de\/wp-content\/uploads\/2020\/04\/IMG-20200422-WA0004-246x246.jpg 246w, https:\/\/ludgerusschule-herten.de\/wp-content\/uploads\/2020\/04\/IMG-20200422-WA0004-520x520.jpg 520w, https:\/\/ludgerusschule-herten.de\/wp-content\/uploads\/2020\/04\/IMG-20200422-WA0004-185x185.jpg 185w, https:\/\/ludgerusschule-herten.de\/wp-content\/uploads\/2020\/04\/IMG-20200422-WA0004-220x220.jpg 220w, https:\/\/ludgerusschule-herten.de\/wp-content\/uploads\/2020\/04\/IMG-20200422-WA0004-60x60.jpg 60w, https:\/\/ludgerusschule-herten.de\/wp-content\/uploads\/2020\/04\/IMG-20200422-WA0004-384x384.jpg 384w, https:\/\/ludgerusschule-herten.de\/wp-content\/uploads\/2020\/04\/IMG-20200422-WA0004.jpg 1600w\" sizes=\"(max-width: 300px) 100vw, 300px\"><\/div><\/div><div id=\"pgc-1162-58-1\" class=\"panel-grid-cell\"><div id=\"panel-1162-58-1-0\" class=\"so-panel widget widget_text panel-first-child panel-last-child\" data-index=\"117\">\t\t\t<div class=\"textwidget\"><p><em>(23.04.2020 \u2013 14:53&nbsp;Uhr)<\/em><\/p>\n<p class=\"Text\">Ein gro\u00ad\u00dfes Dan\u00adke\u00adsch\u00f6n geht auch an die El\u00adtern, z.B. an Frau Uzun\u00adkol, die sich ge\u00admein\u00adsam mit Frau Piehl auf den Weg durch Her\u00adten be\u00adge\u00adben hat, um ih\u00adren Sch\u00fctz\u00adlin\u00adgen der Klas\u00adse 1B neue Ma\u00adte\u00adria\u00adli\u00aden zu\u00adkom\u00admen zu las\u00adsen. Dan\u00adke auch f\u00fcr die vie\u00adlen spon\u00adta\u00adnen Ein\u00adla\u00addun\u00adgen zu ei\u00adnem schnel\u00adlen Ab\u00ad\u00adstands-Co\u00adro\u00ad\u00adna-Kaf\u00ad\u00adfee. Wenn wir die\u00adse auf\u00adre\u00adgen\u00adde Pha\u00adse \u00fcber\u00adstan\u00adden ha\u00adben, trin\u00adken wir hof\u00adfent\u00adlich al\u00adle ge\u00admein\u00adsam in un\u00adse\u00adren Klas\u00adsen\u00adver\u00adb\u00e4n\u00adden den wohl\u00adver\u00addien\u00adten Kaffee.<\/p>\n<p class=\"Text\">ZUSAMMEN SCHAFFEN WIR&nbsp;DAS!<\/p>\n<p class=\"Text\">Wir Leh\u00adrer und Leh\u00adre\u00adrin\u00adnen sind froh, dass die Zu\u00adsam\u00admen\u00adar\u00adbeit zwi\u00adschen al\u00adlen Be\u00adtei\u00adlig\u00adten so toll funk\u00adtio\u00adniert. Sch\u00f6n, Sie an un\u00adse\u00adrer Sei\u00adte zu wissen!<\/p>\n<hr>\n<\/div>\n\t\t<\/div><\/div><\/div><div id=\"pg-1162-59\" class=\"panel-grid panel-no-style\"><div id=\"pgc-1162-59-0\" class=\"panel-grid-cell\"><div id=\"panel-1162-59-0-0\" class=\"so-panel widget widget_media_image panel-first-child panel-last-child\" data-index=\"118\"><img width=\"300\" height=\"200\" src=\"https:\/\/ludgerusschule-herten.de\/wp-content\/uploads\/2020\/04\/Bild-folgt-300x200.jpg\" class=\"image wp-image-1191  attachment-medium size-medium\" alt decoding=\"async\" loading=\"lazy\" style=\"max-width: 100%; height: auto;\" srcset=\"https:\/\/ludgerusschule-herten.de\/wp-content\/uploads\/2020\/04\/Bild-folgt-300x200.jpg 300w, https:\/\/ludgerusschule-herten.de\/wp-content\/uploads\/2020\/04\/Bild-folgt-1024x683.jpg 1024w, https:\/\/ludgerusschule-herten.de\/wp-content\/uploads\/2020\/04\/Bild-folgt-768x512.jpg 768w, https:\/\/ludgerusschule-herten.de\/wp-content\/uploads\/2020\/04\/Bild-folgt-391x260.jpg 391w, https:\/\/ludgerusschule-herten.de\/wp-content\/uploads\/2020\/04\/Bild-folgt-600x400.jpg 600w, https:\/\/ludgerusschule-herten.de\/wp-content\/uploads\/2020\/04\/Bild-folgt-1536x1025.jpg 1536w, https:\/\/ludgerusschule-herten.de\/wp-content\/uploads\/2020\/04\/Bild-folgt-272x182.jpg 272w, https:\/\/ludgerusschule-herten.de\/wp-content\/uploads\/2020\/04\/Bild-folgt.jpg 1772w\" sizes=\"(max-width: 300px) 100vw, 300px\"><\/div><\/div><div id=\"pgc-1162-59-1\" class=\"panel-grid-cell\"><div id=\"panel-1162-59-1-0\" class=\"so-panel widget widget_text panel-first-child panel-last-child\" data-index=\"119\"><h3 class=\"widget-title\">Start der \u201eL\u00f6\u00adwen\u00adgrup\u00adpe\u201c<\/h3>\t\t\t<div class=\"textwidget\"><p>An un\u00adse\u00adrer Lud\u00adge\u00adrus\u00adschu\u00adle wer\u00adden vor\u00admit\u00adtags nun auch Vor\u00adschul\u00adkin\u00adder oh\u00adne ei\u00adnen Ki\u00ad\u00adta-Platz be\u00adtreut. N\u00e4\u00adhe\u00adres fin\u00adden Sie un\u00adter fol\u00adgen\u00addem&nbsp;Link:<\/p>\n<p><a href=\"https:\/\/www.herten.de\/presse\/p\/news\/start-der-loewengruppe-an-der-ludgerusschule.html\">L\u00f6\u00adwen\u00adgrup\u00adpe an der Ludgerusschule<\/a><\/p>\n<p>&nbsp;<\/p>\n<hr>\n<\/div>\n\t\t<\/div><\/div><\/div><div id=\"pg-1162-60\" class=\"panel-grid panel-no-style\"><div id=\"pgc-1162-60-0\" class=\"panel-grid-cell\"><div id=\"panel-1162-60-0-0\" class=\"so-panel widget widget_media_image panel-first-child panel-last-child\" data-index=\"120\"><img width=\"300\" height=\"200\" src=\"https:\/\/ludgerusschule-herten.de\/wp-content\/uploads\/2020\/04\/Lupu-klein-ohne-Rand-300x200.jpg\" class=\"image wp-image-1192  attachment-medium size-medium\" alt decoding=\"async\" loading=\"lazy\" style=\"max-width: 100%; height: auto;\" srcset=\"https:\/\/ludgerusschule-herten.de\/wp-content\/uploads\/2020\/04\/Lupu-klein-ohne-Rand-300x200.jpg 300w, https:\/\/ludgerusschule-herten.de\/wp-content\/uploads\/2020\/04\/Lupu-klein-ohne-Rand-1024x683.jpg 1024w, https:\/\/ludgerusschule-herten.de\/wp-content\/uploads\/2020\/04\/Lupu-klein-ohne-Rand-768x512.jpg 768w, https:\/\/ludgerusschule-herten.de\/wp-content\/uploads\/2020\/04\/Lupu-klein-ohne-Rand-391x260.jpg 391w, https:\/\/ludgerusschule-herten.de\/wp-content\/uploads\/2020\/04\/Lupu-klein-ohne-Rand-600x400.jpg 600w, https:\/\/ludgerusschule-herten.de\/wp-content\/uploads\/2020\/04\/Lupu-klein-ohne-Rand-1536x1025.jpg 1536w, https:\/\/ludgerusschule-herten.de\/wp-content\/uploads\/2020\/04\/Lupu-klein-ohne-Rand-272x182.jpg 272w, https:\/\/ludgerusschule-herten.de\/wp-content\/uploads\/2020\/04\/Lupu-klein-ohne-Rand.jpg 1772w\" sizes=\"(max-width: 300px) 100vw, 300px\"><\/div><\/div><div id=\"pgc-1162-60-1\" class=\"panel-grid-cell\"><div id=\"panel-1162-60-1-0\" class=\"so-panel widget widget_text panel-first-child panel-last-child\" data-index=\"121\"><h3 class=\"widget-title\">Un\u00adser&nbsp;LuPu<\/h3>\t\t\t<div class=\"textwidget\"><p>Die Lu\u00add\u00ad\u00adge\u00adrus-Pun\u00adk\u00ad\u00adte, auch Lu\u00adPu ge\u00adnannt, wur\u00adden im Herbst 2019 ein\u00adge\u00adf\u00fchrt und als klas\u00adsen\u00ad\u00fcber\u00adgrei\u00adfen\u00addes Be\u00adloh\u00adnungs\u00adsys\u00adtem in der Schu\u00adle ein\u00adge\u00adsetzt. Lu\u00adPu wer\u00adden an Sch\u00fc\u00adle\u00adrin\u00adnen und Sch\u00fc\u00adler ver\u00adteilt, die durch Auf\u00admerk\u00adsam\u00adkeit, Acht\u00adsam\u00adkeit und be\u00adson\u00adde\u00adre Leis\u00adtun\u00adgen auf\u00adfal\u00adlen. Dies kann bei\u00adspiels\u00adwei\u00adse selbst\u00adlo\u00adses oder h\u00f6f\u00adli\u00adches Ver\u00adhal\u00adten sein (T\u00fcr auf\u00adhal\u00adten, Re\u00adgeln be\u00adfol\u00adgen und da\u00addurch an\u00adde\u00adren ein Vor\u00adbild sein, un\u00adauf\u00adge\u00adfor\u00adder\u00adtes Ein\u00adsam\u00admeln von auf dem Bo\u00adden lie\u00adgen\u00addem frem\u00adden M\u00fcll etc.). Der p\u00e4d\u00adago\u00adgi\u00adsche Sinn der Lu\u00adPu be\u00adsteht dar\u00adin, dass die Sch\u00fc\u00adle\u00adrin\u00adnen und Sch\u00fc\u00adler ler\u00adnen, dass vor\u00adbild\u00adhaf\u00adtes Ver\u00adhal\u00adten an\u00ader\u00adkannt und be\u00adlohnt wird. Die Sch\u00fc\u00adle\u00adrin\u00adnen und Sch\u00fc\u00adler sam\u00admeln je\u00addoch nicht f\u00fcr sich selbst, son\u00addern f\u00fcr die Schul\u00adge\u00admein\u00adschaft. Je mehr Lu\u00adPu bis zum Schul\u00adjah\u00adres\u00aden\u00adde ge\u00adsam\u00admelt wer\u00adden, des\u00adto gr\u00f6\u00ad\u00dfer f\u00e4llt die Be\u00adloh\u00adnung f\u00fcr die Sch\u00fc\u00adler\u00adschaft aus. Wir hof\u00adfen, dass wir bis zu den Som\u00admer\u00adfe\u00adri\u00aden un\u00adse\u00adren Punk\u00adte\u00adstand noch deut\u00adlich er\u00adh\u00f6\u00adhen k\u00f6n\u00adnen und ge\u00admein\u00adsam et\u00adwas Sch\u00f6\u00adnes er\u00adle\u00adben d\u00fcrfen.<\/p>\n<p><a href=\"https:\/\/ludgerusschule-herten.de\/unser-lupu\/\">Hier geht es zur LuPu-Seite<\/a><\/p>\n<hr>\n<\/div>\n\t\t<\/div><\/div><\/div><div id=\"pg-1162-61\" class=\"panel-grid panel-no-style\"><div id=\"pgc-1162-61-0\" class=\"panel-grid-cell\"><div id=\"panel-1162-61-0-0\" class=\"so-panel widget widget_media_image panel-first-child panel-last-child\" data-index=\"122\"><img width=\"225\" height=\"300\" src=\"https:\/\/ludgerusschule-herten.de\/wp-content\/uploads\/2020\/02\/7-ok-Kinofoto-225x300.jpg\" class=\"image wp-image-958  attachment-medium size-medium\" alt decoding=\"async\" loading=\"lazy\" style=\"max-width: 100%; height: auto;\" srcset=\"https:\/\/ludgerusschule-herten.de\/wp-content\/uploads\/2020\/02\/7-ok-Kinofoto-225x300.jpg 225w, https:\/\/ludgerusschule-herten.de\/wp-content\/uploads\/2020\/02\/7-ok-Kinofoto-768x1024.jpg 768w, https:\/\/ludgerusschule-herten.de\/wp-content\/uploads\/2020\/02\/7-ok-Kinofoto-300x400.jpg 300w, https:\/\/ludgerusschule-herten.de\/wp-content\/uploads\/2020\/02\/7-ok-Kinofoto-450x600.jpg 450w, https:\/\/ludgerusschule-herten.de\/wp-content\/uploads\/2020\/02\/7-ok-Kinofoto-1152x1536.jpg 1152w, https:\/\/ludgerusschule-herten.de\/wp-content\/uploads\/2020\/02\/7-ok-Kinofoto-1536x2048.jpg 1536w, https:\/\/ludgerusschule-herten.de\/wp-content\/uploads\/2020\/02\/7-ok-Kinofoto-scaled.jpg 1920w\" sizes=\"(max-width: 225px) 100vw, 225px\"><\/div><\/div><div id=\"pgc-1162-61-1\" class=\"panel-grid-cell\"><div id=\"panel-1162-61-1-0\" class=\"so-panel widget widget_text panel-first-child panel-last-child\" data-index=\"123\"><h3 class=\"widget-title\">Ki\u00adno\u00adsaal statt Klassenzimmer<\/h3>\t\t\t<div class=\"textwidget\"><p>\u201eIm Rah\u00admen der Schul\u00adki\u00adno\u00adwo\u00adchen NRW be\u00adsuch\u00adten heu\u00adte al\u00adle Sch\u00fc\u00adler und Sch\u00fc\u00adle\u00adrin\u00adnen der Lud\u00adge\u00adrus\u00adschu\u00adle das Ci\u00adne\u00adworld Reck\u00adling\u00adhau\u00adsen. Schon die ge\u00admein\u00adsa\u00adme Bus\u00adfahrt sorg\u00adte bei den Kin\u00addern und Leh\u00adrern f\u00fcr gu\u00adte Stim\u00admung. Auf\u00adge\u00adregt und vol\u00adler Neu\u00adgier sa\u00adhen sie den Film \u201ePet\u00adters\u00adson und Fin\u00ad\u00addus- Fin\u00addus zieht aus.\u201c Der aus\u00adge\u00adw\u00e4hl\u00adte Film soll im An\u00adschluss in den n\u00e4chs\u00adten Un\u00adter\u00adrichts\u00adein\u00adhei\u00adten wie Deutsch oder Sach\u00adkun\u00adde zu The\u00admen wie z.b. \u201eWel\u00adchen Wert hat Freund\u00adschaft?\u201c mit den Kin\u00addern ge\u00admein\u00adsam er\u00adar\u00adbei\u00adtet wer\u00adden. Die Schul\u00adki\u00adno\u00adwo\u00adchen sind ein deutsch\u00adland\u00adwei\u00adtes Pro\u00adjekt zur Film\u00adbil\u00addung. Ziel ist es u.a. den au\u00ad\u00dfer\u00adschu\u00adli\u00adschen Lern\u00adort f\u00fcr Sch\u00fc\u00adler er\u00adleb\u00adbar zu ma\u00adchen und die Lehr\u00adkr\u00e4f\u00adte zu mo\u00adti\u00advie\u00adren, Fil\u00adme als au\u00addio\u00advi\u00adsu\u00adel\u00adle Wer\u00adke im Un\u00adter\u00adricht zu be\u00adhan\u00addeln. Schu\u00adle mal anders.<\/p>\n<p>&nbsp;<\/p>\n<hr>\n<\/div>\n\t\t<\/div><\/div><\/div><div id=\"pg-1162-62\" class=\"panel-grid panel-no-style\"><div id=\"pgc-1162-62-0\" class=\"panel-grid-cell\"><div id=\"panel-1162-62-0-0\" class=\"so-panel widget widget_media_image panel-first-child panel-last-child\" data-index=\"124\"><img width=\"300\" height=\"225\" src=\"https:\/\/ludgerusschule-herten.de\/wp-content\/uploads\/2020\/02\/11-ok-Sponsorenlauf-300x225.jpg\" class=\"image wp-image-957  attachment-medium size-medium\" alt decoding=\"async\" loading=\"lazy\" style=\"max-width: 100%; height: auto;\" srcset=\"https:\/\/ludgerusschule-herten.de\/wp-content\/uploads\/2020\/02\/11-ok-Sponsorenlauf-300x225.jpg 300w, https:\/\/ludgerusschule-herten.de\/wp-content\/uploads\/2020\/02\/11-ok-Sponsorenlauf-1024x768.jpg 1024w, https:\/\/ludgerusschule-herten.de\/wp-content\/uploads\/2020\/02\/11-ok-Sponsorenlauf-768x576.jpg 768w, https:\/\/ludgerusschule-herten.de\/wp-content\/uploads\/2020\/02\/11-ok-Sponsorenlauf-600x450.jpg 600w, https:\/\/ludgerusschule-herten.de\/wp-content\/uploads\/2020\/02\/11-ok-Sponsorenlauf-1536x1152.jpg 1536w, https:\/\/ludgerusschule-herten.de\/wp-content\/uploads\/2020\/02\/11-ok-Sponsorenlauf-2048x1536.jpg 2048w\" sizes=\"(max-width: 300px) 100vw, 300px\"><\/div><\/div><div id=\"pgc-1162-62-1\" class=\"panel-grid-cell\"><div id=\"panel-1162-62-1-0\" class=\"so-panel widget widget_text panel-first-child panel-last-child\" data-index=\"125\"><h3 class=\"widget-title\">Spon\u00adso\u00adren\u00adlauf<\/h3>\t\t\t<div class=\"textwidget\"><p>Am 02.10.2019 fand un\u00adser Spon\u00adso\u00adren\u00adlauf statt. Auf\u00adgrund der Wet\u00adter\u00adla\u00adge muss\u00adten wir lei\u00adder auf die Sport\u00adhal\u00adle zu\u00adr\u00fcck\u00adgrei\u00adfen. Aber auch dort hat\u00adten die Kin\u00adder viel Freu\u00adde und ha\u00adben ei\u00adne be\u00adtr\u00e4cht\u00adli\u00adche Sum\u00adme er\u00adlau\u00adfen! Ins\u00adge\u00adsamt wur\u00adden 1571,70 \u20ac von den Sch\u00fc\u00adle\u00adrin\u00adnen und Sch\u00fc\u00adlern der Lud\u00adge\u00adrus\u00adschu\u00adle er\u00adlau\u00adfen. Am 11.10.2019 fand im Rah\u00admen un\u00adse\u00adrer Pau\u00adsen\u00addis\u00adco die Sie\u00adger\u00adeh\u00adrung statt. Die meis\u00adten Run\u00adden bei den Jun\u00adgen schaff\u00adten Er\u00adfan (3b) und You\u00adsif (3a) mit je 21 Run\u00adden und bei den M\u00e4d\u00adchen schaff\u00adte Da\u00adl\u00adal (3b) eben\u00adfalls 21 Run\u00adden. Das Geld geht an un\u00adse\u00adren F\u00f6r\u00adder\u00adver\u00adein und kommt al\u00adlen Kin\u00addern un\u00adse\u00adrer Schu\u00adle zu\u00adgu\u00adte, da es f\u00fcr un\u00adser Klas\u00adse 2000 Pro\u00adgramm ge\u00adnutzt wird. An die\u00adser Stel\u00adle noch\u00admal ein herz\u00adli\u00adches DANKESCH\u00d6N an die Spon\u00adso\u00adren und un\u00adse\u00adre flei\u00ad\u00dfi\u00adgen L\u00e4u\u00adfer und L\u00e4uferinnen!<\/p>\n<p>&nbsp;<\/p>\n<hr>\n<\/div>\n\t\t<\/div><\/div><\/div><div id=\"pg-1162-63\" class=\"panel-grid panel-no-style\"><div id=\"pgc-1162-63-0\" class=\"panel-grid-cell\"><div id=\"panel-1162-63-0-0\" class=\"so-panel widget widget_media_image panel-first-child\" data-index=\"126\"><img width=\"300\" height=\"225\" src=\"https:\/\/ludgerusschule-herten.de\/wp-content\/uploads\/2020\/02\/3-ok-IMG_5826-300x225.jpg\" class=\"image wp-image-954  attachment-medium size-medium\" alt decoding=\"async\" loading=\"lazy\" style=\"max-width: 100%; height: auto;\" srcset=\"https:\/\/ludgerusschule-herten.de\/wp-content\/uploads\/2020\/02\/3-ok-IMG_5826-300x225.jpg 300w, https:\/\/ludgerusschule-herten.de\/wp-content\/uploads\/2020\/02\/3-ok-IMG_5826-1024x768.jpg 1024w, https:\/\/ludgerusschule-herten.de\/wp-content\/uploads\/2020\/02\/3-ok-IMG_5826-768x576.jpg 768w, https:\/\/ludgerusschule-herten.de\/wp-content\/uploads\/2020\/02\/3-ok-IMG_5826-600x450.jpg 600w, https:\/\/ludgerusschule-herten.de\/wp-content\/uploads\/2020\/02\/3-ok-IMG_5826-1536x1152.jpg 1536w, https:\/\/ludgerusschule-herten.de\/wp-content\/uploads\/2020\/02\/3-ok-IMG_5826-2048x1536.jpg 2048w\" sizes=\"(max-width: 300px) 100vw, 300px\"><\/div><div id=\"panel-1162-63-0-1\" class=\"so-panel widget widget_media_image panel-last-child\" data-index=\"127\"><img width=\"300\" height=\"225\" src=\"https:\/\/ludgerusschule-herten.de\/wp-content\/uploads\/2020\/02\/1-300x225.jpg\" class=\"image wp-image-956  attachment-medium size-medium\" alt decoding=\"async\" loading=\"lazy\" style=\"max-width: 100%; height: auto;\" srcset=\"https:\/\/ludgerusschule-herten.de\/wp-content\/uploads\/2020\/02\/1-300x225.jpg 300w, https:\/\/ludgerusschule-herten.de\/wp-content\/uploads\/2020\/02\/1-1024x768.jpg 1024w, https:\/\/ludgerusschule-herten.de\/wp-content\/uploads\/2020\/02\/1-768x576.jpg 768w, https:\/\/ludgerusschule-herten.de\/wp-content\/uploads\/2020\/02\/1-600x450.jpg 600w, https:\/\/ludgerusschule-herten.de\/wp-content\/uploads\/2020\/02\/1-1536x1152.jpg 1536w, https:\/\/ludgerusschule-herten.de\/wp-content\/uploads\/2020\/02\/1.jpg 1600w\" sizes=\"(max-width: 300px) 100vw, 300px\"><\/div><\/div><div id=\"pgc-1162-63-1\" class=\"panel-grid-cell\"><div id=\"panel-1162-63-1-0\" class=\"so-panel widget widget_text panel-first-child panel-last-child\" data-index=\"128\"><h3 class=\"widget-title\">Aben\u00adteu\u00ader im R\u00f6merdorf\/ Klas\u00adsen\u00adfahrt der Klas\u00adsen 4a und&nbsp;4b<\/h3>\t\t\t<div class=\"textwidget\"><p>Wir, die Klas\u00adsen 4a und 4b, wa\u00adren vom 16.09.\u201318.09.2019 auf Klas\u00adsen\u00adfahrt in der Ju\u00adgend\u00adher\u00adber\u00adge Hal\u00adtern am See. Nach der An\u00adkunft ha\u00adben al\u00adle Kin\u00adder in ih\u00adren Zim\u00admern im R\u00f6\u00admer\u00addorf die Bet\u00adten selbst be\u00adzo\u00adgen. F\u00fcnf bis sechs Kin\u00adder wohn\u00adten zu\u00adsam\u00admen in ei\u00adner Haus\u00adh\u00e4lf\u00adte mit zwei Schlaf\u00adr\u00e4u\u00admen, ei\u00adnem Bad, ei\u00adner Toi\u00adlet\u00adte, ei\u00adnem Flur und ei\u00adnem Auf\u00adent\u00adhalts\u00adraum. Dort konn\u00adten wir na\u00adschen, spie\u00adlen, quat\u00adschen, chil\u00adlen oder ma\u00adlen. F\u00fcr das lei\u00adses\u00adte und das or\u00addent\u00adlichs\u00adte Haus gab es Preise.<\/p>\n<p>In der Ju\u00adgend\u00adher\u00adber\u00adge er\u00adhiel\u00adten wir Fr\u00fch\u00adst\u00fcck, Mit\u00adtag\u00adessen und Abend\u00adbrot. Be\u00adson\u00adders gut ha\u00adben uns die Pfann\u00adku\u00adchen, Corn\u00adflakes und die Nu\u00addeln ge\u00adschmeckt. Als Ge\u00adtr\u00e4n\u00adke gab es Tee, Saft und ein Wald\u00admeis\u00adter\u00adge\u00adtr\u00e4nk. Zwi\u00adschen\u00addurch konn\u00adten wir zum Ki\u00adosk ge\u00adhen. Ei\u00adni\u00adge kauf\u00adten dort Ket\u00adten, Arm\u00adb\u00e4n\u00adder oder S\u00fc\u00ad\u00dfig\u00adkei\u00adten. Mit un\u00adse\u00adren Na\u00adtur\u00adex\u00adper\u00adten un\u00adter\u00adnah\u00admen wir ei\u00adne Wald\u00adwan\u00adde\u00adrung und ha\u00adben da\u00adbei auch Brenn\u00adnes\u00adseln pro\u00adbiert und Tier\u00adspu\u00adren ent\u00addeckt. Dann sind wir noch ge\u00admein\u00adsam durch die Wes\u00adtru\u00adper Hei\u00adde ge\u00adlau\u00adfen. Am Nach\u00admit\u00adtag fer\u00adtig\u00adten wir ein As\u00adsel\u00adbild mit Hil\u00adfe von N\u00e4\u00adgeln und F\u00e4\u00adden an oder ver\u00adzier\u00adten B\u00e4u\u00adme mit Lehm\u00adge\u00adsich\u00adtern. Nach dem Hand\u00adwerk stand freie Zeit auf dem Pro\u00adgramm. Wir durf\u00adten Fu\u00df\u00adball, Vol\u00adley\u00adball oder Tisch\u00adten\u00adnis spie\u00adlen, oder uns selbst be\u00adsch\u00e4f\u00adti\u00adgen. Bei ei\u00adner Nacht\u00adwan\u00adde\u00adrung ha\u00adben wir das F\u00fcrch\u00adten ge\u00adlernt. Am Abend z\u00fcn\u00adde\u00adten Frau Pe\u00adters und Herr Born ein La\u00adger\u00adfeu\u00ader an, an dem wir \u201eSt\u00f6ck\u00adchen\u00adbrot\u201c brie\u00adten. Zum Ab\u00adschluss des Ta\u00adges tanz\u00adten al\u00adle wild zu Disco-Musik.<\/p>\n<p>Es war ei\u00adne tol\u00adle Zeit f\u00fcr uns&nbsp;alle!<\/p>\n<hr>\n<\/div>\n\t\t<\/div><\/div><\/div><div id=\"pg-1162-64\" class=\"panel-grid panel-no-style\"><div id=\"pgc-1162-64-0\" class=\"panel-grid-cell\"><div id=\"panel-1162-64-0-0\" class=\"so-panel widget widget_media_image panel-first-child panel-last-child\" data-index=\"129\"><img width=\"300\" height=\"231\" src=\"https:\/\/ludgerusschule-herten.de\/wp-content\/uploads\/2020\/02\/img_0551-e1581876308679-300x231.jpg\" class=\"image wp-image-952  attachment-medium size-medium\" alt decoding=\"async\" loading=\"lazy\" style=\"max-width: 100%; height: auto;\" srcset=\"https:\/\/ludgerusschule-herten.de\/wp-content\/uploads\/2020\/02\/img_0551-e1581876308679-300x231.jpg 300w, https:\/\/ludgerusschule-herten.de\/wp-content\/uploads\/2020\/02\/img_0551-e1581876308679-600x462.jpg 600w, https:\/\/ludgerusschule-herten.de\/wp-content\/uploads\/2020\/02\/img_0551-e1581876308679.jpg 724w\" sizes=\"(max-width: 300px) 100vw, 300px\"><\/div><\/div><div id=\"pgc-1162-64-1\" class=\"panel-grid-cell\"><div id=\"panel-1162-64-1-0\" class=\"so-panel widget widget_text panel-first-child panel-last-child\" data-index=\"130\"><h3 class=\"widget-title\">Die F\u00fcch\u00adse<\/h3>\t\t\t<div class=\"textwidget\"><p>Herz\u00adlich Will\u00adkom\u00admen, lie\u00adbe F\u00fcch\u00adse! Die Klas\u00adse 1b ist still wie ein M\u00e4us\u00adchen, passt auf wie ein Luchs, lernt flei\u00ad\u00dfig wie ein Bien\u00adchen und wird schlau wie ein Fuchs! Nach ei\u00adnem hal\u00adben Schul\u00adjahr, seid ihr nun kei\u00adne Schul\u00adan\u00adf\u00e4n\u00adger mehr \u2013 son\u00addern ein tol\u00adles Team mit 27 Kin\u00addern. Mit viel Freu\u00adde, La\u00adchen und Mo\u00adti\u00adva\u00adti\u00adon meis\u00adtert ihr den Schul\u00adall\u00adtag. Lang\u00adsam k\u00f6n\u00adnen wir le\u00adsen, schrei\u00adben und rech\u00adnen. Mit un\u00adse\u00adrer Re\u00adfe\u00adren\u00adda\u00adrin Frau Sta\u00adwitz\u00adki im Ma\u00adthe\u00adun\u00adter\u00adricht lernt ihr vie\u00adle tol\u00adle Lern\u00adum\u00adge\u00adbun\u00adgen ken\u00adnen. Ich bin stolz, dass ihr ei\u00adne so\u00adzia\u00adle Klas\u00adse seid \u2013 ihr Euch re\u00adspek\u00adtiert, mit\u00adf\u00fchlt und ge\u00adgen\u00adsei\u00adtig unterst\u00fctzt.<\/p>\n<p>&nbsp;<\/p>\n<hr>\n<\/div>\n\t\t<\/div><\/div><\/div><div id=\"pg-1162-65\" class=\"panel-grid panel-no-style\"><div id=\"pgc-1162-65-0\" class=\"panel-grid-cell\"><div id=\"panel-1162-65-0-0\" class=\"so-panel widget widget_media_image panel-first-child panel-last-child\" data-index=\"131\"><img width=\"300\" height=\"225\" src=\"https:\/\/ludgerusschule-herten.de\/wp-content\/uploads\/2020\/02\/9-ok-Vorstellung-1a-300x225.jpg\" class=\"image wp-image-953  attachment-medium size-medium\" alt decoding=\"async\" loading=\"lazy\" style=\"max-width: 100%; height: auto;\" srcset=\"https:\/\/ludgerusschule-herten.de\/wp-content\/uploads\/2020\/02\/9-ok-Vorstellung-1a-300x225.jpg 300w, https:\/\/ludgerusschule-herten.de\/wp-content\/uploads\/2020\/02\/9-ok-Vorstellung-1a-1024x768.jpg 1024w, https:\/\/ludgerusschule-herten.de\/wp-content\/uploads\/2020\/02\/9-ok-Vorstellung-1a-768x576.jpg 768w, https:\/\/ludgerusschule-herten.de\/wp-content\/uploads\/2020\/02\/9-ok-Vorstellung-1a-600x450.jpg 600w, https:\/\/ludgerusschule-herten.de\/wp-content\/uploads\/2020\/02\/9-ok-Vorstellung-1a-1536x1152.jpg 1536w, https:\/\/ludgerusschule-herten.de\/wp-content\/uploads\/2020\/02\/9-ok-Vorstellung-1a-2048x1536.jpg 2048w\" sizes=\"(max-width: 300px) 100vw, 300px\"><\/div><\/div><div id=\"pgc-1162-65-1\" class=\"panel-grid-cell\"><div id=\"panel-1162-65-1-0\" class=\"so-panel widget widget_text panel-first-child panel-last-child\" data-index=\"132\"><h3 class=\"widget-title\">Die Igel<\/h3>\t\t\t<div class=\"textwidget\"><p>In den ers\u00adten Wo\u00adchen lern\u00adten sich die Kin\u00adder ken\u00adnen und er\u00adkun\u00adde\u00adten das Schul\u00adge\u00adb\u00e4u\u00adde. Schnell leb\u00adten sie sich hier ein, lern\u00adten mit Hil\u00adfe des Ze\u00ad\u00adbra-Raps und der Schreib\u00adta\u00adbel\u00adle die ers\u00adten Buch\u00adsta\u00adben. Auch in den an\u00adde\u00adren F\u00e4\u00adchern sam\u00admel\u00adten sie ers\u00adte Er\u00adfah\u00adrun\u00adgen und wur\u00adden schnell rich\u00adti\u00adge Schul\u00adkin\u00adder. Ne\u00adben dem Un\u00adter\u00adricht nah\u00admen sie an an\u00adde\u00adren Be\u00adrei\u00adchen un\u00adse\u00adres Schul\u00adle\u00adbens teil. Beim Ba\u00adcken und Bas\u00adteln, ei\u00adnem ge\u00admein\u00adsa\u00admen Fr\u00fch\u00adst\u00fcck, dem Ad\u00advents\u00adsin\u00adgen und der Ni\u00adko\u00adlaus\u00adfei\u00ader mit ih\u00adrem ers\u00adten ei\u00adge\u00adnen Auf\u00adtritt hat\u00adten sie viel Freu\u00adde. Wir freu\u00aden uns, dass ihr jetzt bei uns&nbsp;seid!<\/p>\n<hr>\n<\/div>\n\t\t<\/div><\/div><\/div><div id=\"pg-1162-66\" class=\"panel-grid panel-no-style\"><div id=\"pgc-1162-66-0\" class=\"panel-grid-cell\"><div id=\"panel-1162-66-0-0\" class=\"so-panel widget widget_media_image panel-first-child panel-last-child\" data-index=\"133\"><img width=\"300\" height=\"200\" src=\"https:\/\/ludgerusschule-herten.de\/wp-content\/uploads\/2020\/04\/Bild-folgt-300x200.jpg\" class=\"image wp-image-1191  attachment-medium size-medium\" alt decoding=\"async\" loading=\"lazy\" style=\"max-width: 100%; height: auto;\" srcset=\"https:\/\/ludgerusschule-herten.de\/wp-content\/uploads\/2020\/04\/Bild-folgt-300x200.jpg 300w, https:\/\/ludgerusschule-herten.de\/wp-content\/uploads\/2020\/04\/Bild-folgt-1024x683.jpg 1024w, https:\/\/ludgerusschule-herten.de\/wp-content\/uploads\/2020\/04\/Bild-folgt-768x512.jpg 768w, https:\/\/ludgerusschule-herten.de\/wp-content\/uploads\/2020\/04\/Bild-folgt-391x260.jpg 391w, https:\/\/ludgerusschule-herten.de\/wp-content\/uploads\/2020\/04\/Bild-folgt-600x400.jpg 600w, https:\/\/ludgerusschule-herten.de\/wp-content\/uploads\/2020\/04\/Bild-folgt-1536x1025.jpg 1536w, https:\/\/ludgerusschule-herten.de\/wp-content\/uploads\/2020\/04\/Bild-folgt-272x182.jpg 272w, https:\/\/ludgerusschule-herten.de\/wp-content\/uploads\/2020\/04\/Bild-folgt.jpg 1772w\" sizes=\"(max-width: 300px) 100vw, 300px\"><\/div><\/div><div id=\"pgc-1162-66-1\" class=\"panel-grid-cell\"><div id=\"panel-1162-66-1-0\" class=\"so-panel widget widget_text panel-first-child panel-last-child\" data-index=\"134\"><h3 class=\"widget-title\">Er\u00ads\u00ad\u00adte-Hil\u00ad\u00adfe-For\u00adt\u00ad\u00adbil\u00ad\u00addung f\u00fcr das Kollegium<\/h3>\t\t\t<div class=\"textwidget\"><p>Nicht nur un\u00adse\u00adre Kin\u00adder ma\u00adchen sich im Sach\u00adun\u00adter\u00adricht mit Ma\u00df\u00adnah\u00admen der Ers\u00adten Hil\u00adfe ver\u00adtraut, auch das Kol\u00adle\u00adgi\u00adum frischt in re\u00adgel\u00adm\u00e4\u00ad\u00dfi\u00adgen Ab\u00adst\u00e4n\u00adden sei\u00adne Kennt\u00adnis\u00adse in Ers\u00adter Hil\u00adfe auf. Und so tra\u00adfen wir uns am 18. No\u00advem\u00adber um in lo\u00adcke\u00adrer Run\u00adde ein erns\u00adtes The\u00adma zu ver\u00adtie\u00adfen. Vom zum Gl\u00fcck nicht ganz All\u00adt\u00e4g\u00adli\u00adchen wie Schnitt\u00adver\u00adlet\u00adzun\u00adgen, Ver\u00adschlu\u00adcken etc. \u00fcber Ohn\u00admacht bis hin zum Herz-Lun\u00ad\u00adgen-Stil\u00adl\u00ad\u00adstand wur\u00adde al\u00adles an\u00adge\u00adspro\u00adchen und teil\u00adwei\u00adse nach\u00adge\u00adstellt, so dass wir das Ge\u00adf\u00fchl ha\u00adben, zur Not Ih\u00adren Kin\u00addern kom\u00adpe\u00adtent in Un\u00adfall\u00adsi\u00adtua\u00adtio\u00adnen hel\u00adfen zu k\u00f6n\u00adnen. Trotz\u00addem hof\u00adfen wir, dass wir das Er\u00adlern\u00adte und Trai\u00adnier\u00adte nicht brau\u00adchen werden!<\/p>\n<hr>\n<\/div>\n\t\t<\/div><\/div><\/div><div id=\"pg-1162-67\" class=\"panel-grid panel-no-style\"><div id=\"pgc-1162-67-0\" class=\"panel-grid-cell\"><div id=\"panel-1162-67-0-0\" class=\"so-panel widget widget_media_image panel-first-child panel-last-child\" data-index=\"135\"><img width=\"300\" height=\"225\" src=\"https:\/\/ludgerusschule-herten.de\/wp-content\/uploads\/2020\/03\/00f4df36-1171-4c74-a9b0-7b544db4bf4c-300x225.jpg\" class=\"image wp-image-1024  attachment-medium size-medium\" alt decoding=\"async\" loading=\"lazy\" style=\"max-width: 100%; height: auto;\" srcset=\"https:\/\/ludgerusschule-herten.de\/wp-content\/uploads\/2020\/03\/00f4df36-1171-4c74-a9b0-7b544db4bf4c-300x225.jpg 300w, https:\/\/ludgerusschule-herten.de\/wp-content\/uploads\/2020\/03\/00f4df36-1171-4c74-a9b0-7b544db4bf4c-1024x768.jpg 1024w, https:\/\/ludgerusschule-herten.de\/wp-content\/uploads\/2020\/03\/00f4df36-1171-4c74-a9b0-7b544db4bf4c-768x576.jpg 768w, https:\/\/ludgerusschule-herten.de\/wp-content\/uploads\/2020\/03\/00f4df36-1171-4c74-a9b0-7b544db4bf4c-600x450.jpg 600w, https:\/\/ludgerusschule-herten.de\/wp-content\/uploads\/2020\/03\/00f4df36-1171-4c74-a9b0-7b544db4bf4c-1536x1152.jpg 1536w, https:\/\/ludgerusschule-herten.de\/wp-content\/uploads\/2020\/03\/00f4df36-1171-4c74-a9b0-7b544db4bf4c.jpg 1600w\" sizes=\"(max-width: 300px) 100vw, 300px\"><\/div><\/div><div id=\"pgc-1162-67-1\" class=\"panel-grid-cell\"><div id=\"panel-1162-67-1-0\" class=\"so-panel widget widget_text panel-first-child panel-last-child\" data-index=\"136\"><h3 class=\"widget-title\">Pau\u00adsen\u00addis\u00adco stimmt auf Fe\u00adri\u00aden&nbsp;ein<\/h3>\t\t\t<div class=\"textwidget\"><p>P\u00fcnkt\u00adlich zum Pau\u00adsen\u00adklin\u00adgeln am letz\u00adten Mitt\u00adwoch vor den Fe\u00adri\u00aden, er\u00adschallt an der Lud\u00adge\u00adrus\u00adschu\u00adle lau\u00adte Mu\u00adsik. Leh\u00adrer Herr Born hat die gro\u00ad\u00dfen Bo\u00adxen und das Misch\u00adpult an\u00adge\u00adschlos\u00adsen und schl\u00fcpft in den n\u00e4chs\u00adten 20 Mi\u00adnu\u00adten in die Rol\u00adle des DJs. Ein Teil der Leh\u00adrer, OGS Mit\u00adar\u00adbei\u00adter und die Se\u00adkre\u00adt\u00e4\u00adrin ste\u00adhen zur Ani\u00adma\u00adti\u00adon be\u00adreit. Auf\u00adge\u00adregt st\u00fcr\u00admen die Kin\u00adder auf den Schul\u00adhof und al\u00adle zu\u00adsam\u00admen, \u201eob Gro\u00df ob Klein\u201c fan\u00adgen an ge\u00admein\u00adsam zu be\u00adkann\u00adten Charts\u00adlie\u00addern zu tan\u00adzen und zu sin\u00adgen. Die Stim\u00admung er\u00adreicht den H\u00f6\u00adhe\u00adpunkt bei dem be\u00adlieb\u00adten Lied A, E, I, O U be\u00adkannt von Ki\u00adka Tan\u00adzalarm. Die ge\u00adsam\u00adte Lud\u00adge\u00adrus\u00adschu\u00adle stimmt sich bei der tra\u00addi\u00adtio\u00adnel\u00adlen Pau\u00adsen\u00addis\u00adco auf die be\u00advor\u00adste\u00adhen\u00adden Fe\u00adri\u00aden ein. Um 9.55 Uhr er\u00adt\u00f6nt die Pau\u00adsen\u00adklin\u00adgel und al\u00adle ge\u00adhen gut ge\u00adlaunt in die Schu\u00adle. Und die Fe\u00adri\u00aden sind wie\u00adder ein St\u00fcck\u00adchen n\u00e4\u00adher ger\u00fcckt.<\/p>\n<hr>\n<\/div>\n\t\t<\/div><\/div><\/div><div id=\"pg-1162-68\" class=\"panel-grid panel-no-style\"><div id=\"pgc-1162-68-0\" class=\"panel-grid-cell\"><div id=\"panel-1162-68-0-0\" class=\"so-panel widget widget_media_image panel-first-child panel-last-child\" data-index=\"137\"><img width=\"300\" height=\"225\" src=\"https:\/\/ludgerusschule-herten.de\/wp-content\/uploads\/2020\/02\/1-ok-IMG-20200129-WA0000-300x225.jpg\" class=\"image wp-image-942  attachment-medium size-medium\" alt decoding=\"async\" loading=\"lazy\" style=\"max-width: 100%; height: auto;\" srcset=\"https:\/\/ludgerusschule-herten.de\/wp-content\/uploads\/2020\/02\/1-ok-IMG-20200129-WA0000-300x225.jpg 300w, https:\/\/ludgerusschule-herten.de\/wp-content\/uploads\/2020\/02\/1-ok-IMG-20200129-WA0000-1024x768.jpg 1024w, https:\/\/ludgerusschule-herten.de\/wp-content\/uploads\/2020\/02\/1-ok-IMG-20200129-WA0000-768x576.jpg 768w, https:\/\/ludgerusschule-herten.de\/wp-content\/uploads\/2020\/02\/1-ok-IMG-20200129-WA0000-600x450.jpg 600w, https:\/\/ludgerusschule-herten.de\/wp-content\/uploads\/2020\/02\/1-ok-IMG-20200129-WA0000-1536x1152.jpg 1536w, https:\/\/ludgerusschule-herten.de\/wp-content\/uploads\/2020\/02\/1-ok-IMG-20200129-WA0000.jpg 1600w\" sizes=\"(max-width: 300px) 100vw, 300px\"><\/div><\/div><div id=\"pgc-1162-68-1\" class=\"panel-grid-cell\"><div id=\"panel-1162-68-1-0\" class=\"so-panel widget widget_text panel-first-child panel-last-child\" data-index=\"138\"><h3 class=\"widget-title\">El\u00adtern Ca\u00adf\u00e9 f\u00e4hrt zum Weih\u00adnachts\u00admarkt nach M\u00fcnster<\/h3>\t\t\t<div class=\"textwidget\"><p>In der sch\u00f6\u00adnen Weih\u00adnachts\u00adzeit hat auch das El\u00adtern Ca\u00adf\u00e9 ei\u00adnen be\u00adson\u00adde\u00adren Aus\u00adflug un\u00adter\u00adnom\u00admen. Wir sind mit ins\u00adge\u00adsamt 9 Frau\u00aden zum Weih\u00adnachts\u00admarkt in M\u00fcns\u00adter ge\u00adfah\u00adren. Nach ei\u00adner un\u00adter\u00adhalt\u00adsa\u00admen Zug\u00adfahrt sind wir in M\u00fcns\u00adter di\u00adrekt zum welt\u00adbe\u00adkann\u00adten St. Pau\u00adlus Dom ge\u00adfah\u00adren, den wir uns dann sehr in\u00adter\u00ades\u00adsiert an\u00adge\u00adschaut ha\u00adben. Der St.-Paulus-Dom ist ei\u00adne r\u00f6\u00ad\u00admisch-ka\u00ad\u00adtho\u00ad\u00adli\u00ad\u00adsche Kir\u00adche des Bis\u00adtums M\u00fcns\u00adter und z\u00e4hlt zu den be\u00addeu\u00adtends\u00adten Kir\u00adchen\u00adbau\u00adten, ein Wahr\u00adzei\u00adchen von M\u00fcns\u00adter. Er wur\u00adde von 1225 bis 1264 er\u00adrich\u00adtet, ist al\u00adso rich\u00adtig alt. Da\u00adnach sind wir bei sch\u00f6ns\u00adtem Son\u00adnen\u00adschein zu den ver\u00adschie\u00adde\u00adnen Weih\u00adnachts\u00adm\u00e4rk\u00adte, die M\u00fcns\u00adter zu bie\u00adten hat ge\u00adlau\u00adfen und ha\u00adben uns ge\u00admein\u00adsam bei ei\u00adnem le\u00adcke\u00adren Ka\u00adkao un\u00adter\u00adhal\u00adten. Wir freu\u00aden uns schon auf den n\u00e4chs\u00adten Aus\u00adflug mit den El\u00adtern un\u00adse\u00adres El\u00adtern Ca\u00adf\u00e9s! El\u00adtern Ca\u00adf\u00e9: im\u00admer don\u00adners\u00adtags von 8:00 bis 10:00 Uhr in Raum&nbsp;E007.<\/p>\n<hr>\n<\/div>\n\t\t<\/div><\/div><\/div><div id=\"pg-1162-69\" class=\"panel-grid panel-no-style\"><div id=\"pgc-1162-69-0\" class=\"panel-grid-cell\"><div id=\"panel-1162-69-0-0\" class=\"so-panel widget widget_media_image panel-first-child panel-last-child\" data-index=\"139\"><img width=\"300\" height=\"200\" src=\"https:\/\/ludgerusschule-herten.de\/wp-content\/uploads\/2020\/04\/Bild-folgt-300x200.jpg\" class=\"image wp-image-1191  attachment-medium size-medium\" alt decoding=\"async\" loading=\"lazy\" style=\"max-width: 100%; height: auto;\" srcset=\"https:\/\/ludgerusschule-herten.de\/wp-content\/uploads\/2020\/04\/Bild-folgt-300x200.jpg 300w, https:\/\/ludgerusschule-herten.de\/wp-content\/uploads\/2020\/04\/Bild-folgt-1024x683.jpg 1024w, https:\/\/ludgerusschule-herten.de\/wp-content\/uploads\/2020\/04\/Bild-folgt-768x512.jpg 768w, https:\/\/ludgerusschule-herten.de\/wp-content\/uploads\/2020\/04\/Bild-folgt-391x260.jpg 391w, https:\/\/ludgerusschule-herten.de\/wp-content\/uploads\/2020\/04\/Bild-folgt-600x400.jpg 600w, https:\/\/ludgerusschule-herten.de\/wp-content\/uploads\/2020\/04\/Bild-folgt-1536x1025.jpg 1536w, https:\/\/ludgerusschule-herten.de\/wp-content\/uploads\/2020\/04\/Bild-folgt-272x182.jpg 272w, https:\/\/ludgerusschule-herten.de\/wp-content\/uploads\/2020\/04\/Bild-folgt.jpg 1772w\" sizes=\"(max-width: 300px) 100vw, 300px\"><\/div><\/div><div id=\"pgc-1162-69-1\" class=\"panel-grid-cell\"><div id=\"panel-1162-69-1-0\" class=\"so-panel widget widget_text panel-first-child panel-last-child\" data-index=\"140\"><h3 class=\"widget-title\">Thea\u00adter Till f\u00fcr Erstkl\u00e4ssler<\/h3>\t\t\t<div class=\"textwidget\"><p>Wie im\u00admer in den letz\u00adten Jah\u00adren or\u00adga\u00adni\u00adsier\u00adten die Kin\u00adder\u00adfreun\u00adde der Stadt Her\u00adten die Auf\u00adf\u00fch\u00adrung des Thea\u00adter\u00adst\u00fccks \u201eAb\u00adge\u00adschnallt\u201c. Nach den ver\u00adschie\u00adde\u00adnen \u00dcbun\u00adgen zur Ver\u00adkehrs\u00ader\u00adzie\u00adhung im Un\u00adter\u00adricht und an der Pa\u00adschen\u00adberg\u00adstra\u00ad\u00dfe schau\u00adten sich die Schul\u00adneu\u00adlin\u00adge am 25. No\u00advem\u00adber in der Ro\u00ad\u00adsa-Parks-Schu\u00ad\u00adle die Auf\u00adf\u00fch\u00adrung an. Die klei\u00adne Ju\u00adle m\u00f6ch\u00adte end\u00adlich al\u00adlein zum B\u00fcd\u00adchen ge\u00adhen. Bis\u00adher wur\u00adde sie im\u00admer von ih\u00adrem Au\u00adto Ka\u00adra\u00adcho \u00fcber\u00adall hingefahren.<\/p>\n<p>Mit Hil\u00adfe von Bordo (Bord\u00adstein\u00adkan\u00adte), Blin\u00adki (Fu\u00df\u00adg\u00e4n\u00adger\u00adam\u00adpel) und Ze\u00adbra (Ze\u00adbra\u00adstrei\u00adfen) lernt sie si\u00adcher und selbst\u00adst\u00e4n\u00addig, wie man ei\u00adne Stra\u00ad\u00dfe \u00fcber\u00adquert und sich rich\u00adtig im Stra\u00ad\u00dfen\u00adver\u00adkehr ver\u00adh\u00e4lt. Un\u00adse\u00adre Erst\u00adkl\u00e4ss\u00adler wa\u00adren von den pas\u00adsen\u00adden Kos\u00adt\u00fc\u00admen und den ein\u00adpr\u00e4\u00adgen\u00adden Lie\u00addern ganz be\u00adgeis\u00adtert. Am En\u00adde des Thea\u00adter\u00adst\u00fccks san\u00adgen al\u00adle das Lied \u201eAb\u00adge\u00adschnallt\u201c laut und fr\u00f6h\u00adlich&nbsp;mit.<\/p>\n<hr>\n<\/div>\n\t\t<\/div><\/div><\/div><div id=\"pg-1162-70\" class=\"panel-grid panel-no-style\"><div id=\"pgc-1162-70-0\" class=\"panel-grid-cell\"><div id=\"panel-1162-70-0-0\" class=\"so-panel widget widget_media_image panel-first-child panel-last-child\" data-index=\"141\"><img width=\"300\" height=\"252\" src=\"https:\/\/ludgerusschule-herten.de\/wp-content\/uploads\/2019\/10\/T-Shirts-300x252.jpg\" class=\"image wp-image-861  attachment-medium size-medium\" alt decoding=\"async\" loading=\"lazy\" style=\"max-width: 100%; height: auto;\" srcset=\"https:\/\/ludgerusschule-herten.de\/wp-content\/uploads\/2019\/10\/T-Shirts-300x252.jpg 300w, https:\/\/ludgerusschule-herten.de\/wp-content\/uploads\/2019\/10\/T-Shirts-768x645.jpg 768w, https:\/\/ludgerusschule-herten.de\/wp-content\/uploads\/2019\/10\/T-Shirts-600x504.jpg 600w, https:\/\/ludgerusschule-herten.de\/wp-content\/uploads\/2019\/10\/T-Shirts.jpg 877w\" sizes=\"(max-width: 300px) 100vw, 300px\"><\/div><\/div><div id=\"pgc-1162-70-1\" class=\"panel-grid-cell\"><div id=\"panel-1162-70-1-0\" class=\"so-panel widget widget_text panel-first-child panel-last-child\" data-index=\"142\"><h3 class=\"widget-title\">Un\u00adser Schul-T-Shirt<\/h3>\t\t\t<div class=\"textwidget\"><p>Wir ha\u00adben jetzt ein ei\u00adge\u00adnes Schul-T-Shirt!<br>\nAb die\u00adsem Schul\u00adjahr bie\u00adtet der F\u00f6r\u00adder\u00adver\u00adein coo\u00adle T\u2011Shirts mit dem ei\u00adge\u00adnen Na\u00admen (op\u00adtio\u00adnal) in ro\u00adsa und grau&nbsp;an.<\/p>\n<p>Hier geht es zum <a href=\"https:\/\/ludgerusschule-herten.de\/wp-content\/uploads\/2019\/10\/T-Shirts-V2.pdf\">Be\u00adstell\u00adfor\u00admu\u00adlar<\/a>.<\/p>\n<\/div>\n\t\t<\/div><\/div><\/div><\/div>","protected":false},"excerpt":{"rendered":"<p>Lie\u00adbe El\u00adtern, an die\u00adser Stel\u00adle er\u00adhal\u00adten Sie ei\u00adnen Ein\u00adblick in un\u00adser Lud\u00adge\u00adrus\u00adle\u00adben, an dem wir Sie ger\u00adne re\u00adgel\u00adm\u00e4\u00ad\u00dfig teil\u00adha\u00adben las\u00adsen. Lie\u00adbe Kin\u00adder, wir w\u00fcn\u00adschen Euch ei\u00adnen gu\u00adten Start in das Schul\u00adjahr 2025\/2026. In die\u00adsem Jahr wer\u00adden wir wie\u00adder neue Sch\u00fc\u00adle\u00adrin\u00adnen und Sch\u00fc\u00adler be\u00adgr\u00fc\u00ad\u00dfen und f\u00fcr ei\u00adni\u00adge von Euch ist es das letz\u00adte Schul\u00adjahr an&nbsp;einer&nbsp;[\u2026]<\/p>\n","protected":false},"author":3,"featured_media":0,"parent":0,"menu_order":0,"comment_status":"closed","ping_status":"closed","template":"","meta":{"wp_typography_post_enhancements_disabled":false},"_links":{"self":[{"href":"https:\/\/ludgerusschule-herten.de\/index.php?rest_route=\/wp\/v2\/pages\/1162"}],"collection":[{"href":"https:\/\/ludgerusschule-herten.de\/index.php?rest_route=\/wp\/v2\/pages"}],"about":[{"href":"https:\/\/ludgerusschule-herten.de\/index.php?rest_route=\/wp\/v2\/types\/page"}],"author":[{"embeddable":true,"href":"https:\/\/ludgerusschule-herten.de\/index.php?rest_route=\/wp\/v2\/users\/3"}],"replies":[{"embeddable":true,"href":"https:\/\/ludgerusschule-herten.de\/index.php?rest_route=%2Fwp%2Fv2%2Fcomments&post=1162"}],"version-history":[{"count":195,"href":"https:\/\/ludgerusschule-herten.de\/index.php?rest_route=\/wp\/v2\/pages\/1162\/revisions"}],"predecessor-version":[{"id":4094,"href":"https:\/\/ludgerusschule-herten.de\/index.php?rest_route=\/wp\/v2\/pages\/1162\/revisions\/4094"}],"wp:attachment":[{"href":"https:\/\/ludgerusschule-herten.de\/index.php?rest_route=%2Fwp%2Fv2%2Fmedia&parent=1162"}],"curies":[{"name":"wp","href":"https:\/\/api.w.org\/{rel}","templated":true}]}}